{"id":1048,"date":"2014-09-23T08:03:18","date_gmt":"2014-09-23T08:03:18","guid":{"rendered":"http:\/\/www.palaestina-verein.de\/wp\/wordpress\/?page_id=1048"},"modified":"2015-01-16T11:18:18","modified_gmt":"2015-01-16T11:18:18","slug":"the-board","status":"publish","type":"page","link":"https:\/\/www.palaestina-verein.de\/wp\/wordpress?page_id=1048&lang=en","title":{"rendered":"The Board"},"content":{"rendered":"<p>The current board consists of the following persons:<\/p>\n<div class=\"staff-member-listing \"><div class=\"staff-member even \">\r\n<div  class='flex_column av-av_one_fifth-2a9015ff38129c418a3f2eafba3e9512 av_one_fifth first flex_column_div  '     ><p> <img decoding=\"async\" class=\"staff-member-photo\" src=\"https:\/\/www.palaestina-verein.de\/wp\/wordpress\/wp-content\/uploads\/kamlah.jpg\" alt=\"Prof. Dr. Jens Kamlah : Vorsitzender, Stellvertretender Schatzmeister\"><\/p><\/div>\r\n <div  class='flex_column av-av_two_fifth-1c47c10d9dd6b9bc0b68f292c1cf5942 av_two_fifth flex_column_div  '     ><p> <strong>Prof. Dr. Jens Kamlah<\/strong><br \/>\nVorsitzender, Stellvertretender Schatzmeister<br \/>\n<a href=\"mailto:j&#101;&#110;s.&#107;a&#109;&#108;ah&#064;&#117;ni-t&#117;eb&#105;ngen&#046;de\" title=\"Email Prof. Dr. Jens Kamlah\">j&#101;&#110;s.&#107;a&#109;&#108;ah&#064;&#117;ni-t&#117;eb&#105;ngen&#046;de<\/a><\/p><\/div>\r\n<div  class='flex_column av-av_two_fifth-1c47c10d9dd6b9bc0b68f292c1cf5942 av_two_fifth flex_column_div  '     ><p> <a title=\"Universit\u00e4t T\u00fcbingen\" href=\"http:\/\/www.uni-tuebingen.de\" target=\"_blank\" rel=\"noopener\">Universit\u00e4t T\u00fcbingen<br \/>\n<\/a>Biblisch-Arch\u00e4ologisches Institut<br \/>\nLiebermeisterstra\u00dfe 12-14<br \/>\nD-72076 T\u00fcbingen<br \/>\nFax: +49\/(0)7071\/29-5433 <\/p><\/div>\r\n<\/div> <!-- Close staff-member --><div class=\"staff-member odd \">\r\n<div  class='flex_column av-av_one_fifth-2a9015ff38129c418a3f2eafba3e9512 av_one_fifth first flex_column_div  '     ><p> <img decoding=\"async\" class=\"staff-member-photo\" src=\"https:\/\/www.palaestina-verein.de\/wp\/wordpress\/wp-content\/uploads\/Bild-Schmidt.jpg\" alt=\"Prof. Dr. Katharina Schmidt : Vorsitzende, Internationale Beziehungen\"><\/p><\/div>\r\n <div  class='flex_column av-av_two_fifth-1c47c10d9dd6b9bc0b68f292c1cf5942 av_two_fifth flex_column_div  '     ><p> <strong>Prof. Dr. Katharina Schmidt<\/strong><br \/>\nVorsitzende, Internationale Beziehungen<br \/>\n<a href=\"mailto:k&#097;th&#097;&#114;&#105;&#110;&#097;s&#099;&#104;&#109;id&#116;&#064;u&#110;&#105;&#045;&#109;&#117;&#101;&#110;st&#101;&#114;&#046;&#100;&#101;\" title=\"Email Prof. Dr. Katharina Schmidt\">k&#097;th&#097;&#114;&#105;&#110;&#097;s&#099;&#104;&#109;id&#116;&#064;u&#110;&#105;&#045;&#109;&#117;&#101;&#110;st&#101;&#114;&#046;&#100;&#101;<\/a><\/p><\/div>\r\n<div  class='flex_column av-av_two_fifth-1c47c10d9dd6b9bc0b68f292c1cf5942 av_two_fifth flex_column_div  '     ><p> <a title=\"Deutsches Evangelisches Institut f\u00fcr Altertumswissenschaft des Heiligen Landes Amman\" href=\"https:\/\/www.deiahl.de\">Universtit\u00e4t M\u00fcnster<\/a><br \/>\nJuniorprofessorin f\u00fcr Biblische Arch\u00e4ologie\/ Arch\u00e4ologie der Levante<br \/>\nAlttestamentliches Seminar<br \/>\nUniversit\u00e4tsstr. 13-17<br \/>\n48143 M\u00fcnster<\/p>\n<p><a href=\"https:\/\/www.dainst.org\">Deutsches Arch\u00e4ologisches Institut<\/a><br \/>\nWissenschaftliche Referentin f\u00fcr Biblische Arch\u00e4ologie\/ Arch\u00e4ologie der Levante<br \/>\nPr\u00e4sidialbereich<br \/>\nPodbielskiallee 69-71<br \/>\n14195 Berlin <\/p><\/div>\r\n<\/div> <!-- Close staff-member --><div class=\"staff-member even \">\r\n<div  class='flex_column av-av_one_fifth-2a9015ff38129c418a3f2eafba3e9512 av_one_fifth first flex_column_div  '     ><p> <img decoding=\"async\" class=\"staff-member-photo\" src=\"https:\/\/www.palaestina-verein.de\/wp\/wordpress\/wp-content\/uploads\/lichtenberger.jpg\" alt=\"Prof. Dr. Achim Lichtenberger : Herausgeber der ZDPV\"><\/p><\/div>\r\n <div  class='flex_column av-av_two_fifth-1c47c10d9dd6b9bc0b68f292c1cf5942 av_two_fifth flex_column_div  '     ><p> <strong>Prof. Dr. Achim Lichtenberger<\/strong><br \/>\nHerausgeber der ZDPV<br \/>\n<a href=\"mailto:&#108;&#105;c&#104;&#116;&#101;nb&#064;u&#110;&#105;&#045;&#109;uen&#115;ter.&#100;e\" title=\"Email Prof. Dr. Achim Lichtenberger\">&#108;&#105;c&#104;&#116;&#101;nb&#064;u&#110;&#105;&#045;&#109;uen&#115;ter.&#100;e<\/a><\/p><\/div>\r\n<div  class='flex_column av-av_two_fifth-1c47c10d9dd6b9bc0b68f292c1cf5942 av_two_fifth flex_column_div  '     ><p> <a href=\"http:\/\/www.uni-muenster.de\">Westf\u00e4lische Wilhelms-Universit\u00e4t M\u00fcnster<\/a><br \/>\nInst. f. Klass. Arch\u00e4ologie und Christl. Arch\u00e4ologie\/Arch\u00e4ologisches Museum<br \/>\nDomplatz 20-22,\u00a0D-48143 M\u00fcnster <\/p><\/div>\r\n<\/div> <!-- Close staff-member --><div class=\"staff-member odd \">\r\n<div  class='flex_column av-av_one_fifth-2a9015ff38129c418a3f2eafba3e9512 av_one_fifth first flex_column_div  '     ><p> <img decoding=\"async\" class=\"staff-member-photo\" src=\"https:\/\/www.palaestina-verein.de\/wp\/wordpress\/wp-content\/uploads\/Pyschny-Katharina-3-von-3-copy.jpg\" alt=\"Prof. Dr. Katharina Pyschny : Herausgeberin der ZDPV, F\u00f6rderung junger WissenschaftlerInnen\"><\/p><\/div>\r\n <div  class='flex_column av-av_two_fifth-1c47c10d9dd6b9bc0b68f292c1cf5942 av_two_fifth flex_column_div  '     ><p> <strong>Prof. Dr. Katharina Pyschny<\/strong><br \/>\nHerausgeberin der ZDPV, F\u00f6rderung junger WissenschaftlerInnen<br \/>\n<a href=\"mailto:&#107;&#097;t&#104;&#097;r&#105;&#110;a.pys&#099;&#104;ny&#064;u&#110;&#105;&#045;g&#114;&#097;z&#046;at\" title=\"Email Prof. Dr. Katharina Pyschny\">&#107;&#097;t&#104;&#097;r&#105;&#110;a.pys&#099;&#104;ny&#064;u&#110;&#105;&#045;g&#114;&#097;z&#046;at<\/a><\/p><\/div>\r\n<div  class='flex_column av-av_two_fifth-1c47c10d9dd6b9bc0b68f292c1cf5942 av_two_fifth flex_column_div  '     ><p> Universit\u00e4t Graz<br \/>\nKatholisch-Theologische Fakult\u00e4t<br \/>\n<a href=\"https:\/\/altes-testament.uni-graz.at\">Institut f\u00fcr Alttestamentliche Bibelwissenschaft<\/a><br \/>\nHeinrichstra\u00dfe 78<br \/>\n8010 Graz, \u00d6sterreich <\/p><\/div>\r\n<\/div> <!-- Close staff-member --><div class=\"staff-member even \">\r\n<div  class='flex_column av-av_one_fifth-2a9015ff38129c418a3f2eafba3e9512 av_one_fifth first flex_column_div  '     ><p> <img decoding=\"async\" class=\"staff-member-photo\" src=\"https:\/\/www.palaestina-verein.de\/wp\/wordpress\/wp-content\/uploads\/MarkusWitte-USA-2019-2-e1637660466588.jpeg\" alt=\"Prof. Dr. Markus Witte : Herausgeber der ZDPV\"><\/p><\/div>\r\n <div  class='flex_column av-av_two_fifth-1c47c10d9dd6b9bc0b68f292c1cf5942 av_two_fifth flex_column_div  '     ><p> <strong>Prof. Dr. Markus Witte<\/strong><br \/>\nHerausgeber der ZDPV<br \/>\n<a href=\"mailto:&#109;&#097;&#114;&#107;&#117;&#115;.&#119;&#105;t&#116;e&#064;hu&#045;b&#101;&#114;li&#110;.&#100;e\" title=\"Email Prof. Dr. Markus Witte\">&#109;&#097;&#114;&#107;&#117;&#115;.&#119;&#105;t&#116;e&#064;hu&#045;b&#101;&#114;li&#110;.&#100;e<\/a><\/p><\/div>\r\n<div  class='flex_column av-av_two_fifth-1c47c10d9dd6b9bc0b68f292c1cf5942 av_two_fifth flex_column_div  '     ><p> <a title=\"Humboldt Universit\u00e4t zu Berlin\" href=\"http:\/\/hu-berlin.de\" target=\"_blank\" rel=\"noopener\">Humboldt Universit\u00e4t zu Berlin<\/a><br \/>\nTheologische Fakult\u00e4t<br \/>\nBurgstrasse 26<br \/>\nD-10178 Berlin<br \/>\nFax: +49\/(0)30\/20935937 <\/p><\/div>\r\n<\/div> <!-- Close staff-member --><div class=\"staff-member odd \">\r\n<div  class='flex_column av-av_one_fifth-2a9015ff38129c418a3f2eafba3e9512 av_one_fifth first flex_column_div  '     ><p> <img decoding=\"async\" class=\"staff-member-photo\" src=\"https:\/\/www.palaestina-verein.de\/wp\/wordpress\/wp-content\/uploads\/gass.png\" alt=\"Prof. Dr. Erasmus Ga\u00df : Herausgeber der ADPV\"><\/p><\/div>\r\n <div  class='flex_column av-av_two_fifth-1c47c10d9dd6b9bc0b68f292c1cf5942 av_two_fifth flex_column_div  '     ><p> <strong>Prof. Dr. Erasmus Ga\u00df<\/strong><br \/>\nHerausgeber der ADPV<br \/>\n<a href=\"mailto:e&#114;asm&#117;&#115;&#046;g&#097;s&#115;&#064;un&#105;-a&#046;&#100;&#101;\" title=\"Email Prof. Dr. Erasmus Ga\u00df\">e&#114;asm&#117;&#115;&#046;g&#097;s&#115;&#064;un&#105;-a&#046;&#100;&#101;<\/a><\/p><\/div>\r\n<div  class='flex_column av-av_two_fifth-1c47c10d9dd6b9bc0b68f292c1cf5942 av_two_fifth flex_column_div  '     ><p> <a href=\"https:\/\/www.uni-augsburg.de\">Universit\u00e4t Augsburg<\/a><br \/>\nLehrstuhl f\u00fcr Alttestamentliche Wissenschaft<br \/>\nUniversit\u00e4tsstra\u00dfe 10<br \/>\nD-86159 Augsburg <\/p><\/div>\r\n<\/div> <!-- Close staff-member --><div class=\"staff-member even \">\r\n<div  class='flex_column av-av_one_fifth-2a9015ff38129c418a3f2eafba3e9512 av_one_fifth first flex_column_div  '     ><p> <img decoding=\"async\" class=\"staff-member-photo\" src=\"https:\/\/www.palaestina-verein.de\/wp\/wordpress\/wp-content\/uploads\/hebert_niehr-e1401885726529.jpg\" alt=\"Prof. Dr. Herbert Niehr : Herausgeber der ADPV\"><\/p><\/div>\r\n <div  class='flex_column av-av_two_fifth-1c47c10d9dd6b9bc0b68f292c1cf5942 av_two_fifth flex_column_div  '     ><p> <strong>Prof. Dr. Herbert Niehr<\/strong><br \/>\nHerausgeber der ADPV<br \/>\n<a href=\"mailto:&#104;e&#114;ber&#116;&#046;ni&#101;&#104;r&#064;&#117;n&#105;-&#116;&#117;&#101;b&#105;nge&#110;.&#100;&#101;\" title=\"Email Prof. Dr. Herbert Niehr\">&#104;e&#114;ber&#116;&#046;ni&#101;&#104;r&#064;&#117;n&#105;-&#116;&#117;&#101;b&#105;nge&#110;.&#100;&#101;<\/a><\/p><\/div>\r\n<div  class='flex_column av-av_two_fifth-1c47c10d9dd6b9bc0b68f292c1cf5942 av_two_fifth flex_column_div  '     ><p> <a title=\"Universit\u00e4t T\u00fcbingen\" href=\"http:\/\/www.uni-tuebingen.de\" target=\"_blank\" rel=\"noopener\">Universit\u00e4t T\u00fcbingen<\/a><br \/>\nKatholisch-Theologische Fakult\u00e4t<br \/>\nLiebermeisterstra\u00dfe 12-14<br \/>\nD-72076 T\u00fcbingen<br \/>\nFax: +49\/(0)7071\/29-2866 <\/p><\/div>\r\n<\/div> <!-- Close staff-member --><div class=\"staff-member odd \">\r\n<div  class='flex_column av-av_one_fifth-2a9015ff38129c418a3f2eafba3e9512 av_one_fifth first flex_column_div  '     ><p> <img decoding=\"async\" class=\"staff-member-photo\" src=\"https:\/\/www.palaestina-verein.de\/wp\/wordpress\/wp-content\/uploads\/michael_niemann-e1401885709886.jpg\" alt=\"Prof. Dr. Hermann Michael Niemann : Herausgeber der ADPV\"><\/p><\/div>\r\n <div  class='flex_column av-av_two_fifth-1c47c10d9dd6b9bc0b68f292c1cf5942 av_two_fifth flex_column_div  '     ><p> <strong>Prof. Dr. Hermann Michael Niemann<\/strong><br \/>\nHerausgeber der ADPV<br \/>\n<a href=\"mailto:h&#109;n&#064;&#117;ni&#045;&#114;&#111;&#115;&#116;&#111;&#099;k&#046;de\" title=\"Email Prof. Dr. Hermann Michael Niemann\">h&#109;n&#064;&#117;ni&#045;&#114;&#111;&#115;&#116;&#111;&#099;k&#046;de<\/a><\/p><\/div>\r\n<div  class='flex_column av-av_two_fifth-1c47c10d9dd6b9bc0b68f292c1cf5942 av_two_fifth flex_column_div  '     ><p> <a title=\"Universit\u00e4t Rostock\" href=\"http:\/\/www.uni-rostock.de\" target=\"_blank\">Universit\u00e4t Rostock<br \/>\n<\/a>Sildemower Weg 18a<br \/>\nD-18059 Rostock <\/p><\/div>\r\n<\/div> <!-- Close staff-member --><div class=\"staff-member even \">\r\n<div  class='flex_column av-av_one_fifth-2a9015ff38129c418a3f2eafba3e9512 av_one_fifth first flex_column_div  '     ><p> <img decoding=\"async\" class=\"staff-member-photo\" src=\"https:\/\/www.palaestina-verein.de\/wp\/wordpress\/wp-content\/uploads\/Schulz_Foto_klein.jpg\" alt=\"Prof. Dr. Sarah Schulz : F\u00f6rderung junger WissenschaftlerInnen\"><\/p><\/div>\r\n <div  class='flex_column av-av_two_fifth-1c47c10d9dd6b9bc0b68f292c1cf5942 av_two_fifth flex_column_div  '     ><p> <strong>Prof. Dr. Sarah Schulz<\/strong><br \/>\nF\u00f6rderung junger WissenschaftlerInnen<br \/>\n<a href=\"mailto:&#115;&#097;r&#097;&#104;.sc&#104;ulz&#064;t&#104;e&#111;lo&#103;i&#101;.&#117;n&#105;-goe&#116;ti&#110;g&#101;n.de\" title=\"Email Prof. Dr. Sarah Schulz\">&#115;&#097;r&#097;&#104;.sc&#104;ulz&#064;t&#104;e&#111;lo&#103;i&#101;.&#117;n&#105;-goe&#116;ti&#110;g&#101;n.de<\/a><\/p><\/div>\r\n<div  class='flex_column av-av_two_fifth-1c47c10d9dd6b9bc0b68f292c1cf5942 av_two_fifth flex_column_div  '     ><p> <a href=\"https:\/\/www.uni-goettingen.de\/\">Georg-August-Universit\u00e4t G\u00f6ttingen<\/a><br \/>\nTheologische Fakult\u00e4t<br \/>\nPlatz der G\u00f6ttinger Sieben 2<br \/>\nD-37073 G\u00f6ttingen <\/p><\/div>\r\n<\/div> <!-- Close staff-member --><div class=\"staff-member odd \">\r\n<div  class='flex_column av-av_one_fifth-2a9015ff38129c418a3f2eafba3e9512 av_one_fifth first flex_column_div  '     ><p> <img decoding=\"async\" class=\"staff-member-photo\" src=\"https:\/\/www.palaestina-verein.de\/wp\/wordpress\/wp-content\/uploads\/photo_2020-08-19_15-42-06.jpg\" alt=\"Prof. Dr. Michael Pietsch : Schatzmeister\"><\/p><\/div>\r\n <div  class='flex_column av-av_two_fifth-1c47c10d9dd6b9bc0b68f292c1cf5942 av_two_fifth flex_column_div  '     ><p> <strong>Prof. Dr. Michael Pietsch<\/strong><br \/>\nSchatzmeister<br \/>\n<a href=\"mailto:mi&#099;h&#097;&#101;l.p&#105;&#101;&#116;s&#099;h&#064;&#097;&#117;gu&#115;tana&#046;&#100;e\" title=\"Email Prof. Dr. Michael Pietsch\">mi&#099;h&#097;&#101;l.p&#105;&#101;&#116;s&#099;h&#064;&#097;&#117;gu&#115;tana&#046;&#100;e<\/a><\/p><\/div>\r\n<div  class='flex_column av-av_two_fifth-1c47c10d9dd6b9bc0b68f292c1cf5942 av_two_fifth flex_column_div  '     ><p> <a title=\"Augustana Hochschule\" href=\"https:\/\/www.augustana.de\">Augustana Hochschule<\/a><br \/>\nWaldstra\u00dfe 11<br \/>\nD-91564 Neuendettelsau <\/p><\/div>\r\n<\/div> <!-- Close staff-member --><div class=\"staff-member even  last\">\r\n<div  class='flex_column av-av_one_fifth-2a9015ff38129c418a3f2eafba3e9512 av_one_fifth first flex_column_div  '     ><p> <img decoding=\"async\" class=\"staff-member-photo\" src=\"https:\/\/www.palaestina-verein.de\/wp\/wordpress\/wp-content\/uploads\/stefan_muenger1.jpg\" alt=\"Prof. Dr. Stefan M\u00fcnger : Homepage und Mitgliederbetreuung\"><\/p><\/div>\r\n <div  class='flex_column av-av_two_fifth-1c47c10d9dd6b9bc0b68f292c1cf5942 av_two_fifth flex_column_div  '     ><p> <strong>Prof. Dr. Stefan M\u00fcnger<\/strong><br \/>\nHomepage und Mitgliederbetreuung<br \/>\n<a href=\"mailto:&#115;t&#101;f&#097;n.m&#117;&#101;nger&#064;u&#110;ib&#101;&#046;c&#104;\" title=\"Email Prof. Dr. Stefan M\u00fcnger\">&#115;t&#101;f&#097;n.m&#117;&#101;nger&#064;u&#110;ib&#101;&#046;c&#104;<\/a><\/p><\/div>\r\n<div  class='flex_column av-av_two_fifth-1c47c10d9dd6b9bc0b68f292c1cf5942 av_two_fifth flex_column_div  '     ><p> <a title=\"Universit\u00e4t Bern\" href=\"http:\/\/www.unibe.ch\">Universit\u00e4t Bern<\/a><br \/>\nInstitut f\u00fcr Judaistik<br \/>\nL\u00e4nggassstrasse 51<br \/>\nCH-3012 Bern <\/p><\/div>\r\n<\/div> <!-- Close staff-member --><\/div> <!-- Close staff-member-listing -->\n","protected":false},"excerpt":{"rendered":"<p>The current board consists of the following persons:<\/p>\n","protected":false},"author":6,"featured_media":0,"parent":1030,"menu_order":0,"comment_status":"closed","ping_status":"closed","template":"","meta":{"_bbp_topic_count":0,"_bbp_reply_count":0,"_bbp_total_topic_count":0,"_bbp_total_reply_count":0,"_bbp_voice_count":0,"_bbp_anonymous_reply_count":0,"_bbp_topic_count_hidden":0,"_bbp_reply_count_hidden":0,"_bbp_forum_subforum_count":0,"footnotes":""},"class_list":["post-1048","page","type-page","status-publish","hentry"],"_links":{"self":[{"href":"https:\/\/www.palaestina-verein.de\/wp\/wordpress\/index.php?rest_route=\/wp\/v2\/pages\/1048","targetHints":{"allow":["GET"]}}],"collection":[{"href":"https:\/\/www.palaestina-verein.de\/wp\/wordpress\/index.php?rest_route=\/wp\/v2\/pages"}],"about":[{"href":"https:\/\/www.palaestina-verein.de\/wp\/wordpress\/index.php?rest_route=\/wp\/v2\/types\/page"}],"author":[{"embeddable":true,"href":"https:\/\/www.palaestina-verein.de\/wp\/wordpress\/index.php?rest_route=\/wp\/v2\/users\/6"}],"replies":[{"embeddable":true,"href":"https:\/\/www.palaestina-verein.de\/wp\/wordpress\/index.php?rest_route=%2Fwp%2Fv2%2Fcomments&post=1048"}],"version-history":[{"count":1,"href":"https:\/\/www.palaestina-verein.de\/wp\/wordpress\/index.php?rest_route=\/wp\/v2\/pages\/1048\/revisions"}],"predecessor-version":[{"id":1049,"href":"https:\/\/www.palaestina-verein.de\/wp\/wordpress\/index.php?rest_route=\/wp\/v2\/pages\/1048\/revisions\/1049"}],"up":[{"embeddable":true,"href":"https:\/\/www.palaestina-verein.de\/wp\/wordpress\/index.php?rest_route=\/wp\/v2\/pages\/1030"}],"wp:attachment":[{"href":"https:\/\/www.palaestina-verein.de\/wp\/wordpress\/index.php?rest_route=%2Fwp%2Fv2%2Fmedia&parent=1048"}],"curies":[{"name":"wp","href":"https:\/\/api.w.org\/{rel}","templated":true}]}}