{"id":469,"date":"2014-08-07T08:41:21","date_gmt":"2014-08-07T08:41:21","guid":{"rendered":"http:\/\/www.palaestina-verein.de\/wp\/wordpress\/?page_id=469"},"modified":"2014-11-28T13:18:43","modified_gmt":"2014-11-28T13:18:43","slug":"abhandlungen-des-deutschen-palaestina-vereins","status":"publish","type":"page","link":"https:\/\/www.palaestina-verein.de\/wp\/wordpress?page_id=469","title":{"rendered":"Abhandlungen des Deutschen Pal\u00e4stina-Vereins"},"content":{"rendered":"<section  class='av_textblock_section av-av_textblock-0366cc7376be6c9e82a3e9cc8987b64f '   itemscope=\"itemscope\" itemtype=\"https:\/\/schema.org\/CreativeWork\" ><div class='avia_textblock'  itemprop=\"text\" ><blockquote>\n<p>Seit 1969 f\u00f6rdert und betreut der Verein die &#8222;Abhandlungen des Deutschen Pal\u00e4stina-Vereins&#8220;, die in unregelm\u00e4\u00dfigen Abst\u00e4nden erscheinen und sich in Form von Monographien mit derselben Thematik wie die Zeitschrift befassen.<\/p>\n<\/blockquote>\n<p>Die &#8222;Abhandlungen&#8220; erscheinen im <a href=\"http:\/\/www.harrassowitz-verlag.de\/index.ahtml\">Harrassowitz Verlag<\/a>, Wiesbaden. Sie k\u00f6nnen \u00fcber den Buchhandel oder \u00fcber die Internet-Seiten des Harrassowitz Verlages bestellt werden.<\/p>\n<\/div><\/section>\n\n<style type=\"text\/css\" data-created_by=\"avia_inline_auto\" id=\"style-css-av-av_hr-5ea7596238ed9f191e6b5e662093052f\">\n#top .hr.hr-invisible.av-av_hr-5ea7596238ed9f191e6b5e662093052f{\nheight:30px;\n}\n<\/style>\n<div  class='hr av-av_hr-5ea7596238ed9f191e6b5e662093052f hr-invisible  avia-builder-el-1  el_after_av_textblock  el_before_av_blog '><span class='hr-inner '><span class=\"hr-inner-style\"><\/span><\/span><\/div>\n<div  class='av-alb-blogposts template-blog  av-blog-meta-author-disabled av-blog-meta-comments-disabled av-blog-meta-category-disabled av-blog-meta-date-disabled av-blog-meta-html-info-disabled av-blog-meta-tag-disabled '  itemscope=\"itemscope\" itemtype=\"https:\/\/schema.org\/Blog\" ><article class=\"post-entry post-entry-type-standard post-entry-4099 post-loop-1 post-parity-odd single-big post  post-4099 portfolio type-portfolio status-publish hentry portfolio_entries-adpv\"  itemscope=\"itemscope\" itemtype=\"https:\/\/schema.org\/CreativeWork\" ><div class=\"blog-meta\"><\/div><div class='entry-content-wrapper clearfix standard-content'><header class=\"entry-content-header\" aria-label=\"Post: ADPV 52\"><div class=\"av-heading-wrapper\"><h2 class='post-title entry-title '  itemprop=\"headline\" ><a href=\"https:\/\/www.palaestina-verein.de\/wp\/wordpress?portfolio=3606-2-2\" rel=\"bookmark\" title=\"Permanenter Link zu: ADPV 52\">ADPV 52<span class=\"post-format-icon minor-meta\"><\/span><\/a><\/h2><span class=\"blog-categories minor-meta\"><a href=\"https:\/\/www.palaestina-verein.de\/wp\/wordpress\/?portfolio_entries=adpv\" rel=\"tag\">ADPV<\/a><\/span><\/div><\/header><span class=\"av-vertical-delimiter\"><\/span><div class=\"entry-content\"  itemprop=\"text\" ><p>Butz, Andreas, <strong>Bir Salem, Nazareth und Chemet Allah. Verbindungen zwischen W\u00fcrttemberg und Pal\u00e4stina anhand dreier Zweigstellen des Syrischen Waisenhauses in Jerusalem 1889\u20131939<\/strong><\/p>\n<p>Das Syrische Waisenhaus in Jerusalem, das 1861 von dem W\u00fcrttemberger Johann Ludwig Schneller begr\u00fcndet worden war, entwickelte sich zu einer der bedeutendsten Bildungseinrichtungen im Orient. Schneller beschr\u00e4nkte sich nicht nur auf die Arbeit dieser Einrichtung, sondern suchte auch nach Perspektiven f\u00fcr die Sch\u00fcler in der Landwirtschaft, um somit auch die Kultivierung Pal\u00e4stinas zu f\u00f6rdern, dem als \u201eHeiligen Land\u201c eine herausgehobene Bedeutung zukam. Diesem Motiv lag die Gr\u00fcndung der Zweigstelle Bir Salem im Jahr 1889 zugrunde. Geplant war der Aufbau einer arabisch-protestantischen b\u00e4uerlichen Ansiedlung. Es kam jedoch anders. Es folgten noch die Zweigstellen Nazareth (1908) und Chemet Allah (1934).<br \/>\nAndreas Butz geht den Entwicklungen dieser Projekte, die mit dem Beginn des Zweiten Weltkrieges ein Ende fanden, anhand zahlreicher Quellen nach. Briefe der meistens w\u00fcrttembergischen Mitarbeiter geben Einblicke in ihre Anschauungen, Erfahrungen, Bewertungen. Pal\u00e4stina erlebte in dieser Zeit, nachdem es jahrhundertelang eine osmanische Provinz gewesen war, eine dynamische Phase seiner Geschichte, in welcher die Lebensweisen, Vorstellungen und Techniken von ans\u00e4ssigen und zuwandernden Gruppen aufeinandertrafen.<\/p>\n<div class=\"read-more-link\"><a href=\"https:\/\/www.palaestina-verein.de\/wp\/wordpress?portfolio=3606-2-2\" class=\"more-link\">Weiterlesen<span class='more-link-arrow avia-svg-icon avia-font-svg_entypo-fontello' data-av_svg_icon='right-open-big' data-av_iconset='svg_entypo-fontello'><svg version=\"1.1\" xmlns=\"http:\/\/www.w3.org\/2000\/svg\" width=\"15\" height=\"32\" viewBox=\"0 0 15 32\" preserveAspectRatio=\"xMidYMid meet\" role=\"graphics-symbol\" aria-hidden=\"true\">\n<path d=\"M0.416 27.84l11.456-11.84-11.456-11.904q-0.832-0.832 0-1.536 0.832-0.832 1.536 0l12.544 12.608q0.768 0.832 0 1.6l-12.544 12.608q-0.704 0.832-1.536 0-0.832-0.704 0-1.536z\"><\/path>\n<\/svg><\/span><\/a><\/div>\n<\/div><span class=\"post-meta-infos\"><\/span><footer class=\"entry-footer\"><\/footer><div class='post_delimiter'><\/div><\/div><div class=\"post_author_timeline\"><\/div><span class='hidden'>\n\t\t\t\t<span class='av-structured-data'  itemprop=\"image\" itemscope=\"itemscope\" itemtype=\"https:\/\/schema.org\/ImageObject\" >\n\t\t\t\t\t\t<span itemprop='url'>https:\/\/www.palaestina-verein.de\/wp\/wordpress\/wp-content\/uploads\/logo-only-map1.png<\/span>\n\t\t\t\t\t\t<span itemprop='height'>0<\/span>\n\t\t\t\t\t\t<span itemprop='width'>0<\/span>\n\t\t\t\t<\/span>\n\t\t\t\t<span class='av-structured-data'  itemprop=\"publisher\" itemtype=\"https:\/\/schema.org\/Organization\" itemscope=\"itemscope\" >\n\t\t\t\t\t\t<span itemprop='name'>Stefan M\u00fcnger<\/span>\n\t\t\t\t\t\t<span itemprop='logo' itemscope itemtype='https:\/\/schema.org\/ImageObject'>\n\t\t\t\t\t\t\t<span itemprop='url'>https:\/\/www.palaestina-verein.de\/wp\/wordpress\/wp-content\/uploads\/logo-only-map1.png<\/span>\n\t\t\t\t\t\t<\/span>\n\t\t\t\t<\/span><span class='av-structured-data'  itemprop=\"author\" itemscope=\"itemscope\" itemtype=\"https:\/\/schema.org\/Person\" ><span itemprop='name'>Stefan M\u00fcnger<\/span><\/span><span class='av-structured-data'  itemprop=\"datePublished\" datetime=\"2025-01-07T16:48:56+00:00\" >2025-01-07 16:48:56<\/span><span class='av-structured-data'  itemprop=\"dateModified\" itemtype=\"https:\/\/schema.org\/dateModified\" >2025-01-07 16:51:12<\/span><span class='av-structured-data'  itemprop=\"mainEntityOfPage\" itemtype=\"https:\/\/schema.org\/mainEntityOfPage\" ><span itemprop='name'>ADPV 52<\/span><\/span><\/span><\/article><article class=\"post-entry post-entry-type-standard post-entry-4081 post-loop-2 post-parity-even single-big post  post-4081 portfolio type-portfolio status-publish hentry portfolio_entries-adpv\"  itemscope=\"itemscope\" itemtype=\"https:\/\/schema.org\/CreativeWork\" ><div class=\"blog-meta\"><\/div><div class='entry-content-wrapper clearfix standard-content'><header class=\"entry-content-header\" aria-label=\"Post: ADPV 50\"><div class=\"av-heading-wrapper\"><h2 class='post-title entry-title '  itemprop=\"headline\" ><a href=\"https:\/\/www.palaestina-verein.de\/wp\/wordpress?portfolio=3606-2\" rel=\"bookmark\" title=\"Permanenter Link zu: ADPV 50\">ADPV 50<span class=\"post-format-icon minor-meta\"><\/span><\/a><\/h2><span class=\"blog-categories minor-meta\"><a href=\"https:\/\/www.palaestina-verein.de\/wp\/wordpress\/?portfolio_entries=adpv\" rel=\"tag\">ADPV<\/a><\/span><\/div><\/header><span class=\"av-vertical-delimiter\"><\/span><div class=\"entry-content\"  itemprop=\"text\" ><p>Hans Eberhard Mayer, <strong>Die Kreuzfahrerherrschaften Beirut und Blanchegarde<\/strong><\/p>\n<p>Beirut im Libanon stand in der Kreuzzugszeit von der Eroberung 1110 durch die Kreuzfahrer bis zum endg\u00fcltigen Fall 1291 unter christlicher Herrschaft. Anf\u00e4nglich war es eine Kastellanie, ab ca. 1125 eine Seigneurie des Kreuzfahrerk\u00f6nigreichs Jerusalem unter der Familie Brise\u00adbarre, unterbrochen nur 1187\u20131197 von einem muslimischen Zwischenspiel. Es gibt dazu einen einzigen Aufsatz von 1949, der nur das 12. Jahrhundert behandelt. Um 1165 vertrieb der K\u00f6nig die Brisebarre aus Beirut. Nach einem Zwischenspiel \u00f6stlich des Jordan wurden sie abgefunden mit der winzigen Herrschaft Blanchegarde im Philisterland. Als 1187 das ganze Reich an Sultan Saladin verloren ging, kapitulierte auch Beirut. Erst 1197 konnten deutsche Kreuzfahrer die Stadt zur\u00fcckgewinnen. Um 1205 wurde dort die Familie Ibelin installiert, die in m\u00e4nnlicher Linie bis 1265, in weiblicher bis 1291 herrschte. Am Ende verk\u00fcmmerte die Seigneurie zu einem mamlukischen Pro\u00adtektorat bis zur Kapitulation von 1291, die Beirut auf Dauer den Mamluken auslieferte.<br \/>\nHans Eberhard Mayer stellt in seiner Studie ausf\u00fchrlich die politische Geschichte der Kreuzfahrerherrschaften Beirut und Blanchegarde dar. Zudem werden auch die Struktur der Seigneurie, Handel und Wirtschaft sowie kirchliche Einzelprobleme behandelt.<\/p>\n<div class=\"read-more-link\"><a href=\"https:\/\/www.palaestina-verein.de\/wp\/wordpress?portfolio=3606-2\" class=\"more-link\">Weiterlesen<span class='more-link-arrow avia-svg-icon avia-font-svg_entypo-fontello' data-av_svg_icon='right-open-big' data-av_iconset='svg_entypo-fontello'><svg version=\"1.1\" xmlns=\"http:\/\/www.w3.org\/2000\/svg\" width=\"15\" height=\"32\" viewBox=\"0 0 15 32\" preserveAspectRatio=\"xMidYMid meet\" role=\"graphics-symbol\" aria-hidden=\"true\">\n<path d=\"M0.416 27.84l11.456-11.84-11.456-11.904q-0.832-0.832 0-1.536 0.832-0.832 1.536 0l12.544 12.608q0.768 0.832 0 1.6l-12.544 12.608q-0.704 0.832-1.536 0-0.832-0.704 0-1.536z\"><\/path>\n<\/svg><\/span><\/a><\/div>\n<\/div><span class=\"post-meta-infos\"><\/span><footer class=\"entry-footer\"><\/footer><div class='post_delimiter'><\/div><\/div><div class=\"post_author_timeline\"><\/div><span class='hidden'>\n\t\t\t\t<span class='av-structured-data'  itemprop=\"image\" itemscope=\"itemscope\" itemtype=\"https:\/\/schema.org\/ImageObject\" >\n\t\t\t\t\t\t<span itemprop='url'>https:\/\/www.palaestina-verein.de\/wp\/wordpress\/wp-content\/uploads\/logo-only-map1.png<\/span>\n\t\t\t\t\t\t<span itemprop='height'>0<\/span>\n\t\t\t\t\t\t<span itemprop='width'>0<\/span>\n\t\t\t\t<\/span>\n\t\t\t\t<span class='av-structured-data'  itemprop=\"publisher\" itemtype=\"https:\/\/schema.org\/Organization\" itemscope=\"itemscope\" >\n\t\t\t\t\t\t<span itemprop='name'>Stefan M\u00fcnger<\/span>\n\t\t\t\t\t\t<span itemprop='logo' itemscope itemtype='https:\/\/schema.org\/ImageObject'>\n\t\t\t\t\t\t\t<span itemprop='url'>https:\/\/www.palaestina-verein.de\/wp\/wordpress\/wp-content\/uploads\/logo-only-map1.png<\/span>\n\t\t\t\t\t\t<\/span>\n\t\t\t\t<\/span><span class='av-structured-data'  itemprop=\"author\" itemscope=\"itemscope\" itemtype=\"https:\/\/schema.org\/Person\" ><span itemprop='name'>Stefan M\u00fcnger<\/span><\/span><span class='av-structured-data'  itemprop=\"datePublished\" datetime=\"2025-01-07T16:21:54+00:00\" >2025-01-07 16:21:54<\/span><span class='av-structured-data'  itemprop=\"dateModified\" itemtype=\"https:\/\/schema.org\/dateModified\" >2025-01-07 16:50:24<\/span><span class='av-structured-data'  itemprop=\"mainEntityOfPage\" itemtype=\"https:\/\/schema.org\/mainEntityOfPage\" ><span itemprop='name'>ADPV 50<\/span><\/span><\/span><\/article><article class=\"post-entry post-entry-type-standard post-entry-3754 post-loop-3 post-parity-odd single-big post  post-3754 portfolio type-portfolio status-publish hentry portfolio_entries-adpv\"  itemscope=\"itemscope\" itemtype=\"https:\/\/schema.org\/CreativeWork\" ><div class=\"blog-meta\"><\/div><div class='entry-content-wrapper clearfix standard-content'><header class=\"entry-content-header\" aria-label=\"Post: ADPV 49\"><div class=\"av-heading-wrapper\"><h2 class='post-title entry-title '  itemprop=\"headline\" ><a href=\"https:\/\/www.palaestina-verein.de\/wp\/wordpress?portfolio=3754\" rel=\"bookmark\" title=\"Permanenter Link zu: ADPV 49\">ADPV 49<span class=\"post-format-icon minor-meta\"><\/span><\/a><\/h2><span class=\"blog-categories minor-meta\"><a href=\"https:\/\/www.palaestina-verein.de\/wp\/wordpress\/?portfolio_entries=adpv\" rel=\"tag\">ADPV<\/a><\/span><\/div><\/header><span class=\"av-vertical-delimiter\"><\/span><div class=\"entry-content\"  itemprop=\"text\" ><p>Jens Kamlah and Markus Witte (eds.), <strong>Temples, Synagogues, Churches, and Mosques. Sacred Architecture in Palestine from the Bronze Age to Medieval Times<\/strong><\/p>\n<p>The construction of sacred spaces has been shaped throughout millennia by the idea of a divine presence within the realm of human life. In the course of time, manifold and diverse architectural forms have been developed to express the idea of a divine presence at a particular place and to make it tangible there. Thus, religious architecture aims to enable a local and multi-dimensional encounter with the sacred.<br \/>\nThis volume provides thirteen contributions on temples, synagogues, churches, and mosques from ancient Palestine. These papers show developments within the Southern Levant, from the Early Bronze Age to the Late Islamic periods, related to the construction, use, and abandonment of religious buildings. The main architectural forms of the buildings in the different epochs are highlighted, as well as the continuities and discontinuities of diachronic developments. Symbolic, ideological, and social conceptions of sacred buildings are considered, as well as their communicative, representative, and regional aspects.<br \/>\nNumerous plans, drawings, and photographs of the architectural remains and of individual elements (altars, benches, mosaics, columns) serve to illustrate the religious buildings discussed in this volume. A total of twenty-six color plates add to the volume\u2019s illustrations.<\/p>\n<div class=\"read-more-link\"><a href=\"https:\/\/www.palaestina-verein.de\/wp\/wordpress?portfolio=3754\" class=\"more-link\">Weiterlesen<span class='more-link-arrow avia-svg-icon avia-font-svg_entypo-fontello' data-av_svg_icon='right-open-big' data-av_iconset='svg_entypo-fontello'><svg version=\"1.1\" xmlns=\"http:\/\/www.w3.org\/2000\/svg\" width=\"15\" height=\"32\" viewBox=\"0 0 15 32\" preserveAspectRatio=\"xMidYMid meet\" role=\"graphics-symbol\" aria-hidden=\"true\">\n<path d=\"M0.416 27.84l11.456-11.84-11.456-11.904q-0.832-0.832 0-1.536 0.832-0.832 1.536 0l12.544 12.608q0.768 0.832 0 1.6l-12.544 12.608q-0.704 0.832-1.536 0-0.832-0.704 0-1.536z\"><\/path>\n<\/svg><\/span><\/a><\/div>\n<\/div><span class=\"post-meta-infos\"><\/span><footer class=\"entry-footer\"><\/footer><div class='post_delimiter'><\/div><\/div><div class=\"post_author_timeline\"><\/div><span class='hidden'>\n\t\t\t\t<span class='av-structured-data'  itemprop=\"image\" itemscope=\"itemscope\" itemtype=\"https:\/\/schema.org\/ImageObject\" >\n\t\t\t\t\t\t<span itemprop='url'>https:\/\/www.palaestina-verein.de\/wp\/wordpress\/wp-content\/uploads\/logo-only-map1.png<\/span>\n\t\t\t\t\t\t<span itemprop='height'>0<\/span>\n\t\t\t\t\t\t<span itemprop='width'>0<\/span>\n\t\t\t\t<\/span>\n\t\t\t\t<span class='av-structured-data'  itemprop=\"publisher\" itemtype=\"https:\/\/schema.org\/Organization\" itemscope=\"itemscope\" >\n\t\t\t\t\t\t<span itemprop='name'>Stefan M\u00fcnger<\/span>\n\t\t\t\t\t\t<span itemprop='logo' itemscope itemtype='https:\/\/schema.org\/ImageObject'>\n\t\t\t\t\t\t\t<span itemprop='url'>https:\/\/www.palaestina-verein.de\/wp\/wordpress\/wp-content\/uploads\/logo-only-map1.png<\/span>\n\t\t\t\t\t\t<\/span>\n\t\t\t\t<\/span><span class='av-structured-data'  itemprop=\"author\" itemscope=\"itemscope\" itemtype=\"https:\/\/schema.org\/Person\" ><span itemprop='name'>Stefan M\u00fcnger<\/span><\/span><span class='av-structured-data'  itemprop=\"datePublished\" datetime=\"2023-12-15T16:27:15+00:00\" >2023-12-15 16:27:15<\/span><span class='av-structured-data'  itemprop=\"dateModified\" itemtype=\"https:\/\/schema.org\/dateModified\" >2025-01-07 16:29:50<\/span><span class='av-structured-data'  itemprop=\"mainEntityOfPage\" itemtype=\"https:\/\/schema.org\/mainEntityOfPage\" ><span itemprop='name'>ADPV 49<\/span><\/span><\/span><\/article><article class=\"post-entry post-entry-type-standard post-entry-3606 post-loop-4 post-parity-even single-big post  post-3606 portfolio type-portfolio status-publish hentry portfolio_entries-adpv\"  itemscope=\"itemscope\" itemtype=\"https:\/\/schema.org\/CreativeWork\" ><div class=\"blog-meta\"><\/div><div class='entry-content-wrapper clearfix standard-content'><header class=\"entry-content-header\" aria-label=\"Post: ADPV 51\"><div class=\"av-heading-wrapper\"><h2 class='post-title entry-title '  itemprop=\"headline\" ><a href=\"https:\/\/www.palaestina-verein.de\/wp\/wordpress?portfolio=3606\" rel=\"bookmark\" title=\"Permanenter Link zu: ADPV 51\">ADPV 51<span class=\"post-format-icon minor-meta\"><\/span><\/a><\/h2><span class=\"blog-categories minor-meta\"><a href=\"https:\/\/www.palaestina-verein.de\/wp\/wordpress\/?portfolio_entries=adpv\" rel=\"tag\">ADPV<\/a><\/span><\/div><\/header><span class=\"av-vertical-delimiter\"><\/span><div class=\"entry-content\"  itemprop=\"text\" ><p>Herbert Niehr und Thomas R\u00f6mer (Hgg.), <strong>Nouvelles Recherches autour de la St\u00e8le de M\u00e9sha. Neue Forschungen zur Mescha-Stele<\/strong>. Kolloquium des Coll\u00e8ge de France, des Mus\u00e9e du Louvre und des Deutschen Vereins zur Erforschung Pal\u00e4sinas anl\u00e4sslich der 150. Wiederkehr der Entdeckung der Mescha-Stele, 2. und 3. Oktober 2018, Coll\u00e8ge de France, Paris<\/p>\n<p>Als im August 1868 dem Els\u00e4sser F.A. Klein als erstem Europ\u00e4er im ostjordanischen Dhiban die Stele mit der Inschrift des moabitischen K\u00f6nigs Mescha (ca. 853-810 v. Chr.) gezeigt wurde, konnte er nicht absehen, in welchem Ausma\u00df dieser Fund und seine Auswertung die Erforschung der Levante des 9. Jh. v. Chr. und des Alten Testaments bis zum heutigen Tage voranbringen sollte. Von allen Inschriften in moabitischer Sprache ist die Mescha-Inschrift immer noch die umfangreichste, weshalb Ernest Renan sie bereits im 19. Jh. als &#8222;La reine de toutes les inscriptions s\u00e9mitiques&#8220; bezeichnete.<\/p>\n<div class=\"read-more-link\"><a href=\"https:\/\/www.palaestina-verein.de\/wp\/wordpress?portfolio=3606\" class=\"more-link\">Weiterlesen<span class='more-link-arrow avia-svg-icon avia-font-svg_entypo-fontello' data-av_svg_icon='right-open-big' data-av_iconset='svg_entypo-fontello'><svg version=\"1.1\" xmlns=\"http:\/\/www.w3.org\/2000\/svg\" width=\"15\" height=\"32\" viewBox=\"0 0 15 32\" preserveAspectRatio=\"xMidYMid meet\" role=\"graphics-symbol\" aria-hidden=\"true\">\n<path d=\"M0.416 27.84l11.456-11.84-11.456-11.904q-0.832-0.832 0-1.536 0.832-0.832 1.536 0l12.544 12.608q0.768 0.832 0 1.6l-12.544 12.608q-0.704 0.832-1.536 0-0.832-0.704 0-1.536z\"><\/path>\n<\/svg><\/span><\/a><\/div>\n<\/div><span class=\"post-meta-infos\"><\/span><footer class=\"entry-footer\"><\/footer><div class='post_delimiter'><\/div><\/div><div class=\"post_author_timeline\"><\/div><span class='hidden'>\n\t\t\t\t<span class='av-structured-data'  itemprop=\"image\" itemscope=\"itemscope\" itemtype=\"https:\/\/schema.org\/ImageObject\" >\n\t\t\t\t\t\t<span itemprop='url'>https:\/\/www.palaestina-verein.de\/wp\/wordpress\/wp-content\/uploads\/logo-only-map1.png<\/span>\n\t\t\t\t\t\t<span itemprop='height'>0<\/span>\n\t\t\t\t\t\t<span itemprop='width'>0<\/span>\n\t\t\t\t<\/span>\n\t\t\t\t<span class='av-structured-data'  itemprop=\"publisher\" itemtype=\"https:\/\/schema.org\/Organization\" itemscope=\"itemscope\" >\n\t\t\t\t\t\t<span itemprop='name'>Stefan M\u00fcnger<\/span>\n\t\t\t\t\t\t<span itemprop='logo' itemscope itemtype='https:\/\/schema.org\/ImageObject'>\n\t\t\t\t\t\t\t<span itemprop='url'>https:\/\/www.palaestina-verein.de\/wp\/wordpress\/wp-content\/uploads\/logo-only-map1.png<\/span>\n\t\t\t\t\t\t<\/span>\n\t\t\t\t<\/span><span class='av-structured-data'  itemprop=\"author\" itemscope=\"itemscope\" itemtype=\"https:\/\/schema.org\/Person\" ><span itemprop='name'>Stefan M\u00fcnger<\/span><\/span><span class='av-structured-data'  itemprop=\"datePublished\" datetime=\"2022-03-28T15:36:19+00:00\" >2022-03-28 15:36:19<\/span><span class='av-structured-data'  itemprop=\"dateModified\" itemtype=\"https:\/\/schema.org\/dateModified\" >2025-01-07 15:50:02<\/span><span class='av-structured-data'  itemprop=\"mainEntityOfPage\" itemtype=\"https:\/\/schema.org\/mainEntityOfPage\" ><span itemprop='name'>ADPV 51<\/span><\/span><\/span><\/article><article class=\"post-entry post-entry-type-standard post-entry-3406 post-loop-5 post-parity-odd post-entry-last single-big post  post-3406 portfolio type-portfolio status-publish hentry portfolio_entries-adpv\"  itemscope=\"itemscope\" itemtype=\"https:\/\/schema.org\/CreativeWork\" ><div class=\"blog-meta\"><\/div><div class='entry-content-wrapper clearfix standard-content'><header class=\"entry-content-header\" aria-label=\"Post: ADPV 45\/1\"><div class=\"av-heading-wrapper\"><h2 class='post-title entry-title '  itemprop=\"headline\" ><a href=\"https:\/\/www.palaestina-verein.de\/wp\/wordpress?portfolio=adpv-45-1\" rel=\"bookmark\" title=\"Permanenter Link zu: ADPV 45\/1\">ADPV 45\/1<span class=\"post-format-icon minor-meta\"><\/span><\/a><\/h2><span class=\"blog-categories minor-meta\"><a href=\"https:\/\/www.palaestina-verein.de\/wp\/wordpress\/?portfolio_entries=adpv\" rel=\"tag\">ADPV<\/a><\/span><\/div><\/header><span class=\"av-vertical-delimiter\"><\/span><div class=\"entry-content\"  itemprop=\"text\" ><p>Jens Kamlah and H\u00e9l\u00e8ne Sader (eds.). <strong>Tell el-Burak I. The Middle Bronze Age. With Chapters Related to the Site and to the Mamluk-Ottoman Periods<\/strong>.<\/p>\n<p>A unique Monumental Building dating to the early part of the Middle Bronze Age (ca. 1900\u20131700 BCE) was uncovered at the southern Lebanese coast by the joint Lebanese-German excavation project at Tell el-Burak. The impressive architecture of the building was exposed in eight excavation seasons during the years 2001\u20132011. Inside the largest room of the Monumental Building (Room 10) the excavations brought to light the discovery of Middle Bronze Age mural paintings in situ on lime plaster covering the inner faces of the mud-brick walls. This volume consists of the final publication of all excavation results concerning the Middle Bronze Age at Tell el- Burak (Area 1 and Area 2). It furthermore includes an introduction to the joint Lebanese-German excavation project, chapters relating to the site, and the final publication of the excavated remains of the Mamluk-Ottoman Periods in Area 1. The Tell el-Burak publication series will be continued within the ADPV series by volumes presenting the Iron Age results of the Lebanese-German excavation project.<\/p>\n<div class=\"read-more-link\"><a href=\"https:\/\/www.palaestina-verein.de\/wp\/wordpress?portfolio=adpv-45-1\" class=\"more-link\">Weiterlesen<span class='more-link-arrow avia-svg-icon avia-font-svg_entypo-fontello' data-av_svg_icon='right-open-big' data-av_iconset='svg_entypo-fontello'><svg version=\"1.1\" xmlns=\"http:\/\/www.w3.org\/2000\/svg\" width=\"15\" height=\"32\" viewBox=\"0 0 15 32\" preserveAspectRatio=\"xMidYMid meet\" role=\"graphics-symbol\" aria-hidden=\"true\">\n<path d=\"M0.416 27.84l11.456-11.84-11.456-11.904q-0.832-0.832 0-1.536 0.832-0.832 1.536 0l12.544 12.608q0.768 0.832 0 1.6l-12.544 12.608q-0.704 0.832-1.536 0-0.832-0.704 0-1.536z\"><\/path>\n<\/svg><\/span><\/a><\/div>\n<\/div><span class=\"post-meta-infos\"><\/span><footer class=\"entry-footer\"><\/footer><div class='post_delimiter'><\/div><\/div><div class=\"post_author_timeline\"><\/div><span class='hidden'>\n\t\t\t\t<span class='av-structured-data'  itemprop=\"image\" itemscope=\"itemscope\" itemtype=\"https:\/\/schema.org\/ImageObject\" >\n\t\t\t\t\t\t<span itemprop='url'>https:\/\/www.palaestina-verein.de\/wp\/wordpress\/wp-content\/uploads\/logo-only-map1.png<\/span>\n\t\t\t\t\t\t<span itemprop='height'>0<\/span>\n\t\t\t\t\t\t<span itemprop='width'>0<\/span>\n\t\t\t\t<\/span>\n\t\t\t\t<span class='av-structured-data'  itemprop=\"publisher\" itemtype=\"https:\/\/schema.org\/Organization\" itemscope=\"itemscope\" >\n\t\t\t\t\t\t<span itemprop='name'>Stefan M\u00fcnger<\/span>\n\t\t\t\t\t\t<span itemprop='logo' itemscope itemtype='https:\/\/schema.org\/ImageObject'>\n\t\t\t\t\t\t\t<span itemprop='url'>https:\/\/www.palaestina-verein.de\/wp\/wordpress\/wp-content\/uploads\/logo-only-map1.png<\/span>\n\t\t\t\t\t\t<\/span>\n\t\t\t\t<\/span><span class='av-structured-data'  itemprop=\"author\" itemscope=\"itemscope\" itemtype=\"https:\/\/schema.org\/Person\" ><span itemprop='name'>Stefan M\u00fcnger<\/span><\/span><span class='av-structured-data'  itemprop=\"datePublished\" datetime=\"2019-09-29T10:49:22+00:00\" >2019-09-29 10:49:22<\/span><span class='av-structured-data'  itemprop=\"dateModified\" itemtype=\"https:\/\/schema.org\/dateModified\" >2025-01-07 16:40:22<\/span><span class='av-structured-data'  itemprop=\"mainEntityOfPage\" itemtype=\"https:\/\/schema.org\/mainEntityOfPage\" ><span itemprop='name'>ADPV 45\/1<\/span><\/span><\/span><\/article><\/div>\n<section  class='av_textblock_section av-av_textblock-0366cc7376be6c9e82a3e9cc8987b64f '   itemscope=\"itemscope\" itemtype=\"https:\/\/schema.org\/CreativeWork\" ><div class='avia_textblock'  itemprop=\"text\" ><h3>Fr\u00fcher erschienene Abhandlungen<\/h3>\n<\/div><\/section>\n<div  data-slideshow-options=\"{&quot;animation&quot;:&quot;fade&quot;,&quot;autoplay&quot;:false,&quot;loop_autoplay&quot;:&quot;once&quot;,&quot;interval&quot;:5,&quot;loop_manual&quot;:&quot;manual-endless&quot;,&quot;autoplay_stopper&quot;:false,&quot;noNavigation&quot;:false,&quot;show_slide_delay&quot;:90}\" class='avia-content-slider avia-content-grid-active avia-content-slider1 avia-content-slider-odd  av-slideshow-ui av-control-default   av-no-slider-navigation av-slideshow-manual av-loop-once av-loop-manual-endless '  itemscope=\"itemscope\" itemtype=\"https:\/\/schema.org\/Blog\" ><div class=\"avia-content-slider-inner\"><div class=\"slide-entry-wrap\"><article class='slide-entry flex_column  post-entry post-entry-3163 slide-entry-overview slide-loop-1 slide-parity-odd  av_one_third first fake-thumbnail posttype-portfolio post-format-standard'  itemscope=\"itemscope\" itemtype=\"https:\/\/schema.org\/CreativeWork\" ><a href='https:\/\/www.palaestina-verein.de\/wp\/wordpress?portfolio=adpv-46' data-rel='slide-1' class='slide-image' title='ADPV 46'><span class='fallback-post-type-icon avia-svg-icon avia-font-svg_entypo-fontello' data-av_svg_icon='pencil' data-av_iconset='svg_entypo-fontello'><svg version=\"1.1\" xmlns=\"http:\/\/www.w3.org\/2000\/svg\" width=\"25\" height=\"32\" viewBox=\"0 0 25 32\" preserveAspectRatio=\"xMidYMid meet\" role=\"graphics-symbol\" aria-hidden=\"true\">\n<path d=\"M22.976 5.44q1.024 1.024 1.504 2.048t0.48 1.536v0.512l-8.064 8.064-9.28 9.216-7.616 1.664 1.6-7.68 9.28-9.216 8.064-8.064q1.728-0.384 4.032 1.92zM7.168 25.92l0.768-0.768q-0.064-1.408-1.664-3.008-0.704-0.704-1.44-1.12t-1.12-0.416l-0.448-0.064-0.704 0.768-0.576 2.56q0.896 0.512 1.472 1.088 0.768 0.768 1.152 1.536z\"><\/path>\n<\/svg><\/span><span class='slider-fallback-image'><\/span><\/a><div class=\"slide-content\"><header class=\"entry-content-header\" aria-label=\"Slide: ADPV 46\"><h3 class='slide-entry-title entry-title '  itemprop=\"headline\" ><a href='https:\/\/www.palaestina-verein.de\/wp\/wordpress?portfolio=adpv-46' title='ADPV 46'>ADPV 46<\/a><\/h3><span class=\"blog-categories minor-meta\"><a href=\"https:\/\/www.palaestina-verein.de\/wp\/wordpress\/?portfolio_entries=adpv\" rel=\"tag\">ADPV<\/a> <\/span><span class=\"av-vertical-delimiter\"><\/span><\/header><div class='slide-entry-excerpt entry-content'  itemprop=\"text\" >Jens Kamlah, Rolf Sch\u00e4fer und Markus Witte (Hgg.)\r\n\r\nZauber und Magie im antiken Pal\u00e4stina und seiner Umwelt\r\nZauber und Magie bilden im Alten Orient wesentliche Bestandteile der Lebensbew\u00e4ltigung und der Lebensdeutung. So finden sich in den Kulturen \u00c4gyptens, Kleinasiens, Mesopotamiens und Syrien-Pal\u00e4stinas vielf\u00e4ltige Rituale zur Abwehr lebensbedrohlicher Gr\u00f6\u00dfen und zur Sicherung lebenserhaltender Kr\u00e4fte.\r\n\r\nDer vorliegende Sammelband bietet eine \u00dcbersicht \u00fcber magische Texte von einzelnen Beschw\u00f6rungen auf Amuletten bis hin zu ausgef\u00fchrten literarischen Sammlungen sowie \u00fcber arch\u00e4ologische Befunde von \u00e4gyptischen Skarab\u00e4en aus der Sp\u00e4tbronzezeit bis hin zu aram\u00e4ischen Zauberschalen aus der Sp\u00e4tantike und der fr\u00fchislamischen Zeit. Ein Schwerpunkt des Bandes liegt auf der Interpretation von Zauber und Magie in biblischen Texten. Dabei wird in den einzelnen Aufs\u00e4tzen auch das grunds\u00e4tzliche Verh\u00e4ltnis von Magie und Religion thematisiert. Klassifikationen magischer Artefakte und magischer Ph\u00e4nomene, die den jeweiligen Kulturen angemessen ist, werden ebenso vorgestellt wie Fragen zum Verh\u00e4ltnis zwischen schriftlicher und m\u00fcndlicher \u00dcberlieferung magischer Rituale oder zur interkulturellen Bedeutung von Magie.<div class=\"read-more-link\"><a href=\"https:\/\/www.palaestina-verein.de\/wp\/wordpress?portfolio=adpv-46\" class=\"more-link\">Weiterlesen<span class='more-link-arrow avia-svg-icon avia-font-svg_entypo-fontello' data-av_svg_icon='right-open-big' data-av_iconset='svg_entypo-fontello'><svg version=\"1.1\" xmlns=\"http:\/\/www.w3.org\/2000\/svg\" width=\"15\" height=\"32\" viewBox=\"0 0 15 32\" preserveAspectRatio=\"xMidYMid meet\" role=\"graphics-symbol\" aria-hidden=\"true\">\n<path d=\"M0.416 27.84l11.456-11.84-11.456-11.904q-0.832-0.832 0-1.536 0.832-0.832 1.536 0l12.544 12.608q0.768 0.832 0 1.6l-12.544 12.608q-0.704 0.832-1.536 0-0.832-0.704 0-1.536z\"><\/path>\n<\/svg><\/span><\/a><\/div><\/div><\/div><footer class=\"entry-footer\"><div class=\"slide-meta\"><time class='slide-meta-time updated'  itemprop=\"datePublished\" datetime=\"2017-10-29T11:55:28+00:00\" >GMT+0000GMT+0000\/Okt.Okt.\/JJJJ<\/time><\/div><\/footer><span class='hidden'>\n\t\t\t\t<span class='av-structured-data'  itemprop=\"image\" itemscope=\"itemscope\" itemtype=\"https:\/\/schema.org\/ImageObject\" >\n\t\t\t\t\t\t<span itemprop='url'>https:\/\/www.palaestina-verein.de\/wp\/wordpress\/wp-content\/uploads\/logo-only-map1.png<\/span>\n\t\t\t\t\t\t<span itemprop='height'>0<\/span>\n\t\t\t\t\t\t<span itemprop='width'>0<\/span>\n\t\t\t\t<\/span>\n\t\t\t\t<span class='av-structured-data'  itemprop=\"publisher\" itemtype=\"https:\/\/schema.org\/Organization\" itemscope=\"itemscope\" >\n\t\t\t\t\t\t<span itemprop='name'>Stefan M\u00fcnger<\/span>\n\t\t\t\t\t\t<span itemprop='logo' itemscope itemtype='https:\/\/schema.org\/ImageObject'>\n\t\t\t\t\t\t\t<span itemprop='url'>https:\/\/www.palaestina-verein.de\/wp\/wordpress\/wp-content\/uploads\/logo-only-map1.png<\/span>\n\t\t\t\t\t\t<\/span>\n\t\t\t\t<\/span><span class='av-structured-data'  itemprop=\"author\" itemscope=\"itemscope\" itemtype=\"https:\/\/schema.org\/Person\" ><span itemprop='name'>Stefan M\u00fcnger<\/span><\/span><span class='av-structured-data'  itemprop=\"datePublished\" datetime=\"2019-09-29T10:49:22+00:00\" >2017-10-29 11:55:28<\/span><span class='av-structured-data'  itemprop=\"dateModified\" itemtype=\"https:\/\/schema.org\/dateModified\" >2022-03-28 15:52:45<\/span><span class='av-structured-data'  itemprop=\"mainEntityOfPage\" itemtype=\"https:\/\/schema.org\/mainEntityOfPage\" ><span itemprop='name'>ADPV 46<\/span><\/span><\/span><\/article><article class='slide-entry flex_column  post-entry post-entry-3104 slide-entry-overview slide-loop-2 slide-parity-even  av_one_third  fake-thumbnail posttype-portfolio post-format-standard'  itemscope=\"itemscope\" itemtype=\"https:\/\/schema.org\/CreativeWork\" ><a href='https:\/\/www.palaestina-verein.de\/wp\/wordpress?portfolio=adpv-47' data-rel='slide-1' class='slide-image' title='ADPV 47'><span class='fallback-post-type-icon avia-svg-icon avia-font-svg_entypo-fontello' data-av_svg_icon='pencil' data-av_iconset='svg_entypo-fontello'><svg version=\"1.1\" xmlns=\"http:\/\/www.w3.org\/2000\/svg\" width=\"25\" height=\"32\" viewBox=\"0 0 25 32\" preserveAspectRatio=\"xMidYMid meet\" role=\"graphics-symbol\" aria-hidden=\"true\">\n<path d=\"M22.976 5.44q1.024 1.024 1.504 2.048t0.48 1.536v0.512l-8.064 8.064-9.28 9.216-7.616 1.664 1.6-7.68 9.28-9.216 8.064-8.064q1.728-0.384 4.032 1.92zM7.168 25.92l0.768-0.768q-0.064-1.408-1.664-3.008-0.704-0.704-1.44-1.12t-1.12-0.416l-0.448-0.064-0.704 0.768-0.576 2.56q0.896 0.512 1.472 1.088 0.768 0.768 1.152 1.536z\"><\/path>\n<\/svg><\/span><span class='slider-fallback-image'><\/span><\/a><div class=\"slide-content\"><header class=\"entry-content-header\" aria-label=\"Slide: ADPV 47\"><h3 class='slide-entry-title entry-title '  itemprop=\"headline\" ><a href='https:\/\/www.palaestina-verein.de\/wp\/wordpress?portfolio=adpv-47' title='ADPV 47'>ADPV 47<\/a><\/h3><span class=\"blog-categories minor-meta\"><a href=\"https:\/\/www.palaestina-verein.de\/wp\/wordpress\/?portfolio_entries=adpv\" rel=\"tag\">ADPV<\/a> <\/span><span class=\"av-vertical-delimiter\"><\/span><\/header><div class='slide-entry-excerpt entry-content'  itemprop=\"text\" >\r\nKlaus Bieberstein\r\nA Brief History of Jerusalem\r\nFrom the Earliest Settlement\u00a0to the Destruction of the City in 70 AD\r\n\r\nArchaeologically, Jerusalem is one of the most intensively researched cities in the world. Nevertheless, the architectural\u2026<div class=\"read-more-link\"><a href=\"https:\/\/www.palaestina-verein.de\/wp\/wordpress?portfolio=adpv-47\" class=\"more-link\">Weiterlesen<span class='more-link-arrow avia-svg-icon avia-font-svg_entypo-fontello' data-av_svg_icon='right-open-big' data-av_iconset='svg_entypo-fontello'><svg version=\"1.1\" xmlns=\"http:\/\/www.w3.org\/2000\/svg\" width=\"15\" height=\"32\" viewBox=\"0 0 15 32\" preserveAspectRatio=\"xMidYMid meet\" role=\"graphics-symbol\" aria-hidden=\"true\">\n<path d=\"M0.416 27.84l11.456-11.84-11.456-11.904q-0.832-0.832 0-1.536 0.832-0.832 1.536 0l12.544 12.608q0.768 0.832 0 1.6l-12.544 12.608q-0.704 0.832-1.536 0-0.832-0.704 0-1.536z\"><\/path>\n<\/svg><\/span><\/a><\/div><\/div><\/div><footer class=\"entry-footer\"><div class=\"slide-meta\"><time class='slide-meta-time updated'  itemprop=\"datePublished\" datetime=\"2017-07-31T13:24:13+00:00\" >GMT+0000GMT+0000\/JuliJuli\/JJJJ<\/time><\/div><\/footer><span class='hidden'>\n\t\t\t\t<span class='av-structured-data'  itemprop=\"image\" itemscope=\"itemscope\" itemtype=\"https:\/\/schema.org\/ImageObject\" >\n\t\t\t\t\t\t<span itemprop='url'>https:\/\/www.palaestina-verein.de\/wp\/wordpress\/wp-content\/uploads\/logo-only-map1.png<\/span>\n\t\t\t\t\t\t<span itemprop='height'>0<\/span>\n\t\t\t\t\t\t<span itemprop='width'>0<\/span>\n\t\t\t\t<\/span>\n\t\t\t\t<span class='av-structured-data'  itemprop=\"publisher\" itemtype=\"https:\/\/schema.org\/Organization\" itemscope=\"itemscope\" >\n\t\t\t\t\t\t<span itemprop='name'>Stefan M\u00fcnger<\/span>\n\t\t\t\t\t\t<span itemprop='logo' itemscope itemtype='https:\/\/schema.org\/ImageObject'>\n\t\t\t\t\t\t\t<span itemprop='url'>https:\/\/www.palaestina-verein.de\/wp\/wordpress\/wp-content\/uploads\/logo-only-map1.png<\/span>\n\t\t\t\t\t\t<\/span>\n\t\t\t\t<\/span><span class='av-structured-data'  itemprop=\"author\" itemscope=\"itemscope\" itemtype=\"https:\/\/schema.org\/Person\" ><span itemprop='name'>Stefan M\u00fcnger<\/span><\/span><span class='av-structured-data'  itemprop=\"datePublished\" datetime=\"2019-09-29T10:49:22+00:00\" >2017-07-31 13:24:13<\/span><span class='av-structured-data'  itemprop=\"dateModified\" itemtype=\"https:\/\/schema.org\/dateModified\" >2017-07-31 13:26:38<\/span><span class='av-structured-data'  itemprop=\"mainEntityOfPage\" itemtype=\"https:\/\/schema.org\/mainEntityOfPage\" ><span itemprop='name'>ADPV 47<\/span><\/span><\/span><\/article><article class='slide-entry flex_column  post-entry post-entry-3096 slide-entry-overview slide-loop-3 slide-parity-odd  av_one_third  fake-thumbnail posttype-portfolio post-format-standard'  itemscope=\"itemscope\" itemtype=\"https:\/\/schema.org\/CreativeWork\" ><a href='https:\/\/www.palaestina-verein.de\/wp\/wordpress?portfolio=adpv-43' data-rel='slide-1' class='slide-image' title='ADPV 43'><span class='fallback-post-type-icon avia-svg-icon avia-font-svg_entypo-fontello' data-av_svg_icon='pencil' data-av_iconset='svg_entypo-fontello'><svg version=\"1.1\" xmlns=\"http:\/\/www.w3.org\/2000\/svg\" width=\"25\" height=\"32\" viewBox=\"0 0 25 32\" preserveAspectRatio=\"xMidYMid meet\" role=\"graphics-symbol\" aria-hidden=\"true\">\n<path d=\"M22.976 5.44q1.024 1.024 1.504 2.048t0.48 1.536v0.512l-8.064 8.064-9.28 9.216-7.616 1.664 1.6-7.68 9.28-9.216 8.064-8.064q1.728-0.384 4.032 1.92zM7.168 25.92l0.768-0.768q-0.064-1.408-1.664-3.008-0.704-0.704-1.44-1.12t-1.12-0.416l-0.448-0.064-0.704 0.768-0.576 2.56q0.896 0.512 1.472 1.088 0.768 0.768 1.152 1.536z\"><\/path>\n<\/svg><\/span><span class='slider-fallback-image'><\/span><\/a><div class=\"slide-content\"><header class=\"entry-content-header\" aria-label=\"Slide: ADPV 43\"><h3 class='slide-entry-title entry-title '  itemprop=\"headline\" ><a href='https:\/\/www.palaestina-verein.de\/wp\/wordpress?portfolio=adpv-43' title='ADPV 43'>ADPV 43<\/a><\/h3><span class=\"blog-categories minor-meta\"><a href=\"https:\/\/www.palaestina-verein.de\/wp\/wordpress\/?portfolio_entries=adpv\" rel=\"tag\">ADPV<\/a> <\/span><span class=\"av-vertical-delimiter\"><\/span><\/header><div class='slide-entry-excerpt entry-content'  itemprop=\"text\" >Ulrich H\u00fcbner\/Herbert Niehr (Hgg.)\r\nSprachen in Pal\u00e4stina im 2. und 1. Jahrtausend v. Chr.\r\nKolloquium des Deutschen Vereins zur Erforschung Pal\u00e4stinas, 02.-04.11.2012, Mainz\r\n\r\nAls Teil der vorderasiatischen Levante, des \u00f6stlichen Mittelmeerraumes\u2026<div class=\"read-more-link\"><a href=\"https:\/\/www.palaestina-verein.de\/wp\/wordpress?portfolio=adpv-43\" class=\"more-link\">Weiterlesen<span class='more-link-arrow avia-svg-icon avia-font-svg_entypo-fontello' data-av_svg_icon='right-open-big' data-av_iconset='svg_entypo-fontello'><svg version=\"1.1\" xmlns=\"http:\/\/www.w3.org\/2000\/svg\" width=\"15\" height=\"32\" viewBox=\"0 0 15 32\" preserveAspectRatio=\"xMidYMid meet\" role=\"graphics-symbol\" aria-hidden=\"true\">\n<path d=\"M0.416 27.84l11.456-11.84-11.456-11.904q-0.832-0.832 0-1.536 0.832-0.832 1.536 0l12.544 12.608q0.768 0.832 0 1.6l-12.544 12.608q-0.704 0.832-1.536 0-0.832-0.704 0-1.536z\"><\/path>\n<\/svg><\/span><\/a><\/div><\/div><\/div><footer class=\"entry-footer\"><div class=\"slide-meta\"><time class='slide-meta-time updated'  itemprop=\"datePublished\" datetime=\"2017-05-15T11:31:10+00:00\" >GMT+0000GMT+0000\/MaiMai\/JJJJ<\/time><\/div><\/footer><span class='hidden'>\n\t\t\t\t<span class='av-structured-data'  itemprop=\"image\" itemscope=\"itemscope\" itemtype=\"https:\/\/schema.org\/ImageObject\" >\n\t\t\t\t\t\t<span itemprop='url'>https:\/\/www.palaestina-verein.de\/wp\/wordpress\/wp-content\/uploads\/logo-only-map1.png<\/span>\n\t\t\t\t\t\t<span itemprop='height'>0<\/span>\n\t\t\t\t\t\t<span itemprop='width'>0<\/span>\n\t\t\t\t<\/span>\n\t\t\t\t<span class='av-structured-data'  itemprop=\"publisher\" itemtype=\"https:\/\/schema.org\/Organization\" itemscope=\"itemscope\" >\n\t\t\t\t\t\t<span itemprop='name'>Stefan M\u00fcnger<\/span>\n\t\t\t\t\t\t<span itemprop='logo' itemscope itemtype='https:\/\/schema.org\/ImageObject'>\n\t\t\t\t\t\t\t<span itemprop='url'>https:\/\/www.palaestina-verein.de\/wp\/wordpress\/wp-content\/uploads\/logo-only-map1.png<\/span>\n\t\t\t\t\t\t<\/span>\n\t\t\t\t<\/span><span class='av-structured-data'  itemprop=\"author\" itemscope=\"itemscope\" itemtype=\"https:\/\/schema.org\/Person\" ><span itemprop='name'>Stefan M\u00fcnger<\/span><\/span><span class='av-structured-data'  itemprop=\"datePublished\" datetime=\"2019-09-29T10:49:22+00:00\" >2017-05-15 11:31:10<\/span><span class='av-structured-data'  itemprop=\"dateModified\" itemtype=\"https:\/\/schema.org\/dateModified\" >2017-05-15 11:31:50<\/span><span class='av-structured-data'  itemprop=\"mainEntityOfPage\" itemtype=\"https:\/\/schema.org\/mainEntityOfPage\" ><span itemprop='name'>ADPV 43<\/span><\/span><\/span><\/article><\/div><div class=\"slide-entry-wrap\"><article class='slide-entry flex_column  post-entry post-entry-2921 slide-entry-overview slide-loop-4 slide-parity-odd  av_one_third first fake-thumbnail posttype-portfolio post-format-standard'  itemscope=\"itemscope\" itemtype=\"https:\/\/schema.org\/CreativeWork\" ><a href='https:\/\/www.palaestina-verein.de\/wp\/wordpress?portfolio=adpv-44' data-rel='slide-1' class='slide-image' title='ADPV 44'><span class='fallback-post-type-icon avia-svg-icon avia-font-svg_entypo-fontello' data-av_svg_icon='pencil' data-av_iconset='svg_entypo-fontello'><svg version=\"1.1\" xmlns=\"http:\/\/www.w3.org\/2000\/svg\" width=\"25\" height=\"32\" viewBox=\"0 0 25 32\" preserveAspectRatio=\"xMidYMid meet\" role=\"graphics-symbol\" aria-hidden=\"true\">\n<path d=\"M22.976 5.44q1.024 1.024 1.504 2.048t0.48 1.536v0.512l-8.064 8.064-9.28 9.216-7.616 1.664 1.6-7.68 9.28-9.216 8.064-8.064q1.728-0.384 4.032 1.92zM7.168 25.92l0.768-0.768q-0.064-1.408-1.664-3.008-0.704-0.704-1.44-1.12t-1.12-0.416l-0.448-0.064-0.704 0.768-0.576 2.56q0.896 0.512 1.472 1.088 0.768 0.768 1.152 1.536z\"><\/path>\n<\/svg><\/span><span class='slider-fallback-image'><\/span><\/a><div class=\"slide-content\"><header class=\"entry-content-header\" aria-label=\"Slide: ADPV 44\"><h3 class='slide-entry-title entry-title '  itemprop=\"headline\" ><a href='https:\/\/www.palaestina-verein.de\/wp\/wordpress?portfolio=adpv-44' title='ADPV 44'>ADPV 44<\/a><\/h3><span class=\"blog-categories minor-meta\"><a href=\"https:\/\/www.palaestina-verein.de\/wp\/wordpress\/?portfolio_entries=adpv\" rel=\"tag\">ADPV<\/a> <\/span><span class=\"av-vertical-delimiter\"><\/span><\/header><div class='slide-entry-excerpt entry-content'  itemprop=\"text\" >\r\n\r\nAnne Lykke\r\nReign and Religion in Palestine\r\nThe Use of Sacred Iconography in Jewish Coinage\r\n\r\nAncient Jewish coinage is one of the few material sources offering detailed insight into the political developments taking place throughout a\u2026<div class=\"read-more-link\"><a href=\"https:\/\/www.palaestina-verein.de\/wp\/wordpress?portfolio=adpv-44\" class=\"more-link\">Weiterlesen<span class='more-link-arrow avia-svg-icon avia-font-svg_entypo-fontello' data-av_svg_icon='right-open-big' data-av_iconset='svg_entypo-fontello'><svg version=\"1.1\" xmlns=\"http:\/\/www.w3.org\/2000\/svg\" width=\"15\" height=\"32\" viewBox=\"0 0 15 32\" preserveAspectRatio=\"xMidYMid meet\" role=\"graphics-symbol\" aria-hidden=\"true\">\n<path d=\"M0.416 27.84l11.456-11.84-11.456-11.904q-0.832-0.832 0-1.536 0.832-0.832 1.536 0l12.544 12.608q0.768 0.832 0 1.6l-12.544 12.608q-0.704 0.832-1.536 0-0.832-0.704 0-1.536z\"><\/path>\n<\/svg><\/span><\/a><\/div><\/div><\/div><footer class=\"entry-footer\"><div class=\"slide-meta\"><time class='slide-meta-time updated'  itemprop=\"datePublished\" datetime=\"2016-02-21T14:26:38+00:00\" >GMT+0000GMT+0000\/Feb.Feb.\/JJJJ<\/time><\/div><\/footer><span class='hidden'>\n\t\t\t\t<span class='av-structured-data'  itemprop=\"image\" itemscope=\"itemscope\" itemtype=\"https:\/\/schema.org\/ImageObject\" >\n\t\t\t\t\t\t<span itemprop='url'>https:\/\/www.palaestina-verein.de\/wp\/wordpress\/wp-content\/uploads\/logo-only-map1.png<\/span>\n\t\t\t\t\t\t<span itemprop='height'>0<\/span>\n\t\t\t\t\t\t<span itemprop='width'>0<\/span>\n\t\t\t\t<\/span>\n\t\t\t\t<span class='av-structured-data'  itemprop=\"publisher\" itemtype=\"https:\/\/schema.org\/Organization\" itemscope=\"itemscope\" >\n\t\t\t\t\t\t<span itemprop='name'>Stefan M\u00fcnger<\/span>\n\t\t\t\t\t\t<span itemprop='logo' itemscope itemtype='https:\/\/schema.org\/ImageObject'>\n\t\t\t\t\t\t\t<span itemprop='url'>https:\/\/www.palaestina-verein.de\/wp\/wordpress\/wp-content\/uploads\/logo-only-map1.png<\/span>\n\t\t\t\t\t\t<\/span>\n\t\t\t\t<\/span><span class='av-structured-data'  itemprop=\"author\" itemscope=\"itemscope\" itemtype=\"https:\/\/schema.org\/Person\" ><span itemprop='name'>Stefan M\u00fcnger<\/span><\/span><span class='av-structured-data'  itemprop=\"datePublished\" datetime=\"2019-09-29T10:49:22+00:00\" >2016-02-21 14:26:38<\/span><span class='av-structured-data'  itemprop=\"dateModified\" itemtype=\"https:\/\/schema.org\/dateModified\" >2016-02-21 14:30:30<\/span><span class='av-structured-data'  itemprop=\"mainEntityOfPage\" itemtype=\"https:\/\/schema.org\/mainEntityOfPage\" ><span itemprop='name'>ADPV 44<\/span><\/span><\/span><\/article><article class='slide-entry flex_column  post-entry post-entry-2916 slide-entry-overview slide-loop-5 slide-parity-even  av_one_third  fake-thumbnail posttype-portfolio post-format-standard'  itemscope=\"itemscope\" itemtype=\"https:\/\/schema.org\/CreativeWork\" ><a href='https:\/\/www.palaestina-verein.de\/wp\/wordpress?portfolio=adpv' data-rel='slide-1' class='slide-image' title='ADPV 30\/2'><span class='fallback-post-type-icon avia-svg-icon avia-font-svg_entypo-fontello' data-av_svg_icon='pencil' data-av_iconset='svg_entypo-fontello'><svg version=\"1.1\" xmlns=\"http:\/\/www.w3.org\/2000\/svg\" width=\"25\" height=\"32\" viewBox=\"0 0 25 32\" preserveAspectRatio=\"xMidYMid meet\" role=\"graphics-symbol\" aria-hidden=\"true\">\n<path d=\"M22.976 5.44q1.024 1.024 1.504 2.048t0.48 1.536v0.512l-8.064 8.064-9.28 9.216-7.616 1.664 1.6-7.68 9.28-9.216 8.064-8.064q1.728-0.384 4.032 1.92zM7.168 25.92l0.768-0.768q-0.064-1.408-1.664-3.008-0.704-0.704-1.44-1.12t-1.12-0.416l-0.448-0.064-0.704 0.768-0.576 2.56q0.896 0.512 1.472 1.088 0.768 0.768 1.152 1.536z\"><\/path>\n<\/svg><\/span><span class='slider-fallback-image'><\/span><\/a><div class=\"slide-content\"><header class=\"entry-content-header\" aria-label=\"Slide: ADPV 30\/2\"><h3 class='slide-entry-title entry-title '  itemprop=\"headline\" ><a href='https:\/\/www.palaestina-verein.de\/wp\/wordpress?portfolio=adpv' title='ADPV 30\/2'>ADPV 30\/2<\/a><\/h3><span class=\"blog-categories minor-meta\"><a href=\"https:\/\/www.palaestina-verein.de\/wp\/wordpress\/?portfolio_entries=adpv\" rel=\"tag\">ADPV<\/a> <\/span><span class=\"av-vertical-delimiter\"><\/span><\/header><div class='slide-entry-excerpt entry-content'  itemprop=\"text\" >\r\n\r\nKarel J.H. Vriezen and Ute Wagner-Lux\r\nGadara\u2013Umm Q\u0113s II. The Twin Churches on the Roman\u2013Byzantine Terrace and Excavations in the Streets\r\nThis volume is the second in the series on the archaeological exploration of ancient Gadara of\u2026<div class=\"read-more-link\"><a href=\"https:\/\/www.palaestina-verein.de\/wp\/wordpress?portfolio=adpv\" class=\"more-link\">Weiterlesen<span class='more-link-arrow avia-svg-icon avia-font-svg_entypo-fontello' data-av_svg_icon='right-open-big' data-av_iconset='svg_entypo-fontello'><svg version=\"1.1\" xmlns=\"http:\/\/www.w3.org\/2000\/svg\" width=\"15\" height=\"32\" viewBox=\"0 0 15 32\" preserveAspectRatio=\"xMidYMid meet\" role=\"graphics-symbol\" aria-hidden=\"true\">\n<path d=\"M0.416 27.84l11.456-11.84-11.456-11.904q-0.832-0.832 0-1.536 0.832-0.832 1.536 0l12.544 12.608q0.768 0.832 0 1.6l-12.544 12.608q-0.704 0.832-1.536 0-0.832-0.704 0-1.536z\"><\/path>\n<\/svg><\/span><\/a><\/div><\/div><\/div><footer class=\"entry-footer\"><div class=\"slide-meta\"><time class='slide-meta-time updated'  itemprop=\"datePublished\" datetime=\"2016-02-21T14:15:31+00:00\" >GMT+0000GMT+0000\/Feb.Feb.\/JJJJ<\/time><\/div><\/footer><span class='hidden'>\n\t\t\t\t<span class='av-structured-data'  itemprop=\"image\" itemscope=\"itemscope\" itemtype=\"https:\/\/schema.org\/ImageObject\" >\n\t\t\t\t\t\t<span itemprop='url'>https:\/\/www.palaestina-verein.de\/wp\/wordpress\/wp-content\/uploads\/logo-only-map1.png<\/span>\n\t\t\t\t\t\t<span itemprop='height'>0<\/span>\n\t\t\t\t\t\t<span itemprop='width'>0<\/span>\n\t\t\t\t<\/span>\n\t\t\t\t<span class='av-structured-data'  itemprop=\"publisher\" itemtype=\"https:\/\/schema.org\/Organization\" itemscope=\"itemscope\" >\n\t\t\t\t\t\t<span itemprop='name'>Stefan M\u00fcnger<\/span>\n\t\t\t\t\t\t<span itemprop='logo' itemscope itemtype='https:\/\/schema.org\/ImageObject'>\n\t\t\t\t\t\t\t<span itemprop='url'>https:\/\/www.palaestina-verein.de\/wp\/wordpress\/wp-content\/uploads\/logo-only-map1.png<\/span>\n\t\t\t\t\t\t<\/span>\n\t\t\t\t<\/span><span class='av-structured-data'  itemprop=\"author\" itemscope=\"itemscope\" itemtype=\"https:\/\/schema.org\/Person\" ><span itemprop='name'>Stefan M\u00fcnger<\/span><\/span><span class='av-structured-data'  itemprop=\"datePublished\" datetime=\"2019-09-29T10:49:22+00:00\" >2016-02-21 14:15:31<\/span><span class='av-structured-data'  itemprop=\"dateModified\" itemtype=\"https:\/\/schema.org\/dateModified\" >2016-03-01 10:05:36<\/span><span class='av-structured-data'  itemprop=\"mainEntityOfPage\" itemtype=\"https:\/\/schema.org\/mainEntityOfPage\" ><span itemprop='name'>ADPV 30\/2<\/span><\/span><\/span><\/article><article class='slide-entry flex_column  post-entry post-entry-1568 slide-entry-overview slide-loop-6 slide-parity-odd  av_one_third  fake-thumbnail posttype-portfolio post-format-standard'  itemscope=\"itemscope\" itemtype=\"https:\/\/schema.org\/CreativeWork\" ><a href='https:\/\/www.palaestina-verein.de\/wp\/wordpress?portfolio=adpv-42' data-rel='slide-1' class='slide-image' title='ADPV 42'><span class='fallback-post-type-icon avia-svg-icon avia-font-svg_entypo-fontello' data-av_svg_icon='pencil' data-av_iconset='svg_entypo-fontello'><svg version=\"1.1\" xmlns=\"http:\/\/www.w3.org\/2000\/svg\" width=\"25\" height=\"32\" viewBox=\"0 0 25 32\" preserveAspectRatio=\"xMidYMid meet\" role=\"graphics-symbol\" aria-hidden=\"true\">\n<path d=\"M22.976 5.44q1.024 1.024 1.504 2.048t0.48 1.536v0.512l-8.064 8.064-9.28 9.216-7.616 1.664 1.6-7.68 9.28-9.216 8.064-8.064q1.728-0.384 4.032 1.92zM7.168 25.92l0.768-0.768q-0.064-1.408-1.664-3.008-0.704-0.704-1.44-1.12t-1.12-0.416l-0.448-0.064-0.704 0.768-0.576 2.56q0.896 0.512 1.472 1.088 0.768 0.768 1.152 1.536z\"><\/path>\n<\/svg><\/span><span class='slider-fallback-image'><\/span><\/a><div class=\"slide-content\"><header class=\"entry-content-header\" aria-label=\"Slide: ADPV 42\"><h3 class='slide-entry-title entry-title '  itemprop=\"headline\" ><a href='https:\/\/www.palaestina-verein.de\/wp\/wordpress?portfolio=adpv-42' title='ADPV 42'>ADPV 42<\/a><\/h3><span class=\"blog-categories minor-meta\"><a href=\"https:\/\/www.palaestina-verein.de\/wp\/wordpress\/?portfolio_entries=adpv\" rel=\"tag\">ADPV<\/a> <\/span><span class=\"av-vertical-delimiter\"><\/span><\/header><div class='slide-entry-excerpt entry-content'  itemprop=\"text\" >Lykke, Anne (Hg.): Macht des Geldes - Macht der Bilder. Kolloquium zur Ikonographie auf M\u00fcnzen im ostmediterranen Raum in hellenistisch-r\u00f6mischer Zeit, 2013.<div class=\"read-more-link\"><a href=\"https:\/\/www.palaestina-verein.de\/wp\/wordpress?portfolio=adpv-42\" class=\"more-link\">Weiterlesen<span class='more-link-arrow avia-svg-icon avia-font-svg_entypo-fontello' data-av_svg_icon='right-open-big' data-av_iconset='svg_entypo-fontello'><svg version=\"1.1\" xmlns=\"http:\/\/www.w3.org\/2000\/svg\" width=\"15\" height=\"32\" viewBox=\"0 0 15 32\" preserveAspectRatio=\"xMidYMid meet\" role=\"graphics-symbol\" aria-hidden=\"true\">\n<path d=\"M0.416 27.84l11.456-11.84-11.456-11.904q-0.832-0.832 0-1.536 0.832-0.832 1.536 0l12.544 12.608q0.768 0.832 0 1.6l-12.544 12.608q-0.704 0.832-1.536 0-0.832-0.704 0-1.536z\"><\/path>\n<\/svg><\/span><\/a><\/div><\/div><\/div><footer class=\"entry-footer\"><div class=\"slide-meta\"><time class='slide-meta-time updated'  itemprop=\"datePublished\" datetime=\"2014-10-27T12:00:15+00:00\" >GMT+0000GMT+0000\/Okt.Okt.\/JJJJ<\/time><\/div><\/footer><span class='hidden'>\n\t\t\t\t<span class='av-structured-data'  itemprop=\"image\" itemscope=\"itemscope\" itemtype=\"https:\/\/schema.org\/ImageObject\" >\n\t\t\t\t\t\t<span itemprop='url'>https:\/\/www.palaestina-verein.de\/wp\/wordpress\/wp-content\/uploads\/logo-only-map1.png<\/span>\n\t\t\t\t\t\t<span itemprop='height'>0<\/span>\n\t\t\t\t\t\t<span itemprop='width'>0<\/span>\n\t\t\t\t<\/span>\n\t\t\t\t<span class='av-structured-data'  itemprop=\"publisher\" itemtype=\"https:\/\/schema.org\/Organization\" itemscope=\"itemscope\" >\n\t\t\t\t\t\t<span itemprop='name'>Stefan M\u00fcnger<\/span>\n\t\t\t\t\t\t<span itemprop='logo' itemscope itemtype='https:\/\/schema.org\/ImageObject'>\n\t\t\t\t\t\t\t<span itemprop='url'>https:\/\/www.palaestina-verein.de\/wp\/wordpress\/wp-content\/uploads\/logo-only-map1.png<\/span>\n\t\t\t\t\t\t<\/span>\n\t\t\t\t<\/span><span class='av-structured-data'  itemprop=\"author\" itemscope=\"itemscope\" itemtype=\"https:\/\/schema.org\/Person\" ><span itemprop='name'>Stefan M\u00fcnger<\/span><\/span><span class='av-structured-data'  itemprop=\"datePublished\" datetime=\"2019-09-29T10:49:22+00:00\" >2014-10-27 12:00:15<\/span><span class='av-structured-data'  itemprop=\"dateModified\" itemtype=\"https:\/\/schema.org\/dateModified\" >2014-11-12 14:05:34<\/span><span class='av-structured-data'  itemprop=\"mainEntityOfPage\" itemtype=\"https:\/\/schema.org\/mainEntityOfPage\" ><span itemprop='name'>ADPV 42<\/span><\/span><\/span><\/article><\/div><div class=\"slide-entry-wrap\"><article class='slide-entry flex_column  post-entry post-entry-1574 slide-entry-overview slide-loop-7 slide-parity-odd  av_one_third first fake-thumbnail posttype-portfolio post-format-standard'  itemscope=\"itemscope\" itemtype=\"https:\/\/schema.org\/CreativeWork\" ><a href='https:\/\/www.palaestina-verein.de\/wp\/wordpress?portfolio=adpv-41' data-rel='slide-1' class='slide-image' title='ADPV 41'><span class='fallback-post-type-icon avia-svg-icon avia-font-svg_entypo-fontello' data-av_svg_icon='pencil' data-av_iconset='svg_entypo-fontello'><svg version=\"1.1\" xmlns=\"http:\/\/www.w3.org\/2000\/svg\" width=\"25\" height=\"32\" viewBox=\"0 0 25 32\" preserveAspectRatio=\"xMidYMid meet\" role=\"graphics-symbol\" aria-hidden=\"true\">\n<path d=\"M22.976 5.44q1.024 1.024 1.504 2.048t0.48 1.536v0.512l-8.064 8.064-9.28 9.216-7.616 1.664 1.6-7.68 9.28-9.216 8.064-8.064q1.728-0.384 4.032 1.92zM7.168 25.92l0.768-0.768q-0.064-1.408-1.664-3.008-0.704-0.704-1.44-1.12t-1.12-0.416l-0.448-0.064-0.704 0.768-0.576 2.56q0.896 0.512 1.472 1.088 0.768 0.768 1.152 1.536z\"><\/path>\n<\/svg><\/span><span class='slider-fallback-image'><\/span><\/a><div class=\"slide-content\"><header class=\"entry-content-header\" aria-label=\"Slide: ADPV 41\"><h3 class='slide-entry-title entry-title '  itemprop=\"headline\" ><a href='https:\/\/www.palaestina-verein.de\/wp\/wordpress?portfolio=adpv-41' title='ADPV 41'>ADPV 41<\/a><\/h3><span class=\"blog-categories minor-meta\"><a href=\"https:\/\/www.palaestina-verein.de\/wp\/wordpress\/?portfolio_entries=adpv\" rel=\"tag\">ADPV<\/a> <\/span><span class=\"av-vertical-delimiter\"><\/span><\/header><div class='slide-entry-excerpt entry-content'  itemprop=\"text\" >Kamlah, Jens (Ed.): Temple Building and Temple Cult. Architecture and Cultic Paraphernalia of Temples in the Levant (2.-1. Mill. B.C.E.), 2012.<div class=\"read-more-link\"><a href=\"https:\/\/www.palaestina-verein.de\/wp\/wordpress?portfolio=adpv-41\" class=\"more-link\">Weiterlesen<span class='more-link-arrow avia-svg-icon avia-font-svg_entypo-fontello' data-av_svg_icon='right-open-big' data-av_iconset='svg_entypo-fontello'><svg version=\"1.1\" xmlns=\"http:\/\/www.w3.org\/2000\/svg\" width=\"15\" height=\"32\" viewBox=\"0 0 15 32\" preserveAspectRatio=\"xMidYMid meet\" role=\"graphics-symbol\" aria-hidden=\"true\">\n<path d=\"M0.416 27.84l11.456-11.84-11.456-11.904q-0.832-0.832 0-1.536 0.832-0.832 1.536 0l12.544 12.608q0.768 0.832 0 1.6l-12.544 12.608q-0.704 0.832-1.536 0-0.832-0.704 0-1.536z\"><\/path>\n<\/svg><\/span><\/a><\/div><\/div><\/div><footer class=\"entry-footer\"><div class=\"slide-meta\"><time class='slide-meta-time updated'  itemprop=\"datePublished\" datetime=\"2014-10-26T12:00:05+00:00\" >GMT+0000GMT+0000\/Okt.Okt.\/JJJJ<\/time><\/div><\/footer><span class='hidden'>\n\t\t\t\t<span class='av-structured-data'  itemprop=\"image\" itemscope=\"itemscope\" itemtype=\"https:\/\/schema.org\/ImageObject\" >\n\t\t\t\t\t\t<span itemprop='url'>https:\/\/www.palaestina-verein.de\/wp\/wordpress\/wp-content\/uploads\/logo-only-map1.png<\/span>\n\t\t\t\t\t\t<span itemprop='height'>0<\/span>\n\t\t\t\t\t\t<span itemprop='width'>0<\/span>\n\t\t\t\t<\/span>\n\t\t\t\t<span class='av-structured-data'  itemprop=\"publisher\" itemtype=\"https:\/\/schema.org\/Organization\" itemscope=\"itemscope\" >\n\t\t\t\t\t\t<span itemprop='name'>Stefan M\u00fcnger<\/span>\n\t\t\t\t\t\t<span itemprop='logo' itemscope itemtype='https:\/\/schema.org\/ImageObject'>\n\t\t\t\t\t\t\t<span itemprop='url'>https:\/\/www.palaestina-verein.de\/wp\/wordpress\/wp-content\/uploads\/logo-only-map1.png<\/span>\n\t\t\t\t\t\t<\/span>\n\t\t\t\t<\/span><span class='av-structured-data'  itemprop=\"author\" itemscope=\"itemscope\" itemtype=\"https:\/\/schema.org\/Person\" ><span itemprop='name'>Stefan M\u00fcnger<\/span><\/span><span class='av-structured-data'  itemprop=\"datePublished\" datetime=\"2019-09-29T10:49:22+00:00\" >2014-10-26 12:00:05<\/span><span class='av-structured-data'  itemprop=\"dateModified\" itemtype=\"https:\/\/schema.org\/dateModified\" >2019-04-01 14:43:48<\/span><span class='av-structured-data'  itemprop=\"mainEntityOfPage\" itemtype=\"https:\/\/schema.org\/mainEntityOfPage\" ><span itemprop='name'>ADPV 41<\/span><\/span><\/span><\/article><article class='slide-entry flex_column  post-entry post-entry-1575 slide-entry-overview slide-loop-8 slide-parity-even  av_one_third  fake-thumbnail posttype-portfolio post-format-standard'  itemscope=\"itemscope\" itemtype=\"https:\/\/schema.org\/CreativeWork\" ><a href='https:\/\/www.palaestina-verein.de\/wp\/wordpress?portfolio=adpv-40' data-rel='slide-1' class='slide-image' title='ADPV 40'><span class='fallback-post-type-icon avia-svg-icon avia-font-svg_entypo-fontello' data-av_svg_icon='pencil' data-av_iconset='svg_entypo-fontello'><svg version=\"1.1\" xmlns=\"http:\/\/www.w3.org\/2000\/svg\" width=\"25\" height=\"32\" viewBox=\"0 0 25 32\" preserveAspectRatio=\"xMidYMid meet\" role=\"graphics-symbol\" aria-hidden=\"true\">\n<path d=\"M22.976 5.44q1.024 1.024 1.504 2.048t0.48 1.536v0.512l-8.064 8.064-9.28 9.216-7.616 1.664 1.6-7.68 9.28-9.216 8.064-8.064q1.728-0.384 4.032 1.92zM7.168 25.92l0.768-0.768q-0.064-1.408-1.664-3.008-0.704-0.704-1.44-1.12t-1.12-0.416l-0.448-0.064-0.704 0.768-0.576 2.56q0.896 0.512 1.472 1.088 0.768 0.768 1.152 1.536z\"><\/path>\n<\/svg><\/span><span class='slider-fallback-image'><\/span><\/a><div class=\"slide-content\"><header class=\"entry-content-header\" aria-label=\"Slide: ADPV 40\"><h3 class='slide-entry-title entry-title '  itemprop=\"headline\" ><a href='https:\/\/www.palaestina-verein.de\/wp\/wordpress?portfolio=adpv-40' title='ADPV 40'>ADPV 40<\/a><\/h3><span class=\"blog-categories minor-meta\"><a href=\"https:\/\/www.palaestina-verein.de\/wp\/wordpress\/?portfolio_entries=adpv\" rel=\"tag\">ADPV<\/a> <\/span><span class=\"av-vertical-delimiter\"><\/span><\/header><div class='slide-entry-excerpt entry-content'  itemprop=\"text\" >T\u00fcrck, Verena: Christliche Pilgerfahrten nach Jerusalem im fr\u00fcheren Mittelalter im Spiegel der Pilgerberichte, 2011.<div class=\"read-more-link\"><a href=\"https:\/\/www.palaestina-verein.de\/wp\/wordpress?portfolio=adpv-40\" class=\"more-link\">Weiterlesen<span class='more-link-arrow avia-svg-icon avia-font-svg_entypo-fontello' data-av_svg_icon='right-open-big' data-av_iconset='svg_entypo-fontello'><svg version=\"1.1\" xmlns=\"http:\/\/www.w3.org\/2000\/svg\" width=\"15\" height=\"32\" viewBox=\"0 0 15 32\" preserveAspectRatio=\"xMidYMid meet\" role=\"graphics-symbol\" aria-hidden=\"true\">\n<path d=\"M0.416 27.84l11.456-11.84-11.456-11.904q-0.832-0.832 0-1.536 0.832-0.832 1.536 0l12.544 12.608q0.768 0.832 0 1.6l-12.544 12.608q-0.704 0.832-1.536 0-0.832-0.704 0-1.536z\"><\/path>\n<\/svg><\/span><\/a><\/div><\/div><\/div><footer class=\"entry-footer\"><div class=\"slide-meta\"><time class='slide-meta-time updated'  itemprop=\"datePublished\" datetime=\"2014-10-25T12:00:48+00:00\" >GMT+0000GMT+0000\/Okt.Okt.\/JJJJ<\/time><\/div><\/footer><span class='hidden'>\n\t\t\t\t<span class='av-structured-data'  itemprop=\"image\" itemscope=\"itemscope\" itemtype=\"https:\/\/schema.org\/ImageObject\" >\n\t\t\t\t\t\t<span itemprop='url'>https:\/\/www.palaestina-verein.de\/wp\/wordpress\/wp-content\/uploads\/logo-only-map1.png<\/span>\n\t\t\t\t\t\t<span itemprop='height'>0<\/span>\n\t\t\t\t\t\t<span itemprop='width'>0<\/span>\n\t\t\t\t<\/span>\n\t\t\t\t<span class='av-structured-data'  itemprop=\"publisher\" itemtype=\"https:\/\/schema.org\/Organization\" itemscope=\"itemscope\" >\n\t\t\t\t\t\t<span itemprop='name'>Stefan M\u00fcnger<\/span>\n\t\t\t\t\t\t<span itemprop='logo' itemscope itemtype='https:\/\/schema.org\/ImageObject'>\n\t\t\t\t\t\t\t<span itemprop='url'>https:\/\/www.palaestina-verein.de\/wp\/wordpress\/wp-content\/uploads\/logo-only-map1.png<\/span>\n\t\t\t\t\t\t<\/span>\n\t\t\t\t<\/span><span class='av-structured-data'  itemprop=\"author\" itemscope=\"itemscope\" itemtype=\"https:\/\/schema.org\/Person\" ><span itemprop='name'>Stefan M\u00fcnger<\/span><\/span><span class='av-structured-data'  itemprop=\"datePublished\" datetime=\"2019-09-29T10:49:22+00:00\" >2014-10-25 12:00:48<\/span><span class='av-structured-data'  itemprop=\"dateModified\" itemtype=\"https:\/\/schema.org\/dateModified\" >2014-10-29 16:13:03<\/span><span class='av-structured-data'  itemprop=\"mainEntityOfPage\" itemtype=\"https:\/\/schema.org\/mainEntityOfPage\" ><span itemprop='name'>ADPV 40<\/span><\/span><\/span><\/article><article class='slide-entry flex_column  post-entry post-entry-1579 slide-entry-overview slide-loop-9 slide-parity-odd  av_one_third  fake-thumbnail posttype-portfolio post-format-standard'  itemscope=\"itemscope\" itemtype=\"https:\/\/schema.org\/CreativeWork\" ><a href='https:\/\/www.palaestina-verein.de\/wp\/wordpress?portfolio=adpv-39' data-rel='slide-1' class='slide-image' title='ADPV 39'><span class='fallback-post-type-icon avia-svg-icon avia-font-svg_entypo-fontello' data-av_svg_icon='pencil' data-av_iconset='svg_entypo-fontello'><svg version=\"1.1\" xmlns=\"http:\/\/www.w3.org\/2000\/svg\" width=\"25\" height=\"32\" viewBox=\"0 0 25 32\" preserveAspectRatio=\"xMidYMid meet\" role=\"graphics-symbol\" aria-hidden=\"true\">\n<path d=\"M22.976 5.44q1.024 1.024 1.504 2.048t0.48 1.536v0.512l-8.064 8.064-9.28 9.216-7.616 1.664 1.6-7.68 9.28-9.216 8.064-8.064q1.728-0.384 4.032 1.92zM7.168 25.92l0.768-0.768q-0.064-1.408-1.664-3.008-0.704-0.704-1.44-1.12t-1.12-0.416l-0.448-0.064-0.704 0.768-0.576 2.56q0.896 0.512 1.472 1.088 0.768 0.768 1.152 1.536z\"><\/path>\n<\/svg><\/span><span class='slider-fallback-image'><\/span><\/a><div class=\"slide-content\"><header class=\"entry-content-header\" aria-label=\"Slide: ADPV 39\"><h3 class='slide-entry-title entry-title '  itemprop=\"headline\" ><a href='https:\/\/www.palaestina-verein.de\/wp\/wordpress?portfolio=adpv-39' title='ADPV 39'>ADPV 39<\/a><\/h3><span class=\"blog-categories minor-meta\"><a href=\"https:\/\/www.palaestina-verein.de\/wp\/wordpress\/?portfolio_entries=adpv\" rel=\"tag\">ADPV<\/a> <\/span><span class=\"av-vertical-delimiter\"><\/span><\/header><div class='slide-entry-excerpt entry-content'  itemprop=\"text\" >Jericke, Detlef: Regionaler Kult und lokaler Kult. Studien zur Kult- und Religionsgeschichte Israels und Judas im 9. und 8. Jahrhundert v. Chr., 2010<div class=\"read-more-link\"><a href=\"https:\/\/www.palaestina-verein.de\/wp\/wordpress?portfolio=adpv-39\" class=\"more-link\">Weiterlesen<span class='more-link-arrow avia-svg-icon avia-font-svg_entypo-fontello' data-av_svg_icon='right-open-big' data-av_iconset='svg_entypo-fontello'><svg version=\"1.1\" xmlns=\"http:\/\/www.w3.org\/2000\/svg\" width=\"15\" height=\"32\" viewBox=\"0 0 15 32\" preserveAspectRatio=\"xMidYMid meet\" role=\"graphics-symbol\" aria-hidden=\"true\">\n<path d=\"M0.416 27.84l11.456-11.84-11.456-11.904q-0.832-0.832 0-1.536 0.832-0.832 1.536 0l12.544 12.608q0.768 0.832 0 1.6l-12.544 12.608q-0.704 0.832-1.536 0-0.832-0.704 0-1.536z\"><\/path>\n<\/svg><\/span><\/a><\/div><\/div><\/div><footer class=\"entry-footer\"><div class=\"slide-meta\"><time class='slide-meta-time updated'  itemprop=\"datePublished\" datetime=\"2014-10-24T12:00:40+00:00\" >GMT+0000GMT+0000\/Okt.Okt.\/JJJJ<\/time><\/div><\/footer><span class='hidden'>\n\t\t\t\t<span class='av-structured-data'  itemprop=\"image\" itemscope=\"itemscope\" itemtype=\"https:\/\/schema.org\/ImageObject\" >\n\t\t\t\t\t\t<span itemprop='url'>https:\/\/www.palaestina-verein.de\/wp\/wordpress\/wp-content\/uploads\/logo-only-map1.png<\/span>\n\t\t\t\t\t\t<span itemprop='height'>0<\/span>\n\t\t\t\t\t\t<span itemprop='width'>0<\/span>\n\t\t\t\t<\/span>\n\t\t\t\t<span class='av-structured-data'  itemprop=\"publisher\" itemtype=\"https:\/\/schema.org\/Organization\" itemscope=\"itemscope\" >\n\t\t\t\t\t\t<span itemprop='name'>Stefan M\u00fcnger<\/span>\n\t\t\t\t\t\t<span itemprop='logo' itemscope itemtype='https:\/\/schema.org\/ImageObject'>\n\t\t\t\t\t\t\t<span itemprop='url'>https:\/\/www.palaestina-verein.de\/wp\/wordpress\/wp-content\/uploads\/logo-only-map1.png<\/span>\n\t\t\t\t\t\t<\/span>\n\t\t\t\t<\/span><span class='av-structured-data'  itemprop=\"author\" itemscope=\"itemscope\" itemtype=\"https:\/\/schema.org\/Person\" ><span itemprop='name'>Stefan M\u00fcnger<\/span><\/span><span class='av-structured-data'  itemprop=\"datePublished\" datetime=\"2019-09-29T10:49:22+00:00\" >2014-10-24 12:00:40<\/span><span class='av-structured-data'  itemprop=\"dateModified\" itemtype=\"https:\/\/schema.org\/dateModified\" >2014-10-29 16:13:25<\/span><span class='av-structured-data'  itemprop=\"mainEntityOfPage\" itemtype=\"https:\/\/schema.org\/mainEntityOfPage\" ><span itemprop='name'>ADPV 39<\/span><\/span><\/span><\/article><\/div><div class=\"slide-entry-wrap\"><article class='slide-entry flex_column  post-entry post-entry-1586 slide-entry-overview slide-loop-10 slide-parity-odd  av_one_third first fake-thumbnail posttype-portfolio post-format-standard'  itemscope=\"itemscope\" itemtype=\"https:\/\/schema.org\/CreativeWork\" ><a href='https:\/\/www.palaestina-verein.de\/wp\/wordpress?portfolio=adpv-38' data-rel='slide-1' class='slide-image' title='ADPV 38'><span class='fallback-post-type-icon avia-svg-icon avia-font-svg_entypo-fontello' data-av_svg_icon='pencil' data-av_iconset='svg_entypo-fontello'><svg version=\"1.1\" xmlns=\"http:\/\/www.w3.org\/2000\/svg\" width=\"25\" height=\"32\" viewBox=\"0 0 25 32\" preserveAspectRatio=\"xMidYMid meet\" role=\"graphics-symbol\" aria-hidden=\"true\">\n<path d=\"M22.976 5.44q1.024 1.024 1.504 2.048t0.48 1.536v0.512l-8.064 8.064-9.28 9.216-7.616 1.664 1.6-7.68 9.28-9.216 8.064-8.064q1.728-0.384 4.032 1.92zM7.168 25.92l0.768-0.768q-0.064-1.408-1.664-3.008-0.704-0.704-1.44-1.12t-1.12-0.416l-0.448-0.064-0.704 0.768-0.576 2.56q0.896 0.512 1.472 1.088 0.768 0.768 1.152 1.536z\"><\/path>\n<\/svg><\/span><span class='slider-fallback-image'><\/span><\/a><div class=\"slide-content\"><header class=\"entry-content-header\" aria-label=\"Slide: ADPV 38\"><h3 class='slide-entry-title entry-title '  itemprop=\"headline\" ><a href='https:\/\/www.palaestina-verein.de\/wp\/wordpress?portfolio=adpv-38' title='ADPV 38'>ADPV 38<\/a><\/h3><span class=\"blog-categories minor-meta\"><a href=\"https:\/\/www.palaestina-verein.de\/wp\/wordpress\/?portfolio_entries=adpv\" rel=\"tag\">ADPV<\/a> <\/span><span class=\"av-vertical-delimiter\"><\/span><\/header><div class='slide-entry-excerpt entry-content'  itemprop=\"text\" >Gass, Erasmus: Die Moabiter - Geschichte und Kultur eines ostjordanischen Volkes im 1. Jahrtausend v. Chr., 2009.<div class=\"read-more-link\"><a href=\"https:\/\/www.palaestina-verein.de\/wp\/wordpress?portfolio=adpv-38\" class=\"more-link\">Weiterlesen<span class='more-link-arrow avia-svg-icon avia-font-svg_entypo-fontello' data-av_svg_icon='right-open-big' data-av_iconset='svg_entypo-fontello'><svg version=\"1.1\" xmlns=\"http:\/\/www.w3.org\/2000\/svg\" width=\"15\" height=\"32\" viewBox=\"0 0 15 32\" preserveAspectRatio=\"xMidYMid meet\" role=\"graphics-symbol\" aria-hidden=\"true\">\n<path d=\"M0.416 27.84l11.456-11.84-11.456-11.904q-0.832-0.832 0-1.536 0.832-0.832 1.536 0l12.544 12.608q0.768 0.832 0 1.6l-12.544 12.608q-0.704 0.832-1.536 0-0.832-0.704 0-1.536z\"><\/path>\n<\/svg><\/span><\/a><\/div><\/div><\/div><footer class=\"entry-footer\"><div class=\"slide-meta\"><time class='slide-meta-time updated'  itemprop=\"datePublished\" datetime=\"2014-10-23T12:00:47+00:00\" >GMT+0000GMT+0000\/Okt.Okt.\/JJJJ<\/time><\/div><\/footer><span class='hidden'>\n\t\t\t\t<span class='av-structured-data'  itemprop=\"image\" itemscope=\"itemscope\" itemtype=\"https:\/\/schema.org\/ImageObject\" >\n\t\t\t\t\t\t<span itemprop='url'>https:\/\/www.palaestina-verein.de\/wp\/wordpress\/wp-content\/uploads\/logo-only-map1.png<\/span>\n\t\t\t\t\t\t<span itemprop='height'>0<\/span>\n\t\t\t\t\t\t<span itemprop='width'>0<\/span>\n\t\t\t\t<\/span>\n\t\t\t\t<span class='av-structured-data'  itemprop=\"publisher\" itemtype=\"https:\/\/schema.org\/Organization\" itemscope=\"itemscope\" >\n\t\t\t\t\t\t<span itemprop='name'>Stefan M\u00fcnger<\/span>\n\t\t\t\t\t\t<span itemprop='logo' itemscope itemtype='https:\/\/schema.org\/ImageObject'>\n\t\t\t\t\t\t\t<span itemprop='url'>https:\/\/www.palaestina-verein.de\/wp\/wordpress\/wp-content\/uploads\/logo-only-map1.png<\/span>\n\t\t\t\t\t\t<\/span>\n\t\t\t\t<\/span><span class='av-structured-data'  itemprop=\"author\" itemscope=\"itemscope\" itemtype=\"https:\/\/schema.org\/Person\" ><span itemprop='name'>Stefan M\u00fcnger<\/span><\/span><span class='av-structured-data'  itemprop=\"datePublished\" datetime=\"2019-09-29T10:49:22+00:00\" >2014-10-23 12:00:47<\/span><span class='av-structured-data'  itemprop=\"dateModified\" itemtype=\"https:\/\/schema.org\/dateModified\" >2014-10-29 16:13:47<\/span><span class='av-structured-data'  itemprop=\"mainEntityOfPage\" itemtype=\"https:\/\/schema.org\/mainEntityOfPage\" ><span itemprop='name'>ADPV 38<\/span><\/span><\/span><\/article><article class='slide-entry flex_column  post-entry post-entry-1591 slide-entry-overview slide-loop-11 slide-parity-even  av_one_third  fake-thumbnail posttype-portfolio post-format-standard'  itemscope=\"itemscope\" itemtype=\"https:\/\/schema.org\/CreativeWork\" ><a href='https:\/\/www.palaestina-verein.de\/wp\/wordpress?portfolio=adpv-37' data-rel='slide-1' class='slide-image' title='ADPV 37'><span class='fallback-post-type-icon avia-svg-icon avia-font-svg_entypo-fontello' data-av_svg_icon='pencil' data-av_iconset='svg_entypo-fontello'><svg version=\"1.1\" xmlns=\"http:\/\/www.w3.org\/2000\/svg\" width=\"25\" height=\"32\" viewBox=\"0 0 25 32\" preserveAspectRatio=\"xMidYMid meet\" role=\"graphics-symbol\" aria-hidden=\"true\">\n<path d=\"M22.976 5.44q1.024 1.024 1.504 2.048t0.48 1.536v0.512l-8.064 8.064-9.28 9.216-7.616 1.664 1.6-7.68 9.28-9.216 8.064-8.064q1.728-0.384 4.032 1.92zM7.168 25.92l0.768-0.768q-0.064-1.408-1.664-3.008-0.704-0.704-1.44-1.12t-1.12-0.416l-0.448-0.064-0.704 0.768-0.576 2.56q0.896 0.512 1.472 1.088 0.768 0.768 1.152 1.536z\"><\/path>\n<\/svg><\/span><span class='slider-fallback-image'><\/span><\/a><div class=\"slide-content\"><header class=\"entry-content-header\" aria-label=\"Slide: ADPV 37\"><h3 class='slide-entry-title entry-title '  itemprop=\"headline\" ><a href='https:\/\/www.palaestina-verein.de\/wp\/wordpress?portfolio=adpv-37' title='ADPV 37'>ADPV 37<\/a><\/h3><span class=\"blog-categories minor-meta\"><a href=\"https:\/\/www.palaestina-verein.de\/wp\/wordpress\/?portfolio_entries=adpv\" rel=\"tag\">ADPV<\/a> <\/span><span class=\"av-vertical-delimiter\"><\/span><\/header><div class='slide-entry-excerpt entry-content'  itemprop=\"text\" >Cornelius\/Jonker (Eds.): From Ebla to Stellenbosch. Syro-Palestinian Religions and the Hebrew Bible, 2008.<div class=\"read-more-link\"><a href=\"https:\/\/www.palaestina-verein.de\/wp\/wordpress?portfolio=adpv-37\" class=\"more-link\">Weiterlesen<span class='more-link-arrow avia-svg-icon avia-font-svg_entypo-fontello' data-av_svg_icon='right-open-big' data-av_iconset='svg_entypo-fontello'><svg version=\"1.1\" xmlns=\"http:\/\/www.w3.org\/2000\/svg\" width=\"15\" height=\"32\" viewBox=\"0 0 15 32\" preserveAspectRatio=\"xMidYMid meet\" role=\"graphics-symbol\" aria-hidden=\"true\">\n<path d=\"M0.416 27.84l11.456-11.84-11.456-11.904q-0.832-0.832 0-1.536 0.832-0.832 1.536 0l12.544 12.608q0.768 0.832 0 1.6l-12.544 12.608q-0.704 0.832-1.536 0-0.832-0.704 0-1.536z\"><\/path>\n<\/svg><\/span><\/a><\/div><\/div><\/div><footer class=\"entry-footer\"><div class=\"slide-meta\"><time class='slide-meta-time updated'  itemprop=\"datePublished\" datetime=\"2014-10-22T12:00:38+00:00\" >GMT+0000GMT+0000\/Okt.Okt.\/JJJJ<\/time><\/div><\/footer><span class='hidden'>\n\t\t\t\t<span class='av-structured-data'  itemprop=\"image\" itemscope=\"itemscope\" itemtype=\"https:\/\/schema.org\/ImageObject\" >\n\t\t\t\t\t\t<span itemprop='url'>https:\/\/www.palaestina-verein.de\/wp\/wordpress\/wp-content\/uploads\/logo-only-map1.png<\/span>\n\t\t\t\t\t\t<span itemprop='height'>0<\/span>\n\t\t\t\t\t\t<span itemprop='width'>0<\/span>\n\t\t\t\t<\/span>\n\t\t\t\t<span class='av-structured-data'  itemprop=\"publisher\" itemtype=\"https:\/\/schema.org\/Organization\" itemscope=\"itemscope\" >\n\t\t\t\t\t\t<span itemprop='name'>Stefan M\u00fcnger<\/span>\n\t\t\t\t\t\t<span itemprop='logo' itemscope itemtype='https:\/\/schema.org\/ImageObject'>\n\t\t\t\t\t\t\t<span itemprop='url'>https:\/\/www.palaestina-verein.de\/wp\/wordpress\/wp-content\/uploads\/logo-only-map1.png<\/span>\n\t\t\t\t\t\t<\/span>\n\t\t\t\t<\/span><span class='av-structured-data'  itemprop=\"author\" itemscope=\"itemscope\" itemtype=\"https:\/\/schema.org\/Person\" ><span itemprop='name'>Stefan M\u00fcnger<\/span><\/span><span class='av-structured-data'  itemprop=\"datePublished\" datetime=\"2019-09-29T10:49:22+00:00\" >2014-10-22 12:00:38<\/span><span class='av-structured-data'  itemprop=\"dateModified\" itemtype=\"https:\/\/schema.org\/dateModified\" >2014-10-29 16:14:21<\/span><span class='av-structured-data'  itemprop=\"mainEntityOfPage\" itemtype=\"https:\/\/schema.org\/mainEntityOfPage\" ><span itemprop='name'>ADPV 37<\/span><\/span><\/span><\/article><article class='slide-entry flex_column  post-entry post-entry-1618 slide-entry-overview slide-loop-12 slide-parity-odd  av_one_third  fake-thumbnail posttype-portfolio post-format-standard'  itemscope=\"itemscope\" itemtype=\"https:\/\/schema.org\/CreativeWork\" ><a href='https:\/\/www.palaestina-verein.de\/wp\/wordpress?portfolio=adpv-36' data-rel='slide-1' class='slide-image' title='ADPV 36'><span class='fallback-post-type-icon avia-svg-icon avia-font-svg_entypo-fontello' data-av_svg_icon='pencil' data-av_iconset='svg_entypo-fontello'><svg version=\"1.1\" xmlns=\"http:\/\/www.w3.org\/2000\/svg\" width=\"25\" height=\"32\" viewBox=\"0 0 25 32\" preserveAspectRatio=\"xMidYMid meet\" role=\"graphics-symbol\" aria-hidden=\"true\">\n<path d=\"M22.976 5.44q1.024 1.024 1.504 2.048t0.48 1.536v0.512l-8.064 8.064-9.28 9.216-7.616 1.664 1.6-7.68 9.28-9.216 8.064-8.064q1.728-0.384 4.032 1.92zM7.168 25.92l0.768-0.768q-0.064-1.408-1.664-3.008-0.704-0.704-1.44-1.12t-1.12-0.416l-0.448-0.064-0.704 0.768-0.576 2.56q0.896 0.512 1.472 1.088 0.768 0.768 1.152 1.536z\"><\/path>\n<\/svg><\/span><span class='slider-fallback-image'><\/span><\/a><div class=\"slide-content\"><header class=\"entry-content-header\" aria-label=\"Slide: ADPV 36\"><h3 class='slide-entry-title entry-title '  itemprop=\"headline\" ><a href='https:\/\/www.palaestina-verein.de\/wp\/wordpress?portfolio=adpv-36' title='ADPV 36'>ADPV 36<\/a><\/h3><span class=\"blog-categories minor-meta\"><a href=\"https:\/\/www.palaestina-verein.de\/wp\/wordpress\/?portfolio_entries=adpv\" rel=\"tag\">ADPV<\/a> <\/span><span class=\"av-vertical-delimiter\"><\/span><\/header><div class='slide-entry-excerpt entry-content'  itemprop=\"text\" >Eisler, Jakob (Hg.): Deutsche in Pal\u00e4stina und ihr Anteil an der Modernisierung des Landes, 2008.<div class=\"read-more-link\"><a href=\"https:\/\/www.palaestina-verein.de\/wp\/wordpress?portfolio=adpv-36\" class=\"more-link\">Weiterlesen<span class='more-link-arrow avia-svg-icon avia-font-svg_entypo-fontello' data-av_svg_icon='right-open-big' data-av_iconset='svg_entypo-fontello'><svg version=\"1.1\" xmlns=\"http:\/\/www.w3.org\/2000\/svg\" width=\"15\" height=\"32\" viewBox=\"0 0 15 32\" preserveAspectRatio=\"xMidYMid meet\" role=\"graphics-symbol\" aria-hidden=\"true\">\n<path d=\"M0.416 27.84l11.456-11.84-11.456-11.904q-0.832-0.832 0-1.536 0.832-0.832 1.536 0l12.544 12.608q0.768 0.832 0 1.6l-12.544 12.608q-0.704 0.832-1.536 0-0.832-0.704 0-1.536z\"><\/path>\n<\/svg><\/span><\/a><\/div><\/div><\/div><footer class=\"entry-footer\"><div class=\"slide-meta\"><time class='slide-meta-time updated'  itemprop=\"datePublished\" datetime=\"2014-10-21T12:00:46+00:00\" >GMT+0000GMT+0000\/Okt.Okt.\/JJJJ<\/time><\/div><\/footer><span class='hidden'>\n\t\t\t\t<span class='av-structured-data'  itemprop=\"image\" itemscope=\"itemscope\" itemtype=\"https:\/\/schema.org\/ImageObject\" >\n\t\t\t\t\t\t<span itemprop='url'>https:\/\/www.palaestina-verein.de\/wp\/wordpress\/wp-content\/uploads\/logo-only-map1.png<\/span>\n\t\t\t\t\t\t<span itemprop='height'>0<\/span>\n\t\t\t\t\t\t<span itemprop='width'>0<\/span>\n\t\t\t\t<\/span>\n\t\t\t\t<span class='av-structured-data'  itemprop=\"publisher\" itemtype=\"https:\/\/schema.org\/Organization\" itemscope=\"itemscope\" >\n\t\t\t\t\t\t<span itemprop='name'>Stefan M\u00fcnger<\/span>\n\t\t\t\t\t\t<span itemprop='logo' itemscope itemtype='https:\/\/schema.org\/ImageObject'>\n\t\t\t\t\t\t\t<span itemprop='url'>https:\/\/www.palaestina-verein.de\/wp\/wordpress\/wp-content\/uploads\/logo-only-map1.png<\/span>\n\t\t\t\t\t\t<\/span>\n\t\t\t\t<\/span><span class='av-structured-data'  itemprop=\"author\" itemscope=\"itemscope\" itemtype=\"https:\/\/schema.org\/Person\" ><span itemprop='name'>Stefan M\u00fcnger<\/span><\/span><span class='av-structured-data'  itemprop=\"datePublished\" datetime=\"2019-09-29T10:49:22+00:00\" >2014-10-21 12:00:46<\/span><span class='av-structured-data'  itemprop=\"dateModified\" itemtype=\"https:\/\/schema.org\/dateModified\" >2014-10-29 16:15:04<\/span><span class='av-structured-data'  itemprop=\"mainEntityOfPage\" itemtype=\"https:\/\/schema.org\/mainEntityOfPage\" ><span itemprop='name'>ADPV 36<\/span><\/span><\/span><\/article><\/div><div class=\"slide-entry-wrap\"><article class='slide-entry flex_column  post-entry post-entry-1619 slide-entry-overview slide-loop-13 slide-parity-odd  av_one_third first fake-thumbnail posttype-portfolio post-format-standard'  itemscope=\"itemscope\" itemtype=\"https:\/\/schema.org\/CreativeWork\" ><a href='https:\/\/www.palaestina-verein.de\/wp\/wordpress?portfolio=adpv-35' data-rel='slide-1' class='slide-image' title='ADPV 35'><span class='fallback-post-type-icon avia-svg-icon avia-font-svg_entypo-fontello' data-av_svg_icon='pencil' data-av_iconset='svg_entypo-fontello'><svg version=\"1.1\" xmlns=\"http:\/\/www.w3.org\/2000\/svg\" width=\"25\" height=\"32\" viewBox=\"0 0 25 32\" preserveAspectRatio=\"xMidYMid meet\" role=\"graphics-symbol\" aria-hidden=\"true\">\n<path d=\"M22.976 5.44q1.024 1.024 1.504 2.048t0.48 1.536v0.512l-8.064 8.064-9.28 9.216-7.616 1.664 1.6-7.68 9.28-9.216 8.064-8.064q1.728-0.384 4.032 1.92zM7.168 25.92l0.768-0.768q-0.064-1.408-1.664-3.008-0.704-0.704-1.44-1.12t-1.12-0.416l-0.448-0.064-0.704 0.768-0.576 2.56q0.896 0.512 1.472 1.088 0.768 0.768 1.152 1.536z\"><\/path>\n<\/svg><\/span><span class='slider-fallback-image'><\/span><\/a><div class=\"slide-content\"><header class=\"entry-content-header\" aria-label=\"Slide: ADPV 35\"><h3 class='slide-entry-title entry-title '  itemprop=\"headline\" ><a href='https:\/\/www.palaestina-verein.de\/wp\/wordpress?portfolio=adpv-35' title='ADPV 35'>ADPV 35<\/a><\/h3><span class=\"blog-categories minor-meta\"><a href=\"https:\/\/www.palaestina-verein.de\/wp\/wordpress\/?portfolio_entries=adpv\" rel=\"tag\">ADPV<\/a> <\/span><span class=\"av-vertical-delimiter\"><\/span><\/header><div class='slide-entry-excerpt entry-content'  itemprop=\"text\" >Gass, Erasmus: Die Ortsnamen des Richterbuchs in historischer und redaktioneller Perspektive, 2005.<div class=\"read-more-link\"><a href=\"https:\/\/www.palaestina-verein.de\/wp\/wordpress?portfolio=adpv-35\" class=\"more-link\">Weiterlesen<span class='more-link-arrow avia-svg-icon avia-font-svg_entypo-fontello' data-av_svg_icon='right-open-big' data-av_iconset='svg_entypo-fontello'><svg version=\"1.1\" xmlns=\"http:\/\/www.w3.org\/2000\/svg\" width=\"15\" height=\"32\" viewBox=\"0 0 15 32\" preserveAspectRatio=\"xMidYMid meet\" role=\"graphics-symbol\" aria-hidden=\"true\">\n<path d=\"M0.416 27.84l11.456-11.84-11.456-11.904q-0.832-0.832 0-1.536 0.832-0.832 1.536 0l12.544 12.608q0.768 0.832 0 1.6l-12.544 12.608q-0.704 0.832-1.536 0-0.832-0.704 0-1.536z\"><\/path>\n<\/svg><\/span><\/a><\/div><\/div><\/div><footer class=\"entry-footer\"><div class=\"slide-meta\"><time class='slide-meta-time updated'  itemprop=\"datePublished\" datetime=\"2014-10-20T12:00:27+00:00\" >GMT+0000GMT+0000\/Okt.Okt.\/JJJJ<\/time><\/div><\/footer><span class='hidden'>\n\t\t\t\t<span class='av-structured-data'  itemprop=\"image\" itemscope=\"itemscope\" itemtype=\"https:\/\/schema.org\/ImageObject\" >\n\t\t\t\t\t\t<span itemprop='url'>https:\/\/www.palaestina-verein.de\/wp\/wordpress\/wp-content\/uploads\/logo-only-map1.png<\/span>\n\t\t\t\t\t\t<span itemprop='height'>0<\/span>\n\t\t\t\t\t\t<span itemprop='width'>0<\/span>\n\t\t\t\t<\/span>\n\t\t\t\t<span class='av-structured-data'  itemprop=\"publisher\" itemtype=\"https:\/\/schema.org\/Organization\" itemscope=\"itemscope\" >\n\t\t\t\t\t\t<span itemprop='name'>Stefan M\u00fcnger<\/span>\n\t\t\t\t\t\t<span itemprop='logo' itemscope itemtype='https:\/\/schema.org\/ImageObject'>\n\t\t\t\t\t\t\t<span itemprop='url'>https:\/\/www.palaestina-verein.de\/wp\/wordpress\/wp-content\/uploads\/logo-only-map1.png<\/span>\n\t\t\t\t\t\t<\/span>\n\t\t\t\t<\/span><span class='av-structured-data'  itemprop=\"author\" itemscope=\"itemscope\" itemtype=\"https:\/\/schema.org\/Person\" ><span itemprop='name'>Stefan M\u00fcnger<\/span><\/span><span class='av-structured-data'  itemprop=\"datePublished\" datetime=\"2019-09-29T10:49:22+00:00\" >2014-10-20 12:00:27<\/span><span class='av-structured-data'  itemprop=\"dateModified\" itemtype=\"https:\/\/schema.org\/dateModified\" >2014-10-29 16:15:25<\/span><span class='av-structured-data'  itemprop=\"mainEntityOfPage\" itemtype=\"https:\/\/schema.org\/mainEntityOfPage\" ><span itemprop='name'>ADPV 35<\/span><\/span><\/span><\/article><article class='slide-entry flex_column  post-entry post-entry-1620 slide-entry-overview slide-loop-14 slide-parity-even  av_one_third  fake-thumbnail posttype-portfolio post-format-standard'  itemscope=\"itemscope\" itemtype=\"https:\/\/schema.org\/CreativeWork\" ><a href='https:\/\/www.palaestina-verein.de\/wp\/wordpress?portfolio=adpv-34' data-rel='slide-1' class='slide-image' title='ADPV 34'><span class='fallback-post-type-icon avia-svg-icon avia-font-svg_entypo-fontello' data-av_svg_icon='pencil' data-av_iconset='svg_entypo-fontello'><svg version=\"1.1\" xmlns=\"http:\/\/www.w3.org\/2000\/svg\" width=\"25\" height=\"32\" viewBox=\"0 0 25 32\" preserveAspectRatio=\"xMidYMid meet\" role=\"graphics-symbol\" aria-hidden=\"true\">\n<path d=\"M22.976 5.44q1.024 1.024 1.504 2.048t0.48 1.536v0.512l-8.064 8.064-9.28 9.216-7.616 1.664 1.6-7.68 9.28-9.216 8.064-8.064q1.728-0.384 4.032 1.92zM7.168 25.92l0.768-0.768q-0.064-1.408-1.664-3.008-0.704-0.704-1.44-1.12t-1.12-0.416l-0.448-0.064-0.704 0.768-0.576 2.56q0.896 0.512 1.472 1.088 0.768 0.768 1.152 1.536z\"><\/path>\n<\/svg><\/span><span class='slider-fallback-image'><\/span><\/a><div class=\"slide-content\"><header class=\"entry-content-header\" aria-label=\"Slide: ADPV 34\"><h3 class='slide-entry-title entry-title '  itemprop=\"headline\" ><a href='https:\/\/www.palaestina-verein.de\/wp\/wordpress?portfolio=adpv-34' title='ADPV 34'>ADPV 34<\/a><\/h3><span class=\"blog-categories minor-meta\"><a href=\"https:\/\/www.palaestina-verein.de\/wp\/wordpress\/?portfolio_entries=adpv\" rel=\"tag\">ADPV<\/a> <\/span><span class=\"av-vertical-delimiter\"><\/span><\/header><div class='slide-entry-excerpt entry-content'  itemprop=\"text\" >H\u00fcbner, Ulrich (Hg.): Palaestina exploranda. Studien zur Erforschung Pal\u00e4stinas im 19. und 20. Jahrhundert anl\u00e4sslich des 125j\u00e4hrigen Bestehens des Deutschen Vereins zur Erforschung Pal\u00e4stinas, 2006.<div class=\"read-more-link\"><a href=\"https:\/\/www.palaestina-verein.de\/wp\/wordpress?portfolio=adpv-34\" class=\"more-link\">Weiterlesen<span class='more-link-arrow avia-svg-icon avia-font-svg_entypo-fontello' data-av_svg_icon='right-open-big' data-av_iconset='svg_entypo-fontello'><svg version=\"1.1\" xmlns=\"http:\/\/www.w3.org\/2000\/svg\" width=\"15\" height=\"32\" viewBox=\"0 0 15 32\" preserveAspectRatio=\"xMidYMid meet\" role=\"graphics-symbol\" aria-hidden=\"true\">\n<path d=\"M0.416 27.84l11.456-11.84-11.456-11.904q-0.832-0.832 0-1.536 0.832-0.832 1.536 0l12.544 12.608q0.768 0.832 0 1.6l-12.544 12.608q-0.704 0.832-1.536 0-0.832-0.704 0-1.536z\"><\/path>\n<\/svg><\/span><\/a><\/div><\/div><\/div><footer class=\"entry-footer\"><div class=\"slide-meta\"><time class='slide-meta-time updated'  itemprop=\"datePublished\" datetime=\"2014-10-19T12:00:05+00:00\" >GMT+0000GMT+0000\/Okt.Okt.\/JJJJ<\/time><\/div><\/footer><span class='hidden'>\n\t\t\t\t<span class='av-structured-data'  itemprop=\"image\" itemscope=\"itemscope\" itemtype=\"https:\/\/schema.org\/ImageObject\" >\n\t\t\t\t\t\t<span itemprop='url'>https:\/\/www.palaestina-verein.de\/wp\/wordpress\/wp-content\/uploads\/logo-only-map1.png<\/span>\n\t\t\t\t\t\t<span itemprop='height'>0<\/span>\n\t\t\t\t\t\t<span itemprop='width'>0<\/span>\n\t\t\t\t<\/span>\n\t\t\t\t<span class='av-structured-data'  itemprop=\"publisher\" itemtype=\"https:\/\/schema.org\/Organization\" itemscope=\"itemscope\" >\n\t\t\t\t\t\t<span itemprop='name'>Stefan M\u00fcnger<\/span>\n\t\t\t\t\t\t<span itemprop='logo' itemscope itemtype='https:\/\/schema.org\/ImageObject'>\n\t\t\t\t\t\t\t<span itemprop='url'>https:\/\/www.palaestina-verein.de\/wp\/wordpress\/wp-content\/uploads\/logo-only-map1.png<\/span>\n\t\t\t\t\t\t<\/span>\n\t\t\t\t<\/span><span class='av-structured-data'  itemprop=\"author\" itemscope=\"itemscope\" itemtype=\"https:\/\/schema.org\/Person\" ><span itemprop='name'>Stefan M\u00fcnger<\/span><\/span><span class='av-structured-data'  itemprop=\"datePublished\" datetime=\"2019-09-29T10:49:22+00:00\" >2014-10-19 12:00:05<\/span><span class='av-structured-data'  itemprop=\"dateModified\" itemtype=\"https:\/\/schema.org\/dateModified\" >2014-10-29 16:07:05<\/span><span class='av-structured-data'  itemprop=\"mainEntityOfPage\" itemtype=\"https:\/\/schema.org\/mainEntityOfPage\" ><span itemprop='name'>ADPV 34<\/span><\/span><\/span><\/article><article class='slide-entry flex_column  post-entry post-entry-1621 slide-entry-overview slide-loop-15 slide-parity-odd  av_one_third  fake-thumbnail posttype-portfolio post-format-standard'  itemscope=\"itemscope\" itemtype=\"https:\/\/schema.org\/CreativeWork\" ><a href='https:\/\/www.palaestina-verein.de\/wp\/wordpress?portfolio=adpv-33' data-rel='slide-1' class='slide-image' title='ADPV 33'><span class='fallback-post-type-icon avia-svg-icon avia-font-svg_entypo-fontello' data-av_svg_icon='pencil' data-av_iconset='svg_entypo-fontello'><svg version=\"1.1\" xmlns=\"http:\/\/www.w3.org\/2000\/svg\" width=\"25\" height=\"32\" viewBox=\"0 0 25 32\" preserveAspectRatio=\"xMidYMid meet\" role=\"graphics-symbol\" aria-hidden=\"true\">\n<path d=\"M22.976 5.44q1.024 1.024 1.504 2.048t0.48 1.536v0.512l-8.064 8.064-9.28 9.216-7.616 1.664 1.6-7.68 9.28-9.216 8.064-8.064q1.728-0.384 4.032 1.92zM7.168 25.92l0.768-0.768q-0.064-1.408-1.664-3.008-0.704-0.704-1.44-1.12t-1.12-0.416l-0.448-0.064-0.704 0.768-0.576 2.56q0.896 0.512 1.472 1.088 0.768 0.768 1.152 1.536z\"><\/path>\n<\/svg><\/span><span class='slider-fallback-image'><\/span><\/a><div class=\"slide-content\"><header class=\"entry-content-header\" aria-label=\"Slide: ADPV 33\"><h3 class='slide-entry-title entry-title '  itemprop=\"headline\" ><a href='https:\/\/www.palaestina-verein.de\/wp\/wordpress?portfolio=adpv-33' title='ADPV 33'>ADPV 33<\/a><\/h3><span class=\"blog-categories minor-meta\"><a href=\"https:\/\/www.palaestina-verein.de\/wp\/wordpress\/?portfolio_entries=adpv\" rel=\"tag\">ADPV<\/a> <\/span><span class=\"av-vertical-delimiter\"><\/span><\/header><div class='slide-entry-excerpt entry-content'  itemprop=\"text\" >Hartmann, Gritje: Wilhelm Tzewers - Itinerarius terre sancte. Einleitung, Edition, Kommentar und \u00dcbersetzung, 2004.<div class=\"read-more-link\"><a href=\"https:\/\/www.palaestina-verein.de\/wp\/wordpress?portfolio=adpv-33\" class=\"more-link\">Weiterlesen<span class='more-link-arrow avia-svg-icon avia-font-svg_entypo-fontello' data-av_svg_icon='right-open-big' data-av_iconset='svg_entypo-fontello'><svg version=\"1.1\" xmlns=\"http:\/\/www.w3.org\/2000\/svg\" width=\"15\" height=\"32\" viewBox=\"0 0 15 32\" preserveAspectRatio=\"xMidYMid meet\" role=\"graphics-symbol\" aria-hidden=\"true\">\n<path d=\"M0.416 27.84l11.456-11.84-11.456-11.904q-0.832-0.832 0-1.536 0.832-0.832 1.536 0l12.544 12.608q0.768 0.832 0 1.6l-12.544 12.608q-0.704 0.832-1.536 0-0.832-0.704 0-1.536z\"><\/path>\n<\/svg><\/span><\/a><\/div><\/div><\/div><footer class=\"entry-footer\"><div class=\"slide-meta\"><time class='slide-meta-time updated'  itemprop=\"datePublished\" datetime=\"2014-10-18T12:00:09+00:00\" >GMT+0000GMT+0000\/Okt.Okt.\/JJJJ<\/time><\/div><\/footer><span class='hidden'>\n\t\t\t\t<span class='av-structured-data'  itemprop=\"image\" itemscope=\"itemscope\" itemtype=\"https:\/\/schema.org\/ImageObject\" >\n\t\t\t\t\t\t<span itemprop='url'>https:\/\/www.palaestina-verein.de\/wp\/wordpress\/wp-content\/uploads\/logo-only-map1.png<\/span>\n\t\t\t\t\t\t<span itemprop='height'>0<\/span>\n\t\t\t\t\t\t<span itemprop='width'>0<\/span>\n\t\t\t\t<\/span>\n\t\t\t\t<span class='av-structured-data'  itemprop=\"publisher\" itemtype=\"https:\/\/schema.org\/Organization\" itemscope=\"itemscope\" >\n\t\t\t\t\t\t<span itemprop='name'>Stefan M\u00fcnger<\/span>\n\t\t\t\t\t\t<span itemprop='logo' itemscope itemtype='https:\/\/schema.org\/ImageObject'>\n\t\t\t\t\t\t\t<span itemprop='url'>https:\/\/www.palaestina-verein.de\/wp\/wordpress\/wp-content\/uploads\/logo-only-map1.png<\/span>\n\t\t\t\t\t\t<\/span>\n\t\t\t\t<\/span><span class='av-structured-data'  itemprop=\"author\" itemscope=\"itemscope\" itemtype=\"https:\/\/schema.org\/Person\" ><span itemprop='name'>Stefan M\u00fcnger<\/span><\/span><span class='av-structured-data'  itemprop=\"datePublished\" datetime=\"2019-09-29T10:49:22+00:00\" >2014-10-18 12:00:09<\/span><span class='av-structured-data'  itemprop=\"dateModified\" itemtype=\"https:\/\/schema.org\/dateModified\" >2014-10-29 16:16:06<\/span><span class='av-structured-data'  itemprop=\"mainEntityOfPage\" itemtype=\"https:\/\/schema.org\/mainEntityOfPage\" ><span itemprop='name'>ADPV 33<\/span><\/span><\/span><\/article><\/div><div class=\"slide-entry-wrap\"><article class='slide-entry flex_column  post-entry post-entry-1622 slide-entry-overview slide-loop-16 slide-parity-odd  av_one_third first fake-thumbnail posttype-portfolio post-format-standard'  itemscope=\"itemscope\" itemtype=\"https:\/\/schema.org\/CreativeWork\" ><a href='https:\/\/www.palaestina-verein.de\/wp\/wordpress?portfolio=adpv-32' data-rel='slide-1' class='slide-image' title='ADPV 32'><span class='fallback-post-type-icon avia-svg-icon avia-font-svg_entypo-fontello' data-av_svg_icon='pencil' data-av_iconset='svg_entypo-fontello'><svg version=\"1.1\" xmlns=\"http:\/\/www.w3.org\/2000\/svg\" width=\"25\" height=\"32\" viewBox=\"0 0 25 32\" preserveAspectRatio=\"xMidYMid meet\" role=\"graphics-symbol\" aria-hidden=\"true\">\n<path d=\"M22.976 5.44q1.024 1.024 1.504 2.048t0.48 1.536v0.512l-8.064 8.064-9.28 9.216-7.616 1.664 1.6-7.68 9.28-9.216 8.064-8.064q1.728-0.384 4.032 1.92zM7.168 25.92l0.768-0.768q-0.064-1.408-1.664-3.008-0.704-0.704-1.44-1.12t-1.12-0.416l-0.448-0.064-0.704 0.768-0.576 2.56q0.896 0.512 1.472 1.088 0.768 0.768 1.152 1.536z\"><\/path>\n<\/svg><\/span><span class='slider-fallback-image'><\/span><\/a><div class=\"slide-content\"><header class=\"entry-content-header\" aria-label=\"Slide: ADPV 32\"><h3 class='slide-entry-title entry-title '  itemprop=\"headline\" ><a href='https:\/\/www.palaestina-verein.de\/wp\/wordpress?portfolio=adpv-32' title='ADPV 32'>ADPV 32<\/a><\/h3><span class=\"blog-categories minor-meta\"><a href=\"https:\/\/www.palaestina-verein.de\/wp\/wordpress\/?portfolio_entries=adpv\" rel=\"tag\">ADPV<\/a> <\/span><span class=\"av-vertical-delimiter\"><\/span><\/header><div class='slide-entry-excerpt entry-content'  itemprop=\"text\" >Strobel, August and Wimmer, Stefan (Hg.): Kallirrhoe (En ez-Zara). Dritte Grabungskampagne des Deutschen Evangelischen Instituts f\u00fcr Altertumswissenschaft des Heiligen Landes und Exkursionen in S\u00fcd-Per\u00e4a, 2003.<div class=\"read-more-link\"><a href=\"https:\/\/www.palaestina-verein.de\/wp\/wordpress?portfolio=adpv-32\" class=\"more-link\">Weiterlesen<span class='more-link-arrow avia-svg-icon avia-font-svg_entypo-fontello' data-av_svg_icon='right-open-big' data-av_iconset='svg_entypo-fontello'><svg version=\"1.1\" xmlns=\"http:\/\/www.w3.org\/2000\/svg\" width=\"15\" height=\"32\" viewBox=\"0 0 15 32\" preserveAspectRatio=\"xMidYMid meet\" role=\"graphics-symbol\" aria-hidden=\"true\">\n<path d=\"M0.416 27.84l11.456-11.84-11.456-11.904q-0.832-0.832 0-1.536 0.832-0.832 1.536 0l12.544 12.608q0.768 0.832 0 1.6l-12.544 12.608q-0.704 0.832-1.536 0-0.832-0.704 0-1.536z\"><\/path>\n<\/svg><\/span><\/a><\/div><\/div><\/div><footer class=\"entry-footer\"><div class=\"slide-meta\"><time class='slide-meta-time updated'  itemprop=\"datePublished\" datetime=\"2014-10-17T12:00:42+00:00\" >GMT+0000GMT+0000\/Okt.Okt.\/JJJJ<\/time><\/div><\/footer><span class='hidden'>\n\t\t\t\t<span class='av-structured-data'  itemprop=\"image\" itemscope=\"itemscope\" itemtype=\"https:\/\/schema.org\/ImageObject\" >\n\t\t\t\t\t\t<span itemprop='url'>https:\/\/www.palaestina-verein.de\/wp\/wordpress\/wp-content\/uploads\/logo-only-map1.png<\/span>\n\t\t\t\t\t\t<span itemprop='height'>0<\/span>\n\t\t\t\t\t\t<span itemprop='width'>0<\/span>\n\t\t\t\t<\/span>\n\t\t\t\t<span class='av-structured-data'  itemprop=\"publisher\" itemtype=\"https:\/\/schema.org\/Organization\" itemscope=\"itemscope\" >\n\t\t\t\t\t\t<span itemprop='name'>Stefan M\u00fcnger<\/span>\n\t\t\t\t\t\t<span itemprop='logo' itemscope itemtype='https:\/\/schema.org\/ImageObject'>\n\t\t\t\t\t\t\t<span itemprop='url'>https:\/\/www.palaestina-verein.de\/wp\/wordpress\/wp-content\/uploads\/logo-only-map1.png<\/span>\n\t\t\t\t\t\t<\/span>\n\t\t\t\t<\/span><span class='av-structured-data'  itemprop=\"author\" itemscope=\"itemscope\" itemtype=\"https:\/\/schema.org\/Person\" ><span itemprop='name'>Stefan M\u00fcnger<\/span><\/span><span class='av-structured-data'  itemprop=\"datePublished\" datetime=\"2019-09-29T10:49:22+00:00\" >2014-10-17 12:00:42<\/span><span class='av-structured-data'  itemprop=\"dateModified\" itemtype=\"https:\/\/schema.org\/dateModified\" >2014-10-29 16:16:29<\/span><span class='av-structured-data'  itemprop=\"mainEntityOfPage\" itemtype=\"https:\/\/schema.org\/mainEntityOfPage\" ><span itemprop='name'>ADPV 32<\/span><\/span><\/span><\/article><article class='slide-entry flex_column  post-entry post-entry-1623 slide-entry-overview slide-loop-17 slide-parity-even  av_one_third  fake-thumbnail posttype-portfolio post-format-standard'  itemscope=\"itemscope\" itemtype=\"https:\/\/schema.org\/CreativeWork\" ><a href='https:\/\/www.palaestina-verein.de\/wp\/wordpress?portfolio=adpv-31' data-rel='slide-1' class='slide-image' title='ADPV 31'><span class='fallback-post-type-icon avia-svg-icon avia-font-svg_entypo-fontello' data-av_svg_icon='pencil' data-av_iconset='svg_entypo-fontello'><svg version=\"1.1\" xmlns=\"http:\/\/www.w3.org\/2000\/svg\" width=\"25\" height=\"32\" viewBox=\"0 0 25 32\" preserveAspectRatio=\"xMidYMid meet\" role=\"graphics-symbol\" aria-hidden=\"true\">\n<path d=\"M22.976 5.44q1.024 1.024 1.504 2.048t0.48 1.536v0.512l-8.064 8.064-9.28 9.216-7.616 1.664 1.6-7.68 9.28-9.216 8.064-8.064q1.728-0.384 4.032 1.92zM7.168 25.92l0.768-0.768q-0.064-1.408-1.664-3.008-0.704-0.704-1.44-1.12t-1.12-0.416l-0.448-0.064-0.704 0.768-0.576 2.56q0.896 0.512 1.472 1.088 0.768 0.768 1.152 1.536z\"><\/path>\n<\/svg><\/span><span class='slider-fallback-image'><\/span><\/a><div class=\"slide-content\"><header class=\"entry-content-header\" aria-label=\"Slide: ADPV 31\"><h3 class='slide-entry-title entry-title '  itemprop=\"headline\" ><a href='https:\/\/www.palaestina-verein.de\/wp\/wordpress?portfolio=adpv-31' title='ADPV 31'>ADPV 31<\/a><\/h3><span class=\"blog-categories minor-meta\"><a href=\"https:\/\/www.palaestina-verein.de\/wp\/wordpress\/?portfolio_entries=adpv\" rel=\"tag\">ADPV<\/a> <\/span><span class=\"av-vertical-delimiter\"><\/span><\/header><div class='slide-entry-excerpt entry-content'  itemprop=\"text\" >Genz, Hermann: Ritzverzierte Knochenh\u00fclsen des dritten Jahrtausends im Ostmittelmeerraum. Eine Studie zu den fr\u00fchen Kulturverbindungen zwischen Levante und \u00c4g\u00e4is, 2003<div class=\"read-more-link\"><a href=\"https:\/\/www.palaestina-verein.de\/wp\/wordpress?portfolio=adpv-31\" class=\"more-link\">Weiterlesen<span class='more-link-arrow avia-svg-icon avia-font-svg_entypo-fontello' data-av_svg_icon='right-open-big' data-av_iconset='svg_entypo-fontello'><svg version=\"1.1\" xmlns=\"http:\/\/www.w3.org\/2000\/svg\" width=\"15\" height=\"32\" viewBox=\"0 0 15 32\" preserveAspectRatio=\"xMidYMid meet\" role=\"graphics-symbol\" aria-hidden=\"true\">\n<path d=\"M0.416 27.84l11.456-11.84-11.456-11.904q-0.832-0.832 0-1.536 0.832-0.832 1.536 0l12.544 12.608q0.768 0.832 0 1.6l-12.544 12.608q-0.704 0.832-1.536 0-0.832-0.704 0-1.536z\"><\/path>\n<\/svg><\/span><\/a><\/div><\/div><\/div><footer class=\"entry-footer\"><div class=\"slide-meta\"><time class='slide-meta-time updated'  itemprop=\"datePublished\" datetime=\"2014-10-16T12:00:27+00:00\" >GMT+0000GMT+0000\/Okt.Okt.\/JJJJ<\/time><\/div><\/footer><span class='hidden'>\n\t\t\t\t<span class='av-structured-data'  itemprop=\"image\" itemscope=\"itemscope\" itemtype=\"https:\/\/schema.org\/ImageObject\" >\n\t\t\t\t\t\t<span itemprop='url'>https:\/\/www.palaestina-verein.de\/wp\/wordpress\/wp-content\/uploads\/logo-only-map1.png<\/span>\n\t\t\t\t\t\t<span itemprop='height'>0<\/span>\n\t\t\t\t\t\t<span itemprop='width'>0<\/span>\n\t\t\t\t<\/span>\n\t\t\t\t<span class='av-structured-data'  itemprop=\"publisher\" itemtype=\"https:\/\/schema.org\/Organization\" itemscope=\"itemscope\" >\n\t\t\t\t\t\t<span itemprop='name'>Stefan M\u00fcnger<\/span>\n\t\t\t\t\t\t<span itemprop='logo' itemscope itemtype='https:\/\/schema.org\/ImageObject'>\n\t\t\t\t\t\t\t<span itemprop='url'>https:\/\/www.palaestina-verein.de\/wp\/wordpress\/wp-content\/uploads\/logo-only-map1.png<\/span>\n\t\t\t\t\t\t<\/span>\n\t\t\t\t<\/span><span class='av-structured-data'  itemprop=\"author\" itemscope=\"itemscope\" itemtype=\"https:\/\/schema.org\/Person\" ><span itemprop='name'>Stefan M\u00fcnger<\/span><\/span><span class='av-structured-data'  itemprop=\"datePublished\" datetime=\"2019-09-29T10:49:22+00:00\" >2014-10-16 12:00:27<\/span><span class='av-structured-data'  itemprop=\"dateModified\" itemtype=\"https:\/\/schema.org\/dateModified\" >2014-10-29 16:16:54<\/span><span class='av-structured-data'  itemprop=\"mainEntityOfPage\" itemtype=\"https:\/\/schema.org\/mainEntityOfPage\" ><span itemprop='name'>ADPV 31<\/span><\/span><\/span><\/article><article class='slide-entry flex_column  post-entry post-entry-1624 slide-entry-overview slide-loop-18 slide-parity-odd  av_one_third  fake-thumbnail posttype-portfolio post-format-standard'  itemscope=\"itemscope\" itemtype=\"https:\/\/schema.org\/CreativeWork\" ><a href='https:\/\/www.palaestina-verein.de\/wp\/wordpress?portfolio=adpv-30' data-rel='slide-1' class='slide-image' title='ADPV 30'><span class='fallback-post-type-icon avia-svg-icon avia-font-svg_entypo-fontello' data-av_svg_icon='pencil' data-av_iconset='svg_entypo-fontello'><svg version=\"1.1\" xmlns=\"http:\/\/www.w3.org\/2000\/svg\" width=\"25\" height=\"32\" viewBox=\"0 0 25 32\" preserveAspectRatio=\"xMidYMid meet\" role=\"graphics-symbol\" aria-hidden=\"true\">\n<path d=\"M22.976 5.44q1.024 1.024 1.504 2.048t0.48 1.536v0.512l-8.064 8.064-9.28 9.216-7.616 1.664 1.6-7.68 9.28-9.216 8.064-8.064q1.728-0.384 4.032 1.92zM7.168 25.92l0.768-0.768q-0.064-1.408-1.664-3.008-0.704-0.704-1.44-1.12t-1.12-0.416l-0.448-0.064-0.704 0.768-0.576 2.56q0.896 0.512 1.472 1.088 0.768 0.768 1.152 1.536z\"><\/path>\n<\/svg><\/span><span class='slider-fallback-image'><\/span><\/a><div class=\"slide-content\"><header class=\"entry-content-header\" aria-label=\"Slide: ADPV 30\"><h3 class='slide-entry-title entry-title '  itemprop=\"headline\" ><a href='https:\/\/www.palaestina-verein.de\/wp\/wordpress?portfolio=adpv-30' title='ADPV 30'>ADPV 30<\/a><\/h3><span class=\"blog-categories minor-meta\"><a href=\"https:\/\/www.palaestina-verein.de\/wp\/wordpress\/?portfolio_entries=adpv\" rel=\"tag\">ADPV<\/a> <\/span><span class=\"av-vertical-delimiter\"><\/span><\/header><div class='slide-entry-excerpt entry-content'  itemprop=\"text\" >Weber, Thomas M: Gadara - Umm Qes I. Gadara Decapolitana. Untersuchungen zur Topographie, Geschichte, Architektur und der Bildenden Kunst einer \"Polis Hellenis\" im Ostjordanland, 2002.<div class=\"read-more-link\"><a href=\"https:\/\/www.palaestina-verein.de\/wp\/wordpress?portfolio=adpv-30\" class=\"more-link\">Weiterlesen<span class='more-link-arrow avia-svg-icon avia-font-svg_entypo-fontello' data-av_svg_icon='right-open-big' data-av_iconset='svg_entypo-fontello'><svg version=\"1.1\" xmlns=\"http:\/\/www.w3.org\/2000\/svg\" width=\"15\" height=\"32\" viewBox=\"0 0 15 32\" preserveAspectRatio=\"xMidYMid meet\" role=\"graphics-symbol\" aria-hidden=\"true\">\n<path d=\"M0.416 27.84l11.456-11.84-11.456-11.904q-0.832-0.832 0-1.536 0.832-0.832 1.536 0l12.544 12.608q0.768 0.832 0 1.6l-12.544 12.608q-0.704 0.832-1.536 0-0.832-0.704 0-1.536z\"><\/path>\n<\/svg><\/span><\/a><\/div><\/div><\/div><footer class=\"entry-footer\"><div class=\"slide-meta\"><time class='slide-meta-time updated'  itemprop=\"datePublished\" datetime=\"2014-10-15T12:00:30+00:00\" >GMT+0000GMT+0000\/Okt.Okt.\/JJJJ<\/time><\/div><\/footer><span class='hidden'>\n\t\t\t\t<span class='av-structured-data'  itemprop=\"image\" itemscope=\"itemscope\" itemtype=\"https:\/\/schema.org\/ImageObject\" >\n\t\t\t\t\t\t<span itemprop='url'>https:\/\/www.palaestina-verein.de\/wp\/wordpress\/wp-content\/uploads\/logo-only-map1.png<\/span>\n\t\t\t\t\t\t<span itemprop='height'>0<\/span>\n\t\t\t\t\t\t<span itemprop='width'>0<\/span>\n\t\t\t\t<\/span>\n\t\t\t\t<span class='av-structured-data'  itemprop=\"publisher\" itemtype=\"https:\/\/schema.org\/Organization\" itemscope=\"itemscope\" >\n\t\t\t\t\t\t<span itemprop='name'>Stefan M\u00fcnger<\/span>\n\t\t\t\t\t\t<span itemprop='logo' itemscope itemtype='https:\/\/schema.org\/ImageObject'>\n\t\t\t\t\t\t\t<span itemprop='url'>https:\/\/www.palaestina-verein.de\/wp\/wordpress\/wp-content\/uploads\/logo-only-map1.png<\/span>\n\t\t\t\t\t\t<\/span>\n\t\t\t\t<\/span><span class='av-structured-data'  itemprop=\"author\" itemscope=\"itemscope\" itemtype=\"https:\/\/schema.org\/Person\" ><span itemprop='name'>Stefan M\u00fcnger<\/span><\/span><span class='av-structured-data'  itemprop=\"datePublished\" datetime=\"2019-09-29T10:49:22+00:00\" >2014-10-15 12:00:30<\/span><span class='av-structured-data'  itemprop=\"dateModified\" itemtype=\"https:\/\/schema.org\/dateModified\" >2014-10-29 16:17:38<\/span><span class='av-structured-data'  itemprop=\"mainEntityOfPage\" itemtype=\"https:\/\/schema.org\/mainEntityOfPage\" ><span itemprop='name'>ADPV 30<\/span><\/span><\/span><\/article><\/div><div class=\"slide-entry-wrap\"><article class='slide-entry flex_column  post-entry post-entry-1625 slide-entry-overview slide-loop-19 slide-parity-odd  av_one_third first fake-thumbnail posttype-portfolio post-format-standard'  itemscope=\"itemscope\" itemtype=\"https:\/\/schema.org\/CreativeWork\" ><a href='https:\/\/www.palaestina-verein.de\/wp\/wordpress?portfolio=adpv-29' data-rel='slide-1' class='slide-image' title='ADPV 29'><span class='fallback-post-type-icon avia-svg-icon avia-font-svg_entypo-fontello' data-av_svg_icon='pencil' data-av_iconset='svg_entypo-fontello'><svg version=\"1.1\" xmlns=\"http:\/\/www.w3.org\/2000\/svg\" width=\"25\" height=\"32\" viewBox=\"0 0 25 32\" preserveAspectRatio=\"xMidYMid meet\" role=\"graphics-symbol\" aria-hidden=\"true\">\n<path d=\"M22.976 5.44q1.024 1.024 1.504 2.048t0.48 1.536v0.512l-8.064 8.064-9.28 9.216-7.616 1.664 1.6-7.68 9.28-9.216 8.064-8.064q1.728-0.384 4.032 1.92zM7.168 25.92l0.768-0.768q-0.064-1.408-1.664-3.008-0.704-0.704-1.44-1.12t-1.12-0.416l-0.448-0.064-0.704 0.768-0.576 2.56q0.896 0.512 1.472 1.088 0.768 0.768 1.152 1.536z\"><\/path>\n<\/svg><\/span><span class='slider-fallback-image'><\/span><\/a><div class=\"slide-content\"><header class=\"entry-content-header\" aria-label=\"Slide: ADPV 29\"><h3 class='slide-entry-title entry-title '  itemprop=\"headline\" ><a href='https:\/\/www.palaestina-verein.de\/wp\/wordpress?portfolio=adpv-29' title='ADPV 29'>ADPV 29<\/a><\/h3><span class=\"blog-categories minor-meta\"><a href=\"https:\/\/www.palaestina-verein.de\/wp\/wordpress\/?portfolio_entries=adpv\" rel=\"tag\">ADPV<\/a> <\/span><span class=\"av-vertical-delimiter\"><\/span><\/header><div class='slide-entry-excerpt entry-content'  itemprop=\"text\" >Lichtenberger, Achim: Kulte und Kultur der Dekapolis. Untersuchungen zu numismatischen, arch\u00e4ologischen und epigraphischen Zeugnissen, 2004.<div class=\"read-more-link\"><a href=\"https:\/\/www.palaestina-verein.de\/wp\/wordpress?portfolio=adpv-29\" class=\"more-link\">Weiterlesen<span class='more-link-arrow avia-svg-icon avia-font-svg_entypo-fontello' data-av_svg_icon='right-open-big' data-av_iconset='svg_entypo-fontello'><svg version=\"1.1\" xmlns=\"http:\/\/www.w3.org\/2000\/svg\" width=\"15\" height=\"32\" viewBox=\"0 0 15 32\" preserveAspectRatio=\"xMidYMid meet\" role=\"graphics-symbol\" aria-hidden=\"true\">\n<path d=\"M0.416 27.84l11.456-11.84-11.456-11.904q-0.832-0.832 0-1.536 0.832-0.832 1.536 0l12.544 12.608q0.768 0.832 0 1.6l-12.544 12.608q-0.704 0.832-1.536 0-0.832-0.704 0-1.536z\"><\/path>\n<\/svg><\/span><\/a><\/div><\/div><\/div><footer class=\"entry-footer\"><div class=\"slide-meta\"><time class='slide-meta-time updated'  itemprop=\"datePublished\" datetime=\"2014-10-14T12:00:29+00:00\" >GMT+0000GMT+0000\/Okt.Okt.\/JJJJ<\/time><\/div><\/footer><span class='hidden'>\n\t\t\t\t<span class='av-structured-data'  itemprop=\"image\" itemscope=\"itemscope\" itemtype=\"https:\/\/schema.org\/ImageObject\" >\n\t\t\t\t\t\t<span itemprop='url'>https:\/\/www.palaestina-verein.de\/wp\/wordpress\/wp-content\/uploads\/logo-only-map1.png<\/span>\n\t\t\t\t\t\t<span itemprop='height'>0<\/span>\n\t\t\t\t\t\t<span itemprop='width'>0<\/span>\n\t\t\t\t<\/span>\n\t\t\t\t<span class='av-structured-data'  itemprop=\"publisher\" itemtype=\"https:\/\/schema.org\/Organization\" itemscope=\"itemscope\" >\n\t\t\t\t\t\t<span itemprop='name'>Stefan M\u00fcnger<\/span>\n\t\t\t\t\t\t<span itemprop='logo' itemscope itemtype='https:\/\/schema.org\/ImageObject'>\n\t\t\t\t\t\t\t<span itemprop='url'>https:\/\/www.palaestina-verein.de\/wp\/wordpress\/wp-content\/uploads\/logo-only-map1.png<\/span>\n\t\t\t\t\t\t<\/span>\n\t\t\t\t<\/span><span class='av-structured-data'  itemprop=\"author\" itemscope=\"itemscope\" itemtype=\"https:\/\/schema.org\/Person\" ><span itemprop='name'>Stefan M\u00fcnger<\/span><\/span><span class='av-structured-data'  itemprop=\"datePublished\" datetime=\"2019-09-29T10:49:22+00:00\" >2014-10-14 12:00:29<\/span><span class='av-structured-data'  itemprop=\"dateModified\" itemtype=\"https:\/\/schema.org\/dateModified\" >2014-10-29 16:18:12<\/span><span class='av-structured-data'  itemprop=\"mainEntityOfPage\" itemtype=\"https:\/\/schema.org\/mainEntityOfPage\" ><span itemprop='name'>ADPV 29<\/span><\/span><\/span><\/article><article class='slide-entry flex_column  post-entry post-entry-1626 slide-entry-overview slide-loop-20 slide-parity-even  av_one_third  fake-thumbnail posttype-portfolio post-format-standard'  itemscope=\"itemscope\" itemtype=\"https:\/\/schema.org\/CreativeWork\" ><a href='https:\/\/www.palaestina-verein.de\/wp\/wordpress?portfolio=adpv-28' data-rel='slide-1' class='slide-image' title='ADPV 28'><span class='fallback-post-type-icon avia-svg-icon avia-font-svg_entypo-fontello' data-av_svg_icon='pencil' data-av_iconset='svg_entypo-fontello'><svg version=\"1.1\" xmlns=\"http:\/\/www.w3.org\/2000\/svg\" width=\"25\" height=\"32\" viewBox=\"0 0 25 32\" preserveAspectRatio=\"xMidYMid meet\" role=\"graphics-symbol\" aria-hidden=\"true\">\n<path d=\"M22.976 5.44q1.024 1.024 1.504 2.048t0.48 1.536v0.512l-8.064 8.064-9.28 9.216-7.616 1.664 1.6-7.68 9.28-9.216 8.064-8.064q1.728-0.384 4.032 1.92zM7.168 25.92l0.768-0.768q-0.064-1.408-1.664-3.008-0.704-0.704-1.44-1.12t-1.12-0.416l-0.448-0.064-0.704 0.768-0.576 2.56q0.896 0.512 1.472 1.088 0.768 0.768 1.152 1.536z\"><\/path>\n<\/svg><\/span><span class='slider-fallback-image'><\/span><\/a><div class=\"slide-content\"><header class=\"entry-content-header\" aria-label=\"Slide: ADPV 28\"><h3 class='slide-entry-title entry-title '  itemprop=\"headline\" ><a href='https:\/\/www.palaestina-verein.de\/wp\/wordpress?portfolio=adpv-28' title='ADPV 28'>ADPV 28<\/a><\/h3><span class=\"blog-categories minor-meta\"><a href=\"https:\/\/www.palaestina-verein.de\/wp\/wordpress\/?portfolio_entries=adpv\" rel=\"tag\">ADPV<\/a> <\/span><span class=\"av-vertical-delimiter\"><\/span><\/header><div class='slide-entry-excerpt entry-content'  itemprop=\"text\" >Schlipphak, Roswitha: Wandappliken der Sp\u00e4tbronze- und Eisenzeit im \u00f6stlichen Mittelmeerraum, 2001.<div class=\"read-more-link\"><a href=\"https:\/\/www.palaestina-verein.de\/wp\/wordpress?portfolio=adpv-28\" class=\"more-link\">Weiterlesen<span class='more-link-arrow avia-svg-icon avia-font-svg_entypo-fontello' data-av_svg_icon='right-open-big' data-av_iconset='svg_entypo-fontello'><svg version=\"1.1\" xmlns=\"http:\/\/www.w3.org\/2000\/svg\" width=\"15\" height=\"32\" viewBox=\"0 0 15 32\" preserveAspectRatio=\"xMidYMid meet\" role=\"graphics-symbol\" aria-hidden=\"true\">\n<path d=\"M0.416 27.84l11.456-11.84-11.456-11.904q-0.832-0.832 0-1.536 0.832-0.832 1.536 0l12.544 12.608q0.768 0.832 0 1.6l-12.544 12.608q-0.704 0.832-1.536 0-0.832-0.704 0-1.536z\"><\/path>\n<\/svg><\/span><\/a><\/div><\/div><\/div><footer class=\"entry-footer\"><div class=\"slide-meta\"><time class='slide-meta-time updated'  itemprop=\"datePublished\" datetime=\"2014-10-13T12:00:30+00:00\" >GMT+0000GMT+0000\/Okt.Okt.\/JJJJ<\/time><\/div><\/footer><span class='hidden'>\n\t\t\t\t<span class='av-structured-data'  itemprop=\"image\" itemscope=\"itemscope\" itemtype=\"https:\/\/schema.org\/ImageObject\" >\n\t\t\t\t\t\t<span itemprop='url'>https:\/\/www.palaestina-verein.de\/wp\/wordpress\/wp-content\/uploads\/logo-only-map1.png<\/span>\n\t\t\t\t\t\t<span itemprop='height'>0<\/span>\n\t\t\t\t\t\t<span itemprop='width'>0<\/span>\n\t\t\t\t<\/span>\n\t\t\t\t<span class='av-structured-data'  itemprop=\"publisher\" itemtype=\"https:\/\/schema.org\/Organization\" itemscope=\"itemscope\" >\n\t\t\t\t\t\t<span itemprop='name'>Stefan M\u00fcnger<\/span>\n\t\t\t\t\t\t<span itemprop='logo' itemscope itemtype='https:\/\/schema.org\/ImageObject'>\n\t\t\t\t\t\t\t<span itemprop='url'>https:\/\/www.palaestina-verein.de\/wp\/wordpress\/wp-content\/uploads\/logo-only-map1.png<\/span>\n\t\t\t\t\t\t<\/span>\n\t\t\t\t<\/span><span class='av-structured-data'  itemprop=\"author\" itemscope=\"itemscope\" itemtype=\"https:\/\/schema.org\/Person\" ><span itemprop='name'>Stefan M\u00fcnger<\/span><\/span><span class='av-structured-data'  itemprop=\"datePublished\" datetime=\"2019-09-29T10:49:22+00:00\" >2014-10-13 12:00:30<\/span><span class='av-structured-data'  itemprop=\"dateModified\" itemtype=\"https:\/\/schema.org\/dateModified\" >2014-10-29 16:18:37<\/span><span class='av-structured-data'  itemprop=\"mainEntityOfPage\" itemtype=\"https:\/\/schema.org\/mainEntityOfPage\" ><span itemprop='name'>ADPV 28<\/span><\/span><\/span><\/article><article class='slide-entry flex_column  post-entry post-entry-1629 slide-entry-overview slide-loop-21 slide-parity-odd  av_one_third  fake-thumbnail posttype-portfolio post-format-standard'  itemscope=\"itemscope\" itemtype=\"https:\/\/schema.org\/CreativeWork\" ><a href='https:\/\/www.palaestina-verein.de\/wp\/wordpress?portfolio=adpv-27-teil-3' data-rel='slide-1' class='slide-image' title='ADPV 27 &#8211; Teil 3'><span class='fallback-post-type-icon avia-svg-icon avia-font-svg_entypo-fontello' data-av_svg_icon='pencil' data-av_iconset='svg_entypo-fontello'><svg version=\"1.1\" xmlns=\"http:\/\/www.w3.org\/2000\/svg\" width=\"25\" height=\"32\" viewBox=\"0 0 25 32\" preserveAspectRatio=\"xMidYMid meet\" role=\"graphics-symbol\" aria-hidden=\"true\">\n<path d=\"M22.976 5.44q1.024 1.024 1.504 2.048t0.48 1.536v0.512l-8.064 8.064-9.28 9.216-7.616 1.664 1.6-7.68 9.28-9.216 8.064-8.064q1.728-0.384 4.032 1.92zM7.168 25.92l0.768-0.768q-0.064-1.408-1.664-3.008-0.704-0.704-1.44-1.12t-1.12-0.416l-0.448-0.064-0.704 0.768-0.576 2.56q0.896 0.512 1.472 1.088 0.768 0.768 1.152 1.536z\"><\/path>\n<\/svg><\/span><span class='slider-fallback-image'><\/span><\/a><div class=\"slide-content\"><header class=\"entry-content-header\" aria-label=\"Slide: ADPV 27 - Teil 3\"><h3 class='slide-entry-title entry-title '  itemprop=\"headline\" ><a href='https:\/\/www.palaestina-verein.de\/wp\/wordpress?portfolio=adpv-27-teil-3' title='ADPV 27 &#8211; Teil 3'>ADPV 27 &#8211; Teil 3<\/a><\/h3><span class=\"blog-categories minor-meta\"><a href=\"https:\/\/www.palaestina-verein.de\/wp\/wordpress\/?portfolio_entries=adpv\" rel=\"tag\">ADPV<\/a> <\/span><span class=\"av-vertical-delimiter\"><\/span><\/header><div class='slide-entry-excerpt entry-content'  itemprop=\"text\" >Douglas, Khaled: Deutsch-jordanische Ausgrabungen in Hirbet ez-Zeraqon 1984-1994. Endberichte Band III (1). Die Befestigung der Unterstadt von Hirbet ez Zeraqon im Rahmen der fr\u00fchbronzezeitlichen Fortifikationen in Pal\u00e4stina, 2008.<div class=\"read-more-link\"><a href=\"https:\/\/www.palaestina-verein.de\/wp\/wordpress?portfolio=adpv-27-teil-3\" class=\"more-link\">Weiterlesen<span class='more-link-arrow avia-svg-icon avia-font-svg_entypo-fontello' data-av_svg_icon='right-open-big' data-av_iconset='svg_entypo-fontello'><svg version=\"1.1\" xmlns=\"http:\/\/www.w3.org\/2000\/svg\" width=\"15\" height=\"32\" viewBox=\"0 0 15 32\" preserveAspectRatio=\"xMidYMid meet\" role=\"graphics-symbol\" aria-hidden=\"true\">\n<path d=\"M0.416 27.84l11.456-11.84-11.456-11.904q-0.832-0.832 0-1.536 0.832-0.832 1.536 0l12.544 12.608q0.768 0.832 0 1.6l-12.544 12.608q-0.704 0.832-1.536 0-0.832-0.704 0-1.536z\"><\/path>\n<\/svg><\/span><\/a><\/div><\/div><\/div><footer class=\"entry-footer\"><div class=\"slide-meta\"><time class='slide-meta-time updated'  itemprop=\"datePublished\" datetime=\"2014-10-12T12:00:40+00:00\" >GMT+0000GMT+0000\/Okt.Okt.\/JJJJ<\/time><\/div><\/footer><span class='hidden'>\n\t\t\t\t<span class='av-structured-data'  itemprop=\"image\" itemscope=\"itemscope\" itemtype=\"https:\/\/schema.org\/ImageObject\" >\n\t\t\t\t\t\t<span itemprop='url'>https:\/\/www.palaestina-verein.de\/wp\/wordpress\/wp-content\/uploads\/logo-only-map1.png<\/span>\n\t\t\t\t\t\t<span itemprop='height'>0<\/span>\n\t\t\t\t\t\t<span itemprop='width'>0<\/span>\n\t\t\t\t<\/span>\n\t\t\t\t<span class='av-structured-data'  itemprop=\"publisher\" itemtype=\"https:\/\/schema.org\/Organization\" itemscope=\"itemscope\" >\n\t\t\t\t\t\t<span itemprop='name'>Stefan M\u00fcnger<\/span>\n\t\t\t\t\t\t<span itemprop='logo' itemscope itemtype='https:\/\/schema.org\/ImageObject'>\n\t\t\t\t\t\t\t<span itemprop='url'>https:\/\/www.palaestina-verein.de\/wp\/wordpress\/wp-content\/uploads\/logo-only-map1.png<\/span>\n\t\t\t\t\t\t<\/span>\n\t\t\t\t<\/span><span class='av-structured-data'  itemprop=\"author\" itemscope=\"itemscope\" itemtype=\"https:\/\/schema.org\/Person\" ><span itemprop='name'>Stefan M\u00fcnger<\/span><\/span><span class='av-structured-data'  itemprop=\"datePublished\" datetime=\"2019-09-29T10:49:22+00:00\" >2014-10-12 12:00:40<\/span><span class='av-structured-data'  itemprop=\"dateModified\" itemtype=\"https:\/\/schema.org\/dateModified\" >2014-10-29 16:19:31<\/span><span class='av-structured-data'  itemprop=\"mainEntityOfPage\" itemtype=\"https:\/\/schema.org\/mainEntityOfPage\" ><span itemprop='name'>ADPV 27 &#8211; Teil 3<\/span><\/span><\/span><\/article><\/div><div class=\"slide-entry-wrap\"><article class='slide-entry flex_column  post-entry post-entry-1628 slide-entry-overview slide-loop-22 slide-parity-odd  av_one_third first fake-thumbnail posttype-portfolio post-format-standard'  itemscope=\"itemscope\" itemtype=\"https:\/\/schema.org\/CreativeWork\" ><a href='https:\/\/www.palaestina-verein.de\/wp\/wordpress?portfolio=adpv-27-teil-2' data-rel='slide-1' class='slide-image' title='ADPV 27 &#8211; Teil 2'><span class='fallback-post-type-icon avia-svg-icon avia-font-svg_entypo-fontello' data-av_svg_icon='pencil' data-av_iconset='svg_entypo-fontello'><svg version=\"1.1\" xmlns=\"http:\/\/www.w3.org\/2000\/svg\" width=\"25\" height=\"32\" viewBox=\"0 0 25 32\" preserveAspectRatio=\"xMidYMid meet\" role=\"graphics-symbol\" aria-hidden=\"true\">\n<path d=\"M22.976 5.44q1.024 1.024 1.504 2.048t0.48 1.536v0.512l-8.064 8.064-9.28 9.216-7.616 1.664 1.6-7.68 9.28-9.216 8.064-8.064q1.728-0.384 4.032 1.92zM7.168 25.92l0.768-0.768q-0.064-1.408-1.664-3.008-0.704-0.704-1.44-1.12t-1.12-0.416l-0.448-0.064-0.704 0.768-0.576 2.56q0.896 0.512 1.472 1.088 0.768 0.768 1.152 1.536z\"><\/path>\n<\/svg><\/span><span class='slider-fallback-image'><\/span><\/a><div class=\"slide-content\"><header class=\"entry-content-header\" aria-label=\"Slide: ADPV 27 - Teil 2\"><h3 class='slide-entry-title entry-title '  itemprop=\"headline\" ><a href='https:\/\/www.palaestina-verein.de\/wp\/wordpress?portfolio=adpv-27-teil-2' title='ADPV 27 &#8211; Teil 2'>ADPV 27 &#8211; Teil 2<\/a><\/h3><span class=\"blog-categories minor-meta\"><a href=\"https:\/\/www.palaestina-verein.de\/wp\/wordpress\/?portfolio_entries=adpv\" rel=\"tag\">ADPV<\/a> <\/span><span class=\"av-vertical-delimiter\"><\/span><\/header><div class='slide-entry-excerpt entry-content'  itemprop=\"text\" >Kamlah, Jens: Der Zeraqon-Survey 1989-1994. Mit Beitr\u00e4gen zur Methodik und geschichtlichen Auswertung arch\u00e4ologischer Oberfl\u00e4chenuntersuchungen in Pal\u00e4stina, 2000.<div class=\"read-more-link\"><a href=\"https:\/\/www.palaestina-verein.de\/wp\/wordpress?portfolio=adpv-27-teil-2\" class=\"more-link\">Weiterlesen<span class='more-link-arrow avia-svg-icon avia-font-svg_entypo-fontello' data-av_svg_icon='right-open-big' data-av_iconset='svg_entypo-fontello'><svg version=\"1.1\" xmlns=\"http:\/\/www.w3.org\/2000\/svg\" width=\"15\" height=\"32\" viewBox=\"0 0 15 32\" preserveAspectRatio=\"xMidYMid meet\" role=\"graphics-symbol\" aria-hidden=\"true\">\n<path d=\"M0.416 27.84l11.456-11.84-11.456-11.904q-0.832-0.832 0-1.536 0.832-0.832 1.536 0l12.544 12.608q0.768 0.832 0 1.6l-12.544 12.608q-0.704 0.832-1.536 0-0.832-0.704 0-1.536z\"><\/path>\n<\/svg><\/span><\/a><\/div><\/div><\/div><footer class=\"entry-footer\"><div class=\"slide-meta\"><time class='slide-meta-time updated'  itemprop=\"datePublished\" datetime=\"2014-10-12T11:00:45+00:00\" >GMT+0000GMT+0000\/Okt.Okt.\/JJJJ<\/time><\/div><\/footer><span class='hidden'>\n\t\t\t\t<span class='av-structured-data'  itemprop=\"image\" itemscope=\"itemscope\" itemtype=\"https:\/\/schema.org\/ImageObject\" >\n\t\t\t\t\t\t<span itemprop='url'>https:\/\/www.palaestina-verein.de\/wp\/wordpress\/wp-content\/uploads\/logo-only-map1.png<\/span>\n\t\t\t\t\t\t<span itemprop='height'>0<\/span>\n\t\t\t\t\t\t<span itemprop='width'>0<\/span>\n\t\t\t\t<\/span>\n\t\t\t\t<span class='av-structured-data'  itemprop=\"publisher\" itemtype=\"https:\/\/schema.org\/Organization\" itemscope=\"itemscope\" >\n\t\t\t\t\t\t<span itemprop='name'>Stefan M\u00fcnger<\/span>\n\t\t\t\t\t\t<span itemprop='logo' itemscope itemtype='https:\/\/schema.org\/ImageObject'>\n\t\t\t\t\t\t\t<span itemprop='url'>https:\/\/www.palaestina-verein.de\/wp\/wordpress\/wp-content\/uploads\/logo-only-map1.png<\/span>\n\t\t\t\t\t\t<\/span>\n\t\t\t\t<\/span><span class='av-structured-data'  itemprop=\"author\" itemscope=\"itemscope\" itemtype=\"https:\/\/schema.org\/Person\" ><span itemprop='name'>Stefan M\u00fcnger<\/span><\/span><span class='av-structured-data'  itemprop=\"datePublished\" datetime=\"2019-09-29T10:49:22+00:00\" >2014-10-12 11:00:45<\/span><span class='av-structured-data'  itemprop=\"dateModified\" itemtype=\"https:\/\/schema.org\/dateModified\" >2014-10-29 16:19:52<\/span><span class='av-structured-data'  itemprop=\"mainEntityOfPage\" itemtype=\"https:\/\/schema.org\/mainEntityOfPage\" ><span itemprop='name'>ADPV 27 &#8211; Teil 2<\/span><\/span><\/span><\/article><article class='slide-entry flex_column  post-entry post-entry-1627 slide-entry-overview slide-loop-23 slide-parity-even  av_one_third  fake-thumbnail posttype-portfolio post-format-standard'  itemscope=\"itemscope\" itemtype=\"https:\/\/schema.org\/CreativeWork\" ><a href='https:\/\/www.palaestina-verein.de\/wp\/wordpress?portfolio=adpv-27-teil-1' data-rel='slide-1' class='slide-image' title='ADPV 27 &#8211; Teil 1'><span class='fallback-post-type-icon avia-svg-icon avia-font-svg_entypo-fontello' data-av_svg_icon='pencil' data-av_iconset='svg_entypo-fontello'><svg version=\"1.1\" xmlns=\"http:\/\/www.w3.org\/2000\/svg\" width=\"25\" height=\"32\" viewBox=\"0 0 25 32\" preserveAspectRatio=\"xMidYMid meet\" role=\"graphics-symbol\" aria-hidden=\"true\">\n<path d=\"M22.976 5.44q1.024 1.024 1.504 2.048t0.48 1.536v0.512l-8.064 8.064-9.28 9.216-7.616 1.664 1.6-7.68 9.28-9.216 8.064-8.064q1.728-0.384 4.032 1.92zM7.168 25.92l0.768-0.768q-0.064-1.408-1.664-3.008-0.704-0.704-1.44-1.12t-1.12-0.416l-0.448-0.064-0.704 0.768-0.576 2.56q0.896 0.512 1.472 1.088 0.768 0.768 1.152 1.536z\"><\/path>\n<\/svg><\/span><span class='slider-fallback-image'><\/span><\/a><div class=\"slide-content\"><header class=\"entry-content-header\" aria-label=\"Slide: ADPV 27 - Teil 1\"><h3 class='slide-entry-title entry-title '  itemprop=\"headline\" ><a href='https:\/\/www.palaestina-verein.de\/wp\/wordpress?portfolio=adpv-27-teil-1' title='ADPV 27 &#8211; Teil 1'>ADPV 27 &#8211; Teil 1<\/a><\/h3><span class=\"blog-categories minor-meta\"><a href=\"https:\/\/www.palaestina-verein.de\/wp\/wordpress\/?portfolio_entries=adpv\" rel=\"tag\">ADPV<\/a> <\/span><span class=\"av-vertical-delimiter\"><\/span><\/header><div class='slide-entry-excerpt entry-content'  itemprop=\"text\" >Genz, Hermann: Die fr\u00fchbronzezeitliche Keramik von Hirbet ez-Zeraqon. Mit Studien zur Chronologie und funktionalen Deutung fr\u00fchbronzezeitlicher Keramik in der s\u00fcdlichen Levante. Band V, 2002.<div class=\"read-more-link\"><a href=\"https:\/\/www.palaestina-verein.de\/wp\/wordpress?portfolio=adpv-27-teil-1\" class=\"more-link\">Weiterlesen<span class='more-link-arrow avia-svg-icon avia-font-svg_entypo-fontello' data-av_svg_icon='right-open-big' data-av_iconset='svg_entypo-fontello'><svg version=\"1.1\" xmlns=\"http:\/\/www.w3.org\/2000\/svg\" width=\"15\" height=\"32\" viewBox=\"0 0 15 32\" preserveAspectRatio=\"xMidYMid meet\" role=\"graphics-symbol\" aria-hidden=\"true\">\n<path d=\"M0.416 27.84l11.456-11.84-11.456-11.904q-0.832-0.832 0-1.536 0.832-0.832 1.536 0l12.544 12.608q0.768 0.832 0 1.6l-12.544 12.608q-0.704 0.832-1.536 0-0.832-0.704 0-1.536z\"><\/path>\n<\/svg><\/span><\/a><\/div><\/div><\/div><footer class=\"entry-footer\"><div class=\"slide-meta\"><time class='slide-meta-time updated'  itemprop=\"datePublished\" datetime=\"2014-10-12T10:00:30+00:00\" >GMT+0000GMT+0000\/Okt.Okt.\/JJJJ<\/time><\/div><\/footer><span class='hidden'>\n\t\t\t\t<span class='av-structured-data'  itemprop=\"image\" itemscope=\"itemscope\" itemtype=\"https:\/\/schema.org\/ImageObject\" >\n\t\t\t\t\t\t<span itemprop='url'>https:\/\/www.palaestina-verein.de\/wp\/wordpress\/wp-content\/uploads\/logo-only-map1.png<\/span>\n\t\t\t\t\t\t<span itemprop='height'>0<\/span>\n\t\t\t\t\t\t<span itemprop='width'>0<\/span>\n\t\t\t\t<\/span>\n\t\t\t\t<span class='av-structured-data'  itemprop=\"publisher\" itemtype=\"https:\/\/schema.org\/Organization\" itemscope=\"itemscope\" >\n\t\t\t\t\t\t<span itemprop='name'>Stefan M\u00fcnger<\/span>\n\t\t\t\t\t\t<span itemprop='logo' itemscope itemtype='https:\/\/schema.org\/ImageObject'>\n\t\t\t\t\t\t\t<span itemprop='url'>https:\/\/www.palaestina-verein.de\/wp\/wordpress\/wp-content\/uploads\/logo-only-map1.png<\/span>\n\t\t\t\t\t\t<\/span>\n\t\t\t\t<\/span><span class='av-structured-data'  itemprop=\"author\" itemscope=\"itemscope\" itemtype=\"https:\/\/schema.org\/Person\" ><span itemprop='name'>Stefan M\u00fcnger<\/span><\/span><span class='av-structured-data'  itemprop=\"datePublished\" datetime=\"2019-09-29T10:49:22+00:00\" >2014-10-12 10:00:30<\/span><span class='av-structured-data'  itemprop=\"dateModified\" itemtype=\"https:\/\/schema.org\/dateModified\" >2014-10-29 16:20:14<\/span><span class='av-structured-data'  itemprop=\"mainEntityOfPage\" itemtype=\"https:\/\/schema.org\/mainEntityOfPage\" ><span itemprop='name'>ADPV 27 &#8211; Teil 1<\/span><\/span><\/span><\/article><article class='slide-entry flex_column  post-entry post-entry-1630 slide-entry-overview slide-loop-24 slide-parity-odd  av_one_third  fake-thumbnail posttype-portfolio post-format-standard'  itemscope=\"itemscope\" itemtype=\"https:\/\/schema.org\/CreativeWork\" ><a href='https:\/\/www.palaestina-verein.de\/wp\/wordpress?portfolio=adpv-26' data-rel='slide-1' class='slide-image' title='ADPV 26'><span class='fallback-post-type-icon avia-svg-icon avia-font-svg_entypo-fontello' data-av_svg_icon='pencil' data-av_iconset='svg_entypo-fontello'><svg version=\"1.1\" xmlns=\"http:\/\/www.w3.org\/2000\/svg\" width=\"25\" height=\"32\" viewBox=\"0 0 25 32\" preserveAspectRatio=\"xMidYMid meet\" role=\"graphics-symbol\" aria-hidden=\"true\">\n<path d=\"M22.976 5.44q1.024 1.024 1.504 2.048t0.48 1.536v0.512l-8.064 8.064-9.28 9.216-7.616 1.664 1.6-7.68 9.28-9.216 8.064-8.064q1.728-0.384 4.032 1.92zM7.168 25.92l0.768-0.768q-0.064-1.408-1.664-3.008-0.704-0.704-1.44-1.12t-1.12-0.416l-0.448-0.064-0.704 0.768-0.576 2.56q0.896 0.512 1.472 1.088 0.768 0.768 1.152 1.536z\"><\/path>\n<\/svg><\/span><span class='slider-fallback-image'><\/span><\/a><div class=\"slide-content\"><header class=\"entry-content-header\" aria-label=\"Slide: ADPV 26\"><h3 class='slide-entry-title entry-title '  itemprop=\"headline\" ><a href='https:\/\/www.palaestina-verein.de\/wp\/wordpress?portfolio=adpv-26' title='ADPV 26'>ADPV 26<\/a><\/h3><span class=\"blog-categories minor-meta\"><a href=\"https:\/\/www.palaestina-verein.de\/wp\/wordpress\/?portfolio_entries=adpv\" rel=\"tag\">ADPV<\/a> <\/span><span class=\"av-vertical-delimiter\"><\/span><\/header><div class='slide-entry-excerpt entry-content'  itemprop=\"text\" >Lichtenberger, Achim: Die Baupolitik Herodes des Grossen, 1999.<div class=\"read-more-link\"><a href=\"https:\/\/www.palaestina-verein.de\/wp\/wordpress?portfolio=adpv-26\" class=\"more-link\">Weiterlesen<span class='more-link-arrow avia-svg-icon avia-font-svg_entypo-fontello' data-av_svg_icon='right-open-big' data-av_iconset='svg_entypo-fontello'><svg version=\"1.1\" xmlns=\"http:\/\/www.w3.org\/2000\/svg\" width=\"15\" height=\"32\" viewBox=\"0 0 15 32\" preserveAspectRatio=\"xMidYMid meet\" role=\"graphics-symbol\" aria-hidden=\"true\">\n<path d=\"M0.416 27.84l11.456-11.84-11.456-11.904q-0.832-0.832 0-1.536 0.832-0.832 1.536 0l12.544 12.608q0.768 0.832 0 1.6l-12.544 12.608q-0.704 0.832-1.536 0-0.832-0.704 0-1.536z\"><\/path>\n<\/svg><\/span><\/a><\/div><\/div><\/div><footer class=\"entry-footer\"><div class=\"slide-meta\"><time class='slide-meta-time updated'  itemprop=\"datePublished\" datetime=\"2014-10-11T12:00:04+00:00\" >GMT+0000GMT+0000\/Okt.Okt.\/JJJJ<\/time><\/div><\/footer><span class='hidden'>\n\t\t\t\t<span class='av-structured-data'  itemprop=\"image\" itemscope=\"itemscope\" itemtype=\"https:\/\/schema.org\/ImageObject\" >\n\t\t\t\t\t\t<span itemprop='url'>https:\/\/www.palaestina-verein.de\/wp\/wordpress\/wp-content\/uploads\/logo-only-map1.png<\/span>\n\t\t\t\t\t\t<span itemprop='height'>0<\/span>\n\t\t\t\t\t\t<span itemprop='width'>0<\/span>\n\t\t\t\t<\/span>\n\t\t\t\t<span class='av-structured-data'  itemprop=\"publisher\" itemtype=\"https:\/\/schema.org\/Organization\" itemscope=\"itemscope\" >\n\t\t\t\t\t\t<span itemprop='name'>Stefan M\u00fcnger<\/span>\n\t\t\t\t\t\t<span itemprop='logo' itemscope itemtype='https:\/\/schema.org\/ImageObject'>\n\t\t\t\t\t\t\t<span itemprop='url'>https:\/\/www.palaestina-verein.de\/wp\/wordpress\/wp-content\/uploads\/logo-only-map1.png<\/span>\n\t\t\t\t\t\t<\/span>\n\t\t\t\t<\/span><span class='av-structured-data'  itemprop=\"author\" itemscope=\"itemscope\" itemtype=\"https:\/\/schema.org\/Person\" ><span itemprop='name'>Stefan M\u00fcnger<\/span><\/span><span class='av-structured-data'  itemprop=\"datePublished\" datetime=\"2019-09-29T10:49:22+00:00\" >2014-10-11 12:00:04<\/span><span class='av-structured-data'  itemprop=\"dateModified\" itemtype=\"https:\/\/schema.org\/dateModified\" >2014-10-29 16:20:40<\/span><span class='av-structured-data'  itemprop=\"mainEntityOfPage\" itemtype=\"https:\/\/schema.org\/mainEntityOfPage\" ><span itemprop='name'>ADPV 26<\/span><\/span><\/span><\/article><\/div><div class=\"slide-entry-wrap\"><article class='slide-entry flex_column  post-entry post-entry-1631 slide-entry-overview slide-loop-25 slide-parity-odd  av_one_third first fake-thumbnail posttype-portfolio post-format-standard'  itemscope=\"itemscope\" itemtype=\"https:\/\/schema.org\/CreativeWork\" ><a href='https:\/\/www.palaestina-verein.de\/wp\/wordpress?portfolio=adpv-25' data-rel='slide-1' class='slide-image' title='ADPV 25'><span class='fallback-post-type-icon avia-svg-icon avia-font-svg_entypo-fontello' data-av_svg_icon='pencil' data-av_iconset='svg_entypo-fontello'><svg version=\"1.1\" xmlns=\"http:\/\/www.w3.org\/2000\/svg\" width=\"25\" height=\"32\" viewBox=\"0 0 25 32\" preserveAspectRatio=\"xMidYMid meet\" role=\"graphics-symbol\" aria-hidden=\"true\">\n<path d=\"M22.976 5.44q1.024 1.024 1.504 2.048t0.48 1.536v0.512l-8.064 8.064-9.28 9.216-7.616 1.664 1.6-7.68 9.28-9.216 8.064-8.064q1.728-0.384 4.032 1.92zM7.168 25.92l0.768-0.768q-0.064-1.408-1.664-3.008-0.704-0.704-1.44-1.12t-1.12-0.416l-0.448-0.064-0.704 0.768-0.576 2.56q0.896 0.512 1.472 1.088 0.768 0.768 1.152 1.536z\"><\/path>\n<\/svg><\/span><span class='slider-fallback-image'><\/span><\/a><div class=\"slide-content\"><header class=\"entry-content-header\" aria-label=\"Slide: ADPV 25\"><h3 class='slide-entry-title entry-title '  itemprop=\"headline\" ><a href='https:\/\/www.palaestina-verein.de\/wp\/wordpress?portfolio=adpv-25' title='ADPV 25'>ADPV 25<\/a><\/h3><span class=\"blog-categories minor-meta\"><a href=\"https:\/\/www.palaestina-verein.de\/wp\/wordpress\/?portfolio_entries=adpv\" rel=\"tag\">ADPV<\/a> <\/span><span class=\"av-vertical-delimiter\"><\/span><\/header><div class='slide-entry-excerpt entry-content'  itemprop=\"text\" >\u00c5dna, Jostein: Jerusalemer Tempel und Tempelmarkt im 1. Jh. v. Chr., 1999.<div class=\"read-more-link\"><a href=\"https:\/\/www.palaestina-verein.de\/wp\/wordpress?portfolio=adpv-25\" class=\"more-link\">Weiterlesen<span class='more-link-arrow avia-svg-icon avia-font-svg_entypo-fontello' data-av_svg_icon='right-open-big' data-av_iconset='svg_entypo-fontello'><svg version=\"1.1\" xmlns=\"http:\/\/www.w3.org\/2000\/svg\" width=\"15\" height=\"32\" viewBox=\"0 0 15 32\" preserveAspectRatio=\"xMidYMid meet\" role=\"graphics-symbol\" aria-hidden=\"true\">\n<path d=\"M0.416 27.84l11.456-11.84-11.456-11.904q-0.832-0.832 0-1.536 0.832-0.832 1.536 0l12.544 12.608q0.768 0.832 0 1.6l-12.544 12.608q-0.704 0.832-1.536 0-0.832-0.704 0-1.536z\"><\/path>\n<\/svg><\/span><\/a><\/div><\/div><\/div><footer class=\"entry-footer\"><div class=\"slide-meta\"><time class='slide-meta-time updated'  itemprop=\"datePublished\" datetime=\"2014-10-10T12:00:32+00:00\" >GMT+0000GMT+0000\/Okt.Okt.\/JJJJ<\/time><\/div><\/footer><span class='hidden'>\n\t\t\t\t<span class='av-structured-data'  itemprop=\"image\" itemscope=\"itemscope\" itemtype=\"https:\/\/schema.org\/ImageObject\" >\n\t\t\t\t\t\t<span itemprop='url'>https:\/\/www.palaestina-verein.de\/wp\/wordpress\/wp-content\/uploads\/logo-only-map1.png<\/span>\n\t\t\t\t\t\t<span itemprop='height'>0<\/span>\n\t\t\t\t\t\t<span itemprop='width'>0<\/span>\n\t\t\t\t<\/span>\n\t\t\t\t<span class='av-structured-data'  itemprop=\"publisher\" itemtype=\"https:\/\/schema.org\/Organization\" itemscope=\"itemscope\" >\n\t\t\t\t\t\t<span itemprop='name'>Stefan M\u00fcnger<\/span>\n\t\t\t\t\t\t<span itemprop='logo' itemscope itemtype='https:\/\/schema.org\/ImageObject'>\n\t\t\t\t\t\t\t<span itemprop='url'>https:\/\/www.palaestina-verein.de\/wp\/wordpress\/wp-content\/uploads\/logo-only-map1.png<\/span>\n\t\t\t\t\t\t<\/span>\n\t\t\t\t<\/span><span class='av-structured-data'  itemprop=\"author\" itemscope=\"itemscope\" itemtype=\"https:\/\/schema.org\/Person\" ><span itemprop='name'>Stefan M\u00fcnger<\/span><\/span><span class='av-structured-data'  itemprop=\"datePublished\" datetime=\"2019-09-29T10:49:22+00:00\" >2014-10-10 12:00:32<\/span><span class='av-structured-data'  itemprop=\"dateModified\" itemtype=\"https:\/\/schema.org\/dateModified\" >2014-10-29 16:20:59<\/span><span class='av-structured-data'  itemprop=\"mainEntityOfPage\" itemtype=\"https:\/\/schema.org\/mainEntityOfPage\" ><span itemprop='name'>ADPV 25<\/span><\/span><\/span><\/article><article class='slide-entry flex_column  post-entry post-entry-1632 slide-entry-overview slide-loop-26 slide-parity-even  av_one_third  fake-thumbnail posttype-portfolio post-format-standard'  itemscope=\"itemscope\" itemtype=\"https:\/\/schema.org\/CreativeWork\" ><a href='https:\/\/www.palaestina-verein.de\/wp\/wordpress?portfolio=adpv-24' data-rel='slide-1' class='slide-image' title='ADPV 24'><span class='fallback-post-type-icon avia-svg-icon avia-font-svg_entypo-fontello' data-av_svg_icon='pencil' data-av_iconset='svg_entypo-fontello'><svg version=\"1.1\" xmlns=\"http:\/\/www.w3.org\/2000\/svg\" width=\"25\" height=\"32\" viewBox=\"0 0 25 32\" preserveAspectRatio=\"xMidYMid meet\" role=\"graphics-symbol\" aria-hidden=\"true\">\n<path d=\"M22.976 5.44q1.024 1.024 1.504 2.048t0.48 1.536v0.512l-8.064 8.064-9.28 9.216-7.616 1.664 1.6-7.68 9.28-9.216 8.064-8.064q1.728-0.384 4.032 1.92zM7.168 25.92l0.768-0.768q-0.064-1.408-1.664-3.008-0.704-0.704-1.44-1.12t-1.12-0.416l-0.448-0.064-0.704 0.768-0.576 2.56q0.896 0.512 1.472 1.088 0.768 0.768 1.152 1.536z\"><\/path>\n<\/svg><\/span><span class='slider-fallback-image'><\/span><\/a><div class=\"slide-content\"><header class=\"entry-content-header\" aria-label=\"Slide: ADPV 24\"><h3 class='slide-entry-title entry-title '  itemprop=\"headline\" ><a href='https:\/\/www.palaestina-verein.de\/wp\/wordpress?portfolio=adpv-24' title='ADPV 24'>ADPV 24<\/a><\/h3><span class=\"blog-categories minor-meta\"><a href=\"https:\/\/www.palaestina-verein.de\/wp\/wordpress\/?portfolio_entries=adpv\" rel=\"tag\">ADPV<\/a> <\/span><span class=\"av-vertical-delimiter\"><\/span><\/header><div class='slide-entry-excerpt entry-content'  itemprop=\"text\" >L\u00fcckhoff, Martin: Anglikaner und Protestanten im Heiligen Land. Das gemeinsame Bistum Jerusalem (1841-1886), 1998.<div class=\"read-more-link\"><a href=\"https:\/\/www.palaestina-verein.de\/wp\/wordpress?portfolio=adpv-24\" class=\"more-link\">Weiterlesen<span class='more-link-arrow avia-svg-icon avia-font-svg_entypo-fontello' data-av_svg_icon='right-open-big' data-av_iconset='svg_entypo-fontello'><svg version=\"1.1\" xmlns=\"http:\/\/www.w3.org\/2000\/svg\" width=\"15\" height=\"32\" viewBox=\"0 0 15 32\" preserveAspectRatio=\"xMidYMid meet\" role=\"graphics-symbol\" aria-hidden=\"true\">\n<path d=\"M0.416 27.84l11.456-11.84-11.456-11.904q-0.832-0.832 0-1.536 0.832-0.832 1.536 0l12.544 12.608q0.768 0.832 0 1.6l-12.544 12.608q-0.704 0.832-1.536 0-0.832-0.704 0-1.536z\"><\/path>\n<\/svg><\/span><\/a><\/div><\/div><\/div><footer class=\"entry-footer\"><div class=\"slide-meta\"><time class='slide-meta-time updated'  itemprop=\"datePublished\" datetime=\"2014-10-09T12:00:12+00:00\" >GMT+0000GMT+0000\/Okt.Okt.\/JJJJ<\/time><\/div><\/footer><span class='hidden'>\n\t\t\t\t<span class='av-structured-data'  itemprop=\"image\" itemscope=\"itemscope\" itemtype=\"https:\/\/schema.org\/ImageObject\" >\n\t\t\t\t\t\t<span itemprop='url'>https:\/\/www.palaestina-verein.de\/wp\/wordpress\/wp-content\/uploads\/logo-only-map1.png<\/span>\n\t\t\t\t\t\t<span itemprop='height'>0<\/span>\n\t\t\t\t\t\t<span itemprop='width'>0<\/span>\n\t\t\t\t<\/span>\n\t\t\t\t<span class='av-structured-data'  itemprop=\"publisher\" itemtype=\"https:\/\/schema.org\/Organization\" itemscope=\"itemscope\" >\n\t\t\t\t\t\t<span itemprop='name'>Stefan M\u00fcnger<\/span>\n\t\t\t\t\t\t<span itemprop='logo' itemscope itemtype='https:\/\/schema.org\/ImageObject'>\n\t\t\t\t\t\t\t<span itemprop='url'>https:\/\/www.palaestina-verein.de\/wp\/wordpress\/wp-content\/uploads\/logo-only-map1.png<\/span>\n\t\t\t\t\t\t<\/span>\n\t\t\t\t<\/span><span class='av-structured-data'  itemprop=\"author\" itemscope=\"itemscope\" itemtype=\"https:\/\/schema.org\/Person\" ><span itemprop='name'>Stefan M\u00fcnger<\/span><\/span><span class='av-structured-data'  itemprop=\"datePublished\" datetime=\"2019-09-29T10:49:22+00:00\" >2014-10-09 12:00:12<\/span><span class='av-structured-data'  itemprop=\"dateModified\" itemtype=\"https:\/\/schema.org\/dateModified\" >2014-10-29 16:21:34<\/span><span class='av-structured-data'  itemprop=\"mainEntityOfPage\" itemtype=\"https:\/\/schema.org\/mainEntityOfPage\" ><span itemprop='name'>ADPV 24<\/span><\/span><\/span><\/article><article class='slide-entry flex_column  post-entry post-entry-1633 slide-entry-overview slide-loop-27 slide-parity-odd  av_one_third  fake-thumbnail posttype-portfolio post-format-standard'  itemscope=\"itemscope\" itemtype=\"https:\/\/schema.org\/CreativeWork\" ><a href='https:\/\/www.palaestina-verein.de\/wp\/wordpress?portfolio=adpv-23' data-rel='slide-1' class='slide-image' title='ADPV 23'><span class='fallback-post-type-icon avia-svg-icon avia-font-svg_entypo-fontello' data-av_svg_icon='pencil' data-av_iconset='svg_entypo-fontello'><svg version=\"1.1\" xmlns=\"http:\/\/www.w3.org\/2000\/svg\" width=\"25\" height=\"32\" viewBox=\"0 0 25 32\" preserveAspectRatio=\"xMidYMid meet\" role=\"graphics-symbol\" aria-hidden=\"true\">\n<path d=\"M22.976 5.44q1.024 1.024 1.504 2.048t0.48 1.536v0.512l-8.064 8.064-9.28 9.216-7.616 1.664 1.6-7.68 9.28-9.216 8.064-8.064q1.728-0.384 4.032 1.92zM7.168 25.92l0.768-0.768q-0.064-1.408-1.664-3.008-0.704-0.704-1.44-1.12t-1.12-0.416l-0.448-0.064-0.704 0.768-0.576 2.56q0.896 0.512 1.472 1.088 0.768 0.768 1.152 1.536z\"><\/path>\n<\/svg><\/span><span class='slider-fallback-image'><\/span><\/a><div class=\"slide-content\"><header class=\"entry-content-header\" aria-label=\"Slide: ADPV 23\"><h3 class='slide-entry-title entry-title '  itemprop=\"headline\" ><a href='https:\/\/www.palaestina-verein.de\/wp\/wordpress?portfolio=adpv-23' title='ADPV 23'>ADPV 23<\/a><\/h3><span class=\"blog-categories minor-meta\"><a href=\"https:\/\/www.palaestina-verein.de\/wp\/wordpress\/?portfolio_entries=adpv\" rel=\"tag\">ADPV<\/a> <\/span><span class=\"av-vertical-delimiter\"><\/span><\/header><div class='slide-entry-excerpt entry-content'  itemprop=\"text\" >Renz, Johannes: Schrift und Schreibertradition. Eine pal\u00e4ographische Studie zum kulturgeschichtlichen Verh\u00e4ltnis von israelitischem Nordreich und S\u00fcdreich, 1997.<div class=\"read-more-link\"><a href=\"https:\/\/www.palaestina-verein.de\/wp\/wordpress?portfolio=adpv-23\" class=\"more-link\">Weiterlesen<span class='more-link-arrow avia-svg-icon avia-font-svg_entypo-fontello' data-av_svg_icon='right-open-big' data-av_iconset='svg_entypo-fontello'><svg version=\"1.1\" xmlns=\"http:\/\/www.w3.org\/2000\/svg\" width=\"15\" height=\"32\" viewBox=\"0 0 15 32\" preserveAspectRatio=\"xMidYMid meet\" role=\"graphics-symbol\" aria-hidden=\"true\">\n<path d=\"M0.416 27.84l11.456-11.84-11.456-11.904q-0.832-0.832 0-1.536 0.832-0.832 1.536 0l12.544 12.608q0.768 0.832 0 1.6l-12.544 12.608q-0.704 0.832-1.536 0-0.832-0.704 0-1.536z\"><\/path>\n<\/svg><\/span><\/a><\/div><\/div><\/div><footer class=\"entry-footer\"><div class=\"slide-meta\"><time class='slide-meta-time updated'  itemprop=\"datePublished\" datetime=\"2014-10-08T12:00:41+00:00\" >GMT+0000GMT+0000\/Okt.Okt.\/JJJJ<\/time><\/div><\/footer><span class='hidden'>\n\t\t\t\t<span class='av-structured-data'  itemprop=\"image\" itemscope=\"itemscope\" itemtype=\"https:\/\/schema.org\/ImageObject\" >\n\t\t\t\t\t\t<span itemprop='url'>https:\/\/www.palaestina-verein.de\/wp\/wordpress\/wp-content\/uploads\/logo-only-map1.png<\/span>\n\t\t\t\t\t\t<span itemprop='height'>0<\/span>\n\t\t\t\t\t\t<span itemprop='width'>0<\/span>\n\t\t\t\t<\/span>\n\t\t\t\t<span class='av-structured-data'  itemprop=\"publisher\" itemtype=\"https:\/\/schema.org\/Organization\" itemscope=\"itemscope\" >\n\t\t\t\t\t\t<span itemprop='name'>Stefan M\u00fcnger<\/span>\n\t\t\t\t\t\t<span itemprop='logo' itemscope itemtype='https:\/\/schema.org\/ImageObject'>\n\t\t\t\t\t\t\t<span itemprop='url'>https:\/\/www.palaestina-verein.de\/wp\/wordpress\/wp-content\/uploads\/logo-only-map1.png<\/span>\n\t\t\t\t\t\t<\/span>\n\t\t\t\t<\/span><span class='av-structured-data'  itemprop=\"author\" itemscope=\"itemscope\" itemtype=\"https:\/\/schema.org\/Person\" ><span itemprop='name'>Stefan M\u00fcnger<\/span><\/span><span class='av-structured-data'  itemprop=\"datePublished\" datetime=\"2019-09-29T10:49:22+00:00\" >2014-10-08 12:00:41<\/span><span class='av-structured-data'  itemprop=\"dateModified\" itemtype=\"https:\/\/schema.org\/dateModified\" >2014-10-29 16:21:52<\/span><span class='av-structured-data'  itemprop=\"mainEntityOfPage\" itemtype=\"https:\/\/schema.org\/mainEntityOfPage\" ><span itemprop='name'>ADPV 23<\/span><\/span><\/span><\/article><\/div><div class=\"slide-entry-wrap\"><article class='slide-entry flex_column  post-entry post-entry-1634 slide-entry-overview slide-loop-28 slide-parity-odd  av_one_third first fake-thumbnail posttype-portfolio post-format-standard'  itemscope=\"itemscope\" itemtype=\"https:\/\/schema.org\/CreativeWork\" ><a href='https:\/\/www.palaestina-verein.de\/wp\/wordpress?portfolio=adpv-22' data-rel='slide-1' class='slide-image' title='ADPV 22'><span class='fallback-post-type-icon avia-svg-icon avia-font-svg_entypo-fontello' data-av_svg_icon='pencil' data-av_iconset='svg_entypo-fontello'><svg version=\"1.1\" xmlns=\"http:\/\/www.w3.org\/2000\/svg\" width=\"25\" height=\"32\" viewBox=\"0 0 25 32\" preserveAspectRatio=\"xMidYMid meet\" role=\"graphics-symbol\" aria-hidden=\"true\">\n<path d=\"M22.976 5.44q1.024 1.024 1.504 2.048t0.48 1.536v0.512l-8.064 8.064-9.28 9.216-7.616 1.664 1.6-7.68 9.28-9.216 8.064-8.064q1.728-0.384 4.032 1.92zM7.168 25.92l0.768-0.768q-0.064-1.408-1.664-3.008-0.704-0.704-1.44-1.12t-1.12-0.416l-0.448-0.064-0.704 0.768-0.576 2.56q0.896 0.512 1.472 1.088 0.768 0.768 1.152 1.536z\"><\/path>\n<\/svg><\/span><span class='slider-fallback-image'><\/span><\/a><div class=\"slide-content\"><header class=\"entry-content-header\" aria-label=\"Slide: ADPV 22\"><h3 class='slide-entry-title entry-title '  itemprop=\"headline\" ><a href='https:\/\/www.palaestina-verein.de\/wp\/wordpress?portfolio=adpv-22' title='ADPV 22'>ADPV 22<\/a><\/h3><span class=\"blog-categories minor-meta\"><a href=\"https:\/\/www.palaestina-verein.de\/wp\/wordpress\/?portfolio_entries=adpv\" rel=\"tag\">ADPV<\/a> <\/span><span class=\"av-vertical-delimiter\"><\/span><\/header><div class='slide-entry-excerpt entry-content'  itemprop=\"text\" >Eisler, Jakob: Die deutsche Beitrag zum Aufstieg Jaffas 1850-1914. Zur Geschichte Pal\u00e4stinas im 19. Jahrhundert, 1997.<div class=\"read-more-link\"><a href=\"https:\/\/www.palaestina-verein.de\/wp\/wordpress?portfolio=adpv-22\" class=\"more-link\">Weiterlesen<span class='more-link-arrow avia-svg-icon avia-font-svg_entypo-fontello' data-av_svg_icon='right-open-big' data-av_iconset='svg_entypo-fontello'><svg version=\"1.1\" xmlns=\"http:\/\/www.w3.org\/2000\/svg\" width=\"15\" height=\"32\" viewBox=\"0 0 15 32\" preserveAspectRatio=\"xMidYMid meet\" role=\"graphics-symbol\" aria-hidden=\"true\">\n<path d=\"M0.416 27.84l11.456-11.84-11.456-11.904q-0.832-0.832 0-1.536 0.832-0.832 1.536 0l12.544 12.608q0.768 0.832 0 1.6l-12.544 12.608q-0.704 0.832-1.536 0-0.832-0.704 0-1.536z\"><\/path>\n<\/svg><\/span><\/a><\/div><\/div><\/div><footer class=\"entry-footer\"><div class=\"slide-meta\"><time class='slide-meta-time updated'  itemprop=\"datePublished\" datetime=\"2014-10-07T12:00:30+00:00\" >GMT+0000GMT+0000\/Okt.Okt.\/JJJJ<\/time><\/div><\/footer><span class='hidden'>\n\t\t\t\t<span class='av-structured-data'  itemprop=\"image\" itemscope=\"itemscope\" itemtype=\"https:\/\/schema.org\/ImageObject\" >\n\t\t\t\t\t\t<span itemprop='url'>https:\/\/www.palaestina-verein.de\/wp\/wordpress\/wp-content\/uploads\/logo-only-map1.png<\/span>\n\t\t\t\t\t\t<span itemprop='height'>0<\/span>\n\t\t\t\t\t\t<span itemprop='width'>0<\/span>\n\t\t\t\t<\/span>\n\t\t\t\t<span class='av-structured-data'  itemprop=\"publisher\" itemtype=\"https:\/\/schema.org\/Organization\" itemscope=\"itemscope\" >\n\t\t\t\t\t\t<span itemprop='name'>Stefan M\u00fcnger<\/span>\n\t\t\t\t\t\t<span itemprop='logo' itemscope itemtype='https:\/\/schema.org\/ImageObject'>\n\t\t\t\t\t\t\t<span itemprop='url'>https:\/\/www.palaestina-verein.de\/wp\/wordpress\/wp-content\/uploads\/logo-only-map1.png<\/span>\n\t\t\t\t\t\t<\/span>\n\t\t\t\t<\/span><span class='av-structured-data'  itemprop=\"author\" itemscope=\"itemscope\" itemtype=\"https:\/\/schema.org\/Person\" ><span itemprop='name'>Stefan M\u00fcnger<\/span><\/span><span class='av-structured-data'  itemprop=\"datePublished\" datetime=\"2019-09-29T10:49:22+00:00\" >2014-10-07 12:00:30<\/span><span class='av-structured-data'  itemprop=\"dateModified\" itemtype=\"https:\/\/schema.org\/dateModified\" >2014-10-29 16:22:14<\/span><span class='av-structured-data'  itemprop=\"mainEntityOfPage\" itemtype=\"https:\/\/schema.org\/mainEntityOfPage\" ><span itemprop='name'>ADPV 22<\/span><\/span><\/span><\/article><article class='slide-entry flex_column  post-entry post-entry-1635 slide-entry-overview slide-loop-29 slide-parity-even  av_one_third  fake-thumbnail posttype-portfolio post-format-standard'  itemscope=\"itemscope\" itemtype=\"https:\/\/schema.org\/CreativeWork\" ><a href='https:\/\/www.palaestina-verein.de\/wp\/wordpress?portfolio=adpv-21' data-rel='slide-1' class='slide-image' title='ADPV 21'><span class='fallback-post-type-icon avia-svg-icon avia-font-svg_entypo-fontello' data-av_svg_icon='pencil' data-av_iconset='svg_entypo-fontello'><svg version=\"1.1\" xmlns=\"http:\/\/www.w3.org\/2000\/svg\" width=\"25\" height=\"32\" viewBox=\"0 0 25 32\" preserveAspectRatio=\"xMidYMid meet\" role=\"graphics-symbol\" aria-hidden=\"true\">\n<path d=\"M22.976 5.44q1.024 1.024 1.504 2.048t0.48 1.536v0.512l-8.064 8.064-9.28 9.216-7.616 1.664 1.6-7.68 9.28-9.216 8.064-8.064q1.728-0.384 4.032 1.92zM7.168 25.92l0.768-0.768q-0.064-1.408-1.664-3.008-0.704-0.704-1.44-1.12t-1.12-0.416l-0.448-0.064-0.704 0.768-0.576 2.56q0.896 0.512 1.472 1.088 0.768 0.768 1.152 1.536z\"><\/path>\n<\/svg><\/span><span class='slider-fallback-image'><\/span><\/a><div class=\"slide-content\"><header class=\"entry-content-header\" aria-label=\"Slide: ADPV 21\"><h3 class='slide-entry-title entry-title '  itemprop=\"headline\" ><a href='https:\/\/www.palaestina-verein.de\/wp\/wordpress?portfolio=adpv-21' title='ADPV 21'>ADPV 21<\/a><\/h3><span class=\"blog-categories minor-meta\"><a href=\"https:\/\/www.palaestina-verein.de\/wp\/wordpress\/?portfolio_entries=adpv\" rel=\"tag\">ADPV<\/a> <\/span><span class=\"av-vertical-delimiter\"><\/span><\/header><div class='slide-entry-excerpt entry-content'  itemprop=\"text\" >Fischer, Peter M: A Late Bronze to Early Iron Age Tomb at Sahem, Jordan, 1997.<div class=\"read-more-link\"><a href=\"https:\/\/www.palaestina-verein.de\/wp\/wordpress?portfolio=adpv-21\" class=\"more-link\">Weiterlesen<span class='more-link-arrow avia-svg-icon avia-font-svg_entypo-fontello' data-av_svg_icon='right-open-big' data-av_iconset='svg_entypo-fontello'><svg version=\"1.1\" xmlns=\"http:\/\/www.w3.org\/2000\/svg\" width=\"15\" height=\"32\" viewBox=\"0 0 15 32\" preserveAspectRatio=\"xMidYMid meet\" role=\"graphics-symbol\" aria-hidden=\"true\">\n<path d=\"M0.416 27.84l11.456-11.84-11.456-11.904q-0.832-0.832 0-1.536 0.832-0.832 1.536 0l12.544 12.608q0.768 0.832 0 1.6l-12.544 12.608q-0.704 0.832-1.536 0-0.832-0.704 0-1.536z\"><\/path>\n<\/svg><\/span><\/a><\/div><\/div><\/div><footer class=\"entry-footer\"><div class=\"slide-meta\"><time class='slide-meta-time updated'  itemprop=\"datePublished\" datetime=\"2014-10-06T12:00:13+00:00\" >GMT+0000GMT+0000\/Okt.Okt.\/JJJJ<\/time><\/div><\/footer><span class='hidden'>\n\t\t\t\t<span class='av-structured-data'  itemprop=\"image\" itemscope=\"itemscope\" itemtype=\"https:\/\/schema.org\/ImageObject\" >\n\t\t\t\t\t\t<span itemprop='url'>https:\/\/www.palaestina-verein.de\/wp\/wordpress\/wp-content\/uploads\/logo-only-map1.png<\/span>\n\t\t\t\t\t\t<span itemprop='height'>0<\/span>\n\t\t\t\t\t\t<span itemprop='width'>0<\/span>\n\t\t\t\t<\/span>\n\t\t\t\t<span class='av-structured-data'  itemprop=\"publisher\" itemtype=\"https:\/\/schema.org\/Organization\" itemscope=\"itemscope\" >\n\t\t\t\t\t\t<span itemprop='name'>Stefan M\u00fcnger<\/span>\n\t\t\t\t\t\t<span itemprop='logo' itemscope itemtype='https:\/\/schema.org\/ImageObject'>\n\t\t\t\t\t\t\t<span itemprop='url'>https:\/\/www.palaestina-verein.de\/wp\/wordpress\/wp-content\/uploads\/logo-only-map1.png<\/span>\n\t\t\t\t\t\t<\/span>\n\t\t\t\t<\/span><span class='av-structured-data'  itemprop=\"author\" itemscope=\"itemscope\" itemtype=\"https:\/\/schema.org\/Person\" ><span itemprop='name'>Stefan M\u00fcnger<\/span><\/span><span class='av-structured-data'  itemprop=\"datePublished\" datetime=\"2019-09-29T10:49:22+00:00\" >2014-10-06 12:00:13<\/span><span class='av-structured-data'  itemprop=\"dateModified\" itemtype=\"https:\/\/schema.org\/dateModified\" >2014-10-29 16:22:36<\/span><span class='av-structured-data'  itemprop=\"mainEntityOfPage\" itemtype=\"https:\/\/schema.org\/mainEntityOfPage\" ><span itemprop='name'>ADPV 21<\/span><\/span><\/span><\/article><article class='slide-entry flex_column  post-entry post-entry-1636 slide-entry-overview slide-loop-30 slide-parity-odd  av_one_third  fake-thumbnail posttype-portfolio post-format-standard'  itemscope=\"itemscope\" itemtype=\"https:\/\/schema.org\/CreativeWork\" ><a href='https:\/\/www.palaestina-verein.de\/wp\/wordpress?portfolio=adpv-20' data-rel='slide-1' class='slide-image' title='ADPV 20'><span class='fallback-post-type-icon avia-svg-icon avia-font-svg_entypo-fontello' data-av_svg_icon='pencil' data-av_iconset='svg_entypo-fontello'><svg version=\"1.1\" xmlns=\"http:\/\/www.w3.org\/2000\/svg\" width=\"25\" height=\"32\" viewBox=\"0 0 25 32\" preserveAspectRatio=\"xMidYMid meet\" role=\"graphics-symbol\" aria-hidden=\"true\">\n<path d=\"M22.976 5.44q1.024 1.024 1.504 2.048t0.48 1.536v0.512l-8.064 8.064-9.28 9.216-7.616 1.664 1.6-7.68 9.28-9.216 8.064-8.064q1.728-0.384 4.032 1.92zM7.168 25.92l0.768-0.768q-0.064-1.408-1.664-3.008-0.704-0.704-1.44-1.12t-1.12-0.416l-0.448-0.064-0.704 0.768-0.576 2.56q0.896 0.512 1.472 1.088 0.768 0.768 1.152 1.536z\"><\/path>\n<\/svg><\/span><span class='slider-fallback-image'><\/span><\/a><div class=\"slide-content\"><header class=\"entry-content-header\" aria-label=\"Slide: ADPV 20\"><h3 class='slide-entry-title entry-title '  itemprop=\"headline\" ><a href='https:\/\/www.palaestina-verein.de\/wp\/wordpress?portfolio=adpv-20' title='ADPV 20'>ADPV 20<\/a><\/h3><span class=\"blog-categories minor-meta\"><a href=\"https:\/\/www.palaestina-verein.de\/wp\/wordpress\/?portfolio_entries=adpv\" rel=\"tag\">ADPV<\/a> <\/span><span class=\"av-vertical-delimiter\"><\/span><\/header><div class='slide-entry-excerpt entry-content'  itemprop=\"text\" >Jericke, Detlef: Die Landnahme Negev. Eine arch\u00e4ologische und exegetische Studie Protoisraelitische Gruppen im S\u00fcden Pal\u00e4stinas, 1997.<div class=\"read-more-link\"><a href=\"https:\/\/www.palaestina-verein.de\/wp\/wordpress?portfolio=adpv-20\" class=\"more-link\">Weiterlesen<span class='more-link-arrow avia-svg-icon avia-font-svg_entypo-fontello' data-av_svg_icon='right-open-big' data-av_iconset='svg_entypo-fontello'><svg version=\"1.1\" xmlns=\"http:\/\/www.w3.org\/2000\/svg\" width=\"15\" height=\"32\" viewBox=\"0 0 15 32\" preserveAspectRatio=\"xMidYMid meet\" role=\"graphics-symbol\" aria-hidden=\"true\">\n<path d=\"M0.416 27.84l11.456-11.84-11.456-11.904q-0.832-0.832 0-1.536 0.832-0.832 1.536 0l12.544 12.608q0.768 0.832 0 1.6l-12.544 12.608q-0.704 0.832-1.536 0-0.832-0.704 0-1.536z\"><\/path>\n<\/svg><\/span><\/a><\/div><\/div><\/div><footer class=\"entry-footer\"><div class=\"slide-meta\"><time class='slide-meta-time updated'  itemprop=\"datePublished\" datetime=\"2014-10-05T12:00:37+00:00\" >GMT+0000GMT+0000\/Okt.Okt.\/JJJJ<\/time><\/div><\/footer><span class='hidden'>\n\t\t\t\t<span class='av-structured-data'  itemprop=\"image\" itemscope=\"itemscope\" itemtype=\"https:\/\/schema.org\/ImageObject\" >\n\t\t\t\t\t\t<span itemprop='url'>https:\/\/www.palaestina-verein.de\/wp\/wordpress\/wp-content\/uploads\/logo-only-map1.png<\/span>\n\t\t\t\t\t\t<span itemprop='height'>0<\/span>\n\t\t\t\t\t\t<span itemprop='width'>0<\/span>\n\t\t\t\t<\/span>\n\t\t\t\t<span class='av-structured-data'  itemprop=\"publisher\" itemtype=\"https:\/\/schema.org\/Organization\" itemscope=\"itemscope\" >\n\t\t\t\t\t\t<span itemprop='name'>Stefan M\u00fcnger<\/span>\n\t\t\t\t\t\t<span itemprop='logo' itemscope itemtype='https:\/\/schema.org\/ImageObject'>\n\t\t\t\t\t\t\t<span itemprop='url'>https:\/\/www.palaestina-verein.de\/wp\/wordpress\/wp-content\/uploads\/logo-only-map1.png<\/span>\n\t\t\t\t\t\t<\/span>\n\t\t\t\t<\/span><span class='av-structured-data'  itemprop=\"author\" itemscope=\"itemscope\" itemtype=\"https:\/\/schema.org\/Person\" ><span itemprop='name'>Stefan M\u00fcnger<\/span><\/span><span class='av-structured-data'  itemprop=\"datePublished\" datetime=\"2019-09-29T10:49:22+00:00\" >2014-10-05 12:00:37<\/span><span class='av-structured-data'  itemprop=\"dateModified\" itemtype=\"https:\/\/schema.org\/dateModified\" >2014-10-29 16:22:59<\/span><span class='av-structured-data'  itemprop=\"mainEntityOfPage\" itemtype=\"https:\/\/schema.org\/mainEntityOfPage\" ><span itemprop='name'>ADPV 20<\/span><\/span><\/span><\/article><\/div><div class=\"slide-entry-wrap\"><article class='slide-entry flex_column  post-entry post-entry-1642 slide-entry-overview slide-loop-31 slide-parity-odd  av_one_third first fake-thumbnail posttype-portfolio post-format-standard'  itemscope=\"itemscope\" itemtype=\"https:\/\/schema.org\/CreativeWork\" ><a href='https:\/\/www.palaestina-verein.de\/wp\/wordpress?portfolio=adpv-19' data-rel='slide-1' class='slide-image' title='ADPV 19'><span class='fallback-post-type-icon avia-svg-icon avia-font-svg_entypo-fontello' data-av_svg_icon='pencil' data-av_iconset='svg_entypo-fontello'><svg version=\"1.1\" xmlns=\"http:\/\/www.w3.org\/2000\/svg\" width=\"25\" height=\"32\" viewBox=\"0 0 25 32\" preserveAspectRatio=\"xMidYMid meet\" role=\"graphics-symbol\" aria-hidden=\"true\">\n<path d=\"M22.976 5.44q1.024 1.024 1.504 2.048t0.48 1.536v0.512l-8.064 8.064-9.28 9.216-7.616 1.664 1.6-7.68 9.28-9.216 8.064-8.064q1.728-0.384 4.032 1.92zM7.168 25.92l0.768-0.768q-0.064-1.408-1.664-3.008-0.704-0.704-1.44-1.12t-1.12-0.416l-0.448-0.064-0.704 0.768-0.576 2.56q0.896 0.512 1.472 1.088 0.768 0.768 1.152 1.536z\"><\/path>\n<\/svg><\/span><span class='slider-fallback-image'><\/span><\/a><div class=\"slide-content\"><header class=\"entry-content-header\" aria-label=\"Slide: ADPV 19\"><h3 class='slide-entry-title entry-title '  itemprop=\"headline\" ><a href='https:\/\/www.palaestina-verein.de\/wp\/wordpress?portfolio=adpv-19' title='ADPV 19'>ADPV 19<\/a><\/h3><span class=\"blog-categories minor-meta\"><a href=\"https:\/\/www.palaestina-verein.de\/wp\/wordpress\/?portfolio_entries=adpv\" rel=\"tag\">ADPV<\/a> <\/span><span class=\"av-vertical-delimiter\"><\/span><\/header><div class='slide-entry-excerpt entry-content'  itemprop=\"text\" >Vriezen, Karel J. (Hg.): Die Ausgrabungen unter der Erl\u00f6serkirche im Muristan, Jerusalem (1970-1974), 1994.<div class=\"read-more-link\"><a href=\"https:\/\/www.palaestina-verein.de\/wp\/wordpress?portfolio=adpv-19\" class=\"more-link\">Weiterlesen<span class='more-link-arrow avia-svg-icon avia-font-svg_entypo-fontello' data-av_svg_icon='right-open-big' data-av_iconset='svg_entypo-fontello'><svg version=\"1.1\" xmlns=\"http:\/\/www.w3.org\/2000\/svg\" width=\"15\" height=\"32\" viewBox=\"0 0 15 32\" preserveAspectRatio=\"xMidYMid meet\" role=\"graphics-symbol\" aria-hidden=\"true\">\n<path d=\"M0.416 27.84l11.456-11.84-11.456-11.904q-0.832-0.832 0-1.536 0.832-0.832 1.536 0l12.544 12.608q0.768 0.832 0 1.6l-12.544 12.608q-0.704 0.832-1.536 0-0.832-0.704 0-1.536z\"><\/path>\n<\/svg><\/span><\/a><\/div><\/div><\/div><footer class=\"entry-footer\"><div class=\"slide-meta\"><time class='slide-meta-time updated'  itemprop=\"datePublished\" datetime=\"2014-10-04T12:00:59+00:00\" >GMT+0000GMT+0000\/Okt.Okt.\/JJJJ<\/time><\/div><\/footer><span class='hidden'>\n\t\t\t\t<span class='av-structured-data'  itemprop=\"image\" itemscope=\"itemscope\" itemtype=\"https:\/\/schema.org\/ImageObject\" >\n\t\t\t\t\t\t<span itemprop='url'>https:\/\/www.palaestina-verein.de\/wp\/wordpress\/wp-content\/uploads\/logo-only-map1.png<\/span>\n\t\t\t\t\t\t<span itemprop='height'>0<\/span>\n\t\t\t\t\t\t<span itemprop='width'>0<\/span>\n\t\t\t\t<\/span>\n\t\t\t\t<span class='av-structured-data'  itemprop=\"publisher\" itemtype=\"https:\/\/schema.org\/Organization\" itemscope=\"itemscope\" >\n\t\t\t\t\t\t<span itemprop='name'>Stefan M\u00fcnger<\/span>\n\t\t\t\t\t\t<span itemprop='logo' itemscope itemtype='https:\/\/schema.org\/ImageObject'>\n\t\t\t\t\t\t\t<span itemprop='url'>https:\/\/www.palaestina-verein.de\/wp\/wordpress\/wp-content\/uploads\/logo-only-map1.png<\/span>\n\t\t\t\t\t\t<\/span>\n\t\t\t\t<\/span><span class='av-structured-data'  itemprop=\"author\" itemscope=\"itemscope\" itemtype=\"https:\/\/schema.org\/Person\" ><span itemprop='name'>Stefan M\u00fcnger<\/span><\/span><span class='av-structured-data'  itemprop=\"datePublished\" datetime=\"2019-09-29T10:49:22+00:00\" >2014-10-04 12:00:59<\/span><span class='av-structured-data'  itemprop=\"dateModified\" itemtype=\"https:\/\/schema.org\/dateModified\" >2014-10-29 16:23:32<\/span><span class='av-structured-data'  itemprop=\"mainEntityOfPage\" itemtype=\"https:\/\/schema.org\/mainEntityOfPage\" ><span itemprop='name'>ADPV 19<\/span><\/span><\/span><\/article><article class='slide-entry flex_column  post-entry post-entry-1643 slide-entry-overview slide-loop-32 slide-parity-even  av_one_third  fake-thumbnail posttype-portfolio post-format-standard'  itemscope=\"itemscope\" itemtype=\"https:\/\/schema.org\/CreativeWork\" ><a href='https:\/\/www.palaestina-verein.de\/wp\/wordpress?portfolio=adpv-18' data-rel='slide-1' class='slide-image' title='ADPV 18'><span class='fallback-post-type-icon avia-svg-icon avia-font-svg_entypo-fontello' data-av_svg_icon='pencil' data-av_iconset='svg_entypo-fontello'><svg version=\"1.1\" xmlns=\"http:\/\/www.w3.org\/2000\/svg\" width=\"25\" height=\"32\" viewBox=\"0 0 25 32\" preserveAspectRatio=\"xMidYMid meet\" role=\"graphics-symbol\" aria-hidden=\"true\">\n<path d=\"M22.976 5.44q1.024 1.024 1.504 2.048t0.48 1.536v0.512l-8.064 8.064-9.28 9.216-7.616 1.664 1.6-7.68 9.28-9.216 8.064-8.064q1.728-0.384 4.032 1.92zM7.168 25.92l0.768-0.768q-0.064-1.408-1.664-3.008-0.704-0.704-1.44-1.12t-1.12-0.416l-0.448-0.064-0.704 0.768-0.576 2.56q0.896 0.512 1.472 1.088 0.768 0.768 1.152 1.536z\"><\/path>\n<\/svg><\/span><span class='slider-fallback-image'><\/span><\/a><div class=\"slide-content\"><header class=\"entry-content-header\" aria-label=\"Slide: ADPV 18\"><h3 class='slide-entry-title entry-title '  itemprop=\"headline\" ><a href='https:\/\/www.palaestina-verein.de\/wp\/wordpress?portfolio=adpv-18' title='ADPV 18'>ADPV 18<\/a><\/h3><span class=\"blog-categories minor-meta\"><a href=\"https:\/\/www.palaestina-verein.de\/wp\/wordpress\/?portfolio_entries=adpv\" rel=\"tag\">ADPV<\/a> <\/span><span class=\"av-vertical-delimiter\"><\/span><\/header><div class='slide-entry-excerpt entry-content'  itemprop=\"text\" >Weber, Thomas: Pella Decapolitana. Studien zur Geschichte, Architektur und bildenden Kunst einer hellenisierten Stadt des n\u00f6rdlichen Ostjordanlandes, 1993.<div class=\"read-more-link\"><a href=\"https:\/\/www.palaestina-verein.de\/wp\/wordpress?portfolio=adpv-18\" class=\"more-link\">Weiterlesen<span class='more-link-arrow avia-svg-icon avia-font-svg_entypo-fontello' data-av_svg_icon='right-open-big' data-av_iconset='svg_entypo-fontello'><svg version=\"1.1\" xmlns=\"http:\/\/www.w3.org\/2000\/svg\" width=\"15\" height=\"32\" viewBox=\"0 0 15 32\" preserveAspectRatio=\"xMidYMid meet\" role=\"graphics-symbol\" aria-hidden=\"true\">\n<path d=\"M0.416 27.84l11.456-11.84-11.456-11.904q-0.832-0.832 0-1.536 0.832-0.832 1.536 0l12.544 12.608q0.768 0.832 0 1.6l-12.544 12.608q-0.704 0.832-1.536 0-0.832-0.704 0-1.536z\"><\/path>\n<\/svg><\/span><\/a><\/div><\/div><\/div><footer class=\"entry-footer\"><div class=\"slide-meta\"><time class='slide-meta-time updated'  itemprop=\"datePublished\" datetime=\"2014-10-04T12:00:45+00:00\" >GMT+0000GMT+0000\/Okt.Okt.\/JJJJ<\/time><\/div><\/footer><span class='hidden'>\n\t\t\t\t<span class='av-structured-data'  itemprop=\"image\" itemscope=\"itemscope\" itemtype=\"https:\/\/schema.org\/ImageObject\" >\n\t\t\t\t\t\t<span itemprop='url'>https:\/\/www.palaestina-verein.de\/wp\/wordpress\/wp-content\/uploads\/logo-only-map1.png<\/span>\n\t\t\t\t\t\t<span itemprop='height'>0<\/span>\n\t\t\t\t\t\t<span itemprop='width'>0<\/span>\n\t\t\t\t<\/span>\n\t\t\t\t<span class='av-structured-data'  itemprop=\"publisher\" itemtype=\"https:\/\/schema.org\/Organization\" itemscope=\"itemscope\" >\n\t\t\t\t\t\t<span itemprop='name'>Stefan M\u00fcnger<\/span>\n\t\t\t\t\t\t<span itemprop='logo' itemscope itemtype='https:\/\/schema.org\/ImageObject'>\n\t\t\t\t\t\t\t<span itemprop='url'>https:\/\/www.palaestina-verein.de\/wp\/wordpress\/wp-content\/uploads\/logo-only-map1.png<\/span>\n\t\t\t\t\t\t<\/span>\n\t\t\t\t<\/span><span class='av-structured-data'  itemprop=\"author\" itemscope=\"itemscope\" itemtype=\"https:\/\/schema.org\/Person\" ><span itemprop='name'>Stefan M\u00fcnger<\/span><\/span><span class='av-structured-data'  itemprop=\"datePublished\" datetime=\"2019-09-29T10:49:22+00:00\" >2014-10-04 12:00:45<\/span><span class='av-structured-data'  itemprop=\"dateModified\" itemtype=\"https:\/\/schema.org\/dateModified\" >2014-10-29 16:23:51<\/span><span class='av-structured-data'  itemprop=\"mainEntityOfPage\" itemtype=\"https:\/\/schema.org\/mainEntityOfPage\" ><span itemprop='name'>ADPV 18<\/span><\/span><\/span><\/article><article class='slide-entry flex_column  post-entry post-entry-1644 slide-entry-overview slide-loop-33 slide-parity-odd  av_one_third  fake-thumbnail posttype-portfolio post-format-standard'  itemscope=\"itemscope\" itemtype=\"https:\/\/schema.org\/CreativeWork\" ><a href='https:\/\/www.palaestina-verein.de\/wp\/wordpress?portfolio=adpv-17' data-rel='slide-1' class='slide-image' title='ADPV 17'><span class='fallback-post-type-icon avia-svg-icon avia-font-svg_entypo-fontello' data-av_svg_icon='pencil' data-av_iconset='svg_entypo-fontello'><svg version=\"1.1\" xmlns=\"http:\/\/www.w3.org\/2000\/svg\" width=\"25\" height=\"32\" viewBox=\"0 0 25 32\" preserveAspectRatio=\"xMidYMid meet\" role=\"graphics-symbol\" aria-hidden=\"true\">\n<path d=\"M22.976 5.44q1.024 1.024 1.504 2.048t0.48 1.536v0.512l-8.064 8.064-9.28 9.216-7.616 1.664 1.6-7.68 9.28-9.216 8.064-8.064q1.728-0.384 4.032 1.92zM7.168 25.92l0.768-0.768q-0.064-1.408-1.664-3.008-0.704-0.704-1.44-1.12t-1.12-0.416l-0.448-0.064-0.704 0.768-0.576 2.56q0.896 0.512 1.472 1.088 0.768 0.768 1.152 1.536z\"><\/path>\n<\/svg><\/span><span class='slider-fallback-image'><\/span><\/a><div class=\"slide-content\"><header class=\"entry-content-header\" aria-label=\"Slide: ADPV 17\"><h3 class='slide-entry-title entry-title '  itemprop=\"headline\" ><a href='https:\/\/www.palaestina-verein.de\/wp\/wordpress?portfolio=adpv-17' title='ADPV 17'>ADPV 17<\/a><\/h3><span class=\"blog-categories minor-meta\"><a href=\"https:\/\/www.palaestina-verein.de\/wp\/wordpress\/?portfolio_entries=adpv\" rel=\"tag\">ADPV<\/a> <\/span><span class=\"av-vertical-delimiter\"><\/span><\/header><div class='slide-entry-excerpt entry-content'  itemprop=\"text\" >Nielsen, Inge; Andersen, Flemming G. and Holm-Nielsen, Svend: Die byzantinischen Thermen, 1993.<div class=\"read-more-link\"><a href=\"https:\/\/www.palaestina-verein.de\/wp\/wordpress?portfolio=adpv-17\" class=\"more-link\">Weiterlesen<span class='more-link-arrow avia-svg-icon avia-font-svg_entypo-fontello' data-av_svg_icon='right-open-big' data-av_iconset='svg_entypo-fontello'><svg version=\"1.1\" xmlns=\"http:\/\/www.w3.org\/2000\/svg\" width=\"15\" height=\"32\" viewBox=\"0 0 15 32\" preserveAspectRatio=\"xMidYMid meet\" role=\"graphics-symbol\" aria-hidden=\"true\">\n<path d=\"M0.416 27.84l11.456-11.84-11.456-11.904q-0.832-0.832 0-1.536 0.832-0.832 1.536 0l12.544 12.608q0.768 0.832 0 1.6l-12.544 12.608q-0.704 0.832-1.536 0-0.832-0.704 0-1.536z\"><\/path>\n<\/svg><\/span><\/a><\/div><\/div><\/div><footer class=\"entry-footer\"><div class=\"slide-meta\"><time class='slide-meta-time updated'  itemprop=\"datePublished\" datetime=\"2014-10-03T12:00:29+00:00\" >GMT+0000GMT+0000\/Okt.Okt.\/JJJJ<\/time><\/div><\/footer><span class='hidden'>\n\t\t\t\t<span class='av-structured-data'  itemprop=\"image\" itemscope=\"itemscope\" itemtype=\"https:\/\/schema.org\/ImageObject\" >\n\t\t\t\t\t\t<span itemprop='url'>https:\/\/www.palaestina-verein.de\/wp\/wordpress\/wp-content\/uploads\/logo-only-map1.png<\/span>\n\t\t\t\t\t\t<span itemprop='height'>0<\/span>\n\t\t\t\t\t\t<span itemprop='width'>0<\/span>\n\t\t\t\t<\/span>\n\t\t\t\t<span class='av-structured-data'  itemprop=\"publisher\" itemtype=\"https:\/\/schema.org\/Organization\" itemscope=\"itemscope\" >\n\t\t\t\t\t\t<span itemprop='name'>Stefan M\u00fcnger<\/span>\n\t\t\t\t\t\t<span itemprop='logo' itemscope itemtype='https:\/\/schema.org\/ImageObject'>\n\t\t\t\t\t\t\t<span itemprop='url'>https:\/\/www.palaestina-verein.de\/wp\/wordpress\/wp-content\/uploads\/logo-only-map1.png<\/span>\n\t\t\t\t\t\t<\/span>\n\t\t\t\t<\/span><span class='av-structured-data'  itemprop=\"author\" itemscope=\"itemscope\" itemtype=\"https:\/\/schema.org\/Person\" ><span itemprop='name'>Stefan M\u00fcnger<\/span><\/span><span class='av-structured-data'  itemprop=\"datePublished\" datetime=\"2019-09-29T10:49:22+00:00\" >2014-10-03 12:00:29<\/span><span class='av-structured-data'  itemprop=\"dateModified\" itemtype=\"https:\/\/schema.org\/dateModified\" >2016-03-02 08:50:21<\/span><span class='av-structured-data'  itemprop=\"mainEntityOfPage\" itemtype=\"https:\/\/schema.org\/mainEntityOfPage\" ><span itemprop='name'>ADPV 17<\/span><\/span><\/span><\/article><\/div><div class=\"slide-entry-wrap\"><article class='slide-entry flex_column  post-entry post-entry-1645 slide-entry-overview slide-loop-34 slide-parity-odd  av_one_third first fake-thumbnail posttype-portfolio post-format-standard'  itemscope=\"itemscope\" itemtype=\"https:\/\/schema.org\/CreativeWork\" ><a href='https:\/\/www.palaestina-verein.de\/wp\/wordpress?portfolio=adpv-16' data-rel='slide-1' class='slide-image' title='ADPV 16'><span class='fallback-post-type-icon avia-svg-icon avia-font-svg_entypo-fontello' data-av_svg_icon='pencil' data-av_iconset='svg_entypo-fontello'><svg version=\"1.1\" xmlns=\"http:\/\/www.w3.org\/2000\/svg\" width=\"25\" height=\"32\" viewBox=\"0 0 25 32\" preserveAspectRatio=\"xMidYMid meet\" role=\"graphics-symbol\" aria-hidden=\"true\">\n<path d=\"M22.976 5.44q1.024 1.024 1.504 2.048t0.48 1.536v0.512l-8.064 8.064-9.28 9.216-7.616 1.664 1.6-7.68 9.28-9.216 8.064-8.064q1.728-0.384 4.032 1.92zM7.168 25.92l0.768-0.768q-0.064-1.408-1.664-3.008-0.704-0.704-1.44-1.12t-1.12-0.416l-0.448-0.064-0.704 0.768-0.576 2.56q0.896 0.512 1.472 1.088 0.768 0.768 1.152 1.536z\"><\/path>\n<\/svg><\/span><span class='slider-fallback-image'><\/span><\/a><div class=\"slide-content\"><header class=\"entry-content-header\" aria-label=\"Slide: ADPV 16\"><h3 class='slide-entry-title entry-title '  itemprop=\"headline\" ><a href='https:\/\/www.palaestina-verein.de\/wp\/wordpress?portfolio=adpv-16' title='ADPV 16'>ADPV 16<\/a><\/h3><span class=\"blog-categories minor-meta\"><a href=\"https:\/\/www.palaestina-verein.de\/wp\/wordpress\/?portfolio_entries=adpv\" rel=\"tag\">ADPV<\/a> <\/span><span class=\"av-vertical-delimiter\"><\/span><\/header><div class='slide-entry-excerpt entry-content'  itemprop=\"text\" >H\u00fcbner, Ulrich: Die Ammoniter. Untersuchungen zur Geschichte, Kultur und Religion eines transjordanischen Volkes im 1. Jahrtausend v. Chr., 1992.<div class=\"read-more-link\"><a href=\"https:\/\/www.palaestina-verein.de\/wp\/wordpress?portfolio=adpv-16\" class=\"more-link\">Weiterlesen<span class='more-link-arrow avia-svg-icon avia-font-svg_entypo-fontello' data-av_svg_icon='right-open-big' data-av_iconset='svg_entypo-fontello'><svg version=\"1.1\" xmlns=\"http:\/\/www.w3.org\/2000\/svg\" width=\"15\" height=\"32\" viewBox=\"0 0 15 32\" preserveAspectRatio=\"xMidYMid meet\" role=\"graphics-symbol\" aria-hidden=\"true\">\n<path d=\"M0.416 27.84l11.456-11.84-11.456-11.904q-0.832-0.832 0-1.536 0.832-0.832 1.536 0l12.544 12.608q0.768 0.832 0 1.6l-12.544 12.608q-0.704 0.832-1.536 0-0.832-0.704 0-1.536z\"><\/path>\n<\/svg><\/span><\/a><\/div><\/div><\/div><footer class=\"entry-footer\"><div class=\"slide-meta\"><time class='slide-meta-time updated'  itemprop=\"datePublished\" datetime=\"2014-10-02T12:00:58+00:00\" >GMT+0000GMT+0000\/Okt.Okt.\/JJJJ<\/time><\/div><\/footer><span class='hidden'>\n\t\t\t\t<span class='av-structured-data'  itemprop=\"image\" itemscope=\"itemscope\" itemtype=\"https:\/\/schema.org\/ImageObject\" >\n\t\t\t\t\t\t<span itemprop='url'>https:\/\/www.palaestina-verein.de\/wp\/wordpress\/wp-content\/uploads\/logo-only-map1.png<\/span>\n\t\t\t\t\t\t<span itemprop='height'>0<\/span>\n\t\t\t\t\t\t<span itemprop='width'>0<\/span>\n\t\t\t\t<\/span>\n\t\t\t\t<span class='av-structured-data'  itemprop=\"publisher\" itemtype=\"https:\/\/schema.org\/Organization\" itemscope=\"itemscope\" >\n\t\t\t\t\t\t<span itemprop='name'>Stefan M\u00fcnger<\/span>\n\t\t\t\t\t\t<span itemprop='logo' itemscope itemtype='https:\/\/schema.org\/ImageObject'>\n\t\t\t\t\t\t\t<span itemprop='url'>https:\/\/www.palaestina-verein.de\/wp\/wordpress\/wp-content\/uploads\/logo-only-map1.png<\/span>\n\t\t\t\t\t\t<\/span>\n\t\t\t\t<\/span><span class='av-structured-data'  itemprop=\"author\" itemscope=\"itemscope\" itemtype=\"https:\/\/schema.org\/Person\" ><span itemprop='name'>Stefan M\u00fcnger<\/span><\/span><span class='av-structured-data'  itemprop=\"datePublished\" datetime=\"2019-09-29T10:49:22+00:00\" >2014-10-02 12:00:58<\/span><span class='av-structured-data'  itemprop=\"dateModified\" itemtype=\"https:\/\/schema.org\/dateModified\" >2014-10-29 16:24:40<\/span><span class='av-structured-data'  itemprop=\"mainEntityOfPage\" itemtype=\"https:\/\/schema.org\/mainEntityOfPage\" ><span itemprop='name'>ADPV 16<\/span><\/span><\/span><\/article><article class='slide-entry flex_column  post-entry post-entry-1646 slide-entry-overview slide-loop-35 slide-parity-even  av_one_third  fake-thumbnail posttype-portfolio post-format-standard'  itemscope=\"itemscope\" itemtype=\"https:\/\/schema.org\/CreativeWork\" ><a href='https:\/\/www.palaestina-verein.de\/wp\/wordpress?portfolio=adpv-15' data-rel='slide-1' class='slide-image' title='ADPV 15'><span class='fallback-post-type-icon avia-svg-icon avia-font-svg_entypo-fontello' data-av_svg_icon='pencil' data-av_iconset='svg_entypo-fontello'><svg version=\"1.1\" xmlns=\"http:\/\/www.w3.org\/2000\/svg\" width=\"25\" height=\"32\" viewBox=\"0 0 25 32\" preserveAspectRatio=\"xMidYMid meet\" role=\"graphics-symbol\" aria-hidden=\"true\">\n<path d=\"M22.976 5.44q1.024 1.024 1.504 2.048t0.48 1.536v0.512l-8.064 8.064-9.28 9.216-7.616 1.664 1.6-7.68 9.28-9.216 8.064-8.064q1.728-0.384 4.032 1.92zM7.168 25.92l0.768-0.768q-0.064-1.408-1.664-3.008-0.704-0.704-1.44-1.12t-1.12-0.416l-0.448-0.064-0.704 0.768-0.576 2.56q0.896 0.512 1.472 1.088 0.768 0.768 1.152 1.536z\"><\/path>\n<\/svg><\/span><span class='slider-fallback-image'><\/span><\/a><div class=\"slide-content\"><header class=\"entry-content-header\" aria-label=\"Slide: ADPV 15\"><h3 class='slide-entry-title entry-title '  itemprop=\"headline\" ><a href='https:\/\/www.palaestina-verein.de\/wp\/wordpress?portfolio=adpv-15' title='ADPV 15'>ADPV 15<\/a><\/h3><span class=\"blog-categories minor-meta\"><a href=\"https:\/\/www.palaestina-verein.de\/wp\/wordpress\/?portfolio_entries=adpv\" rel=\"tag\">ADPV<\/a> <\/span><span class=\"av-vertical-delimiter\"><\/span><\/header><div class='slide-entry-excerpt entry-content'  itemprop=\"text\" >Fritz, Volkmar (Ed.)\r\n\r\nKinneret\r\n\r\nErgebnisse der Ausgrabungen auf dem Tell el-'Oreme am See Gennesaret 1982-1985, 1990.<div class=\"read-more-link\"><a href=\"https:\/\/www.palaestina-verein.de\/wp\/wordpress?portfolio=adpv-15\" class=\"more-link\">Weiterlesen<span class='more-link-arrow avia-svg-icon avia-font-svg_entypo-fontello' data-av_svg_icon='right-open-big' data-av_iconset='svg_entypo-fontello'><svg version=\"1.1\" xmlns=\"http:\/\/www.w3.org\/2000\/svg\" width=\"15\" height=\"32\" viewBox=\"0 0 15 32\" preserveAspectRatio=\"xMidYMid meet\" role=\"graphics-symbol\" aria-hidden=\"true\">\n<path d=\"M0.416 27.84l11.456-11.84-11.456-11.904q-0.832-0.832 0-1.536 0.832-0.832 1.536 0l12.544 12.608q0.768 0.832 0 1.6l-12.544 12.608q-0.704 0.832-1.536 0-0.832-0.704 0-1.536z\"><\/path>\n<\/svg><\/span><\/a><\/div><\/div><\/div><footer class=\"entry-footer\"><div class=\"slide-meta\"><time class='slide-meta-time updated'  itemprop=\"datePublished\" datetime=\"2014-10-01T12:00:12+00:00\" >GMT+0000GMT+0000\/Okt.Okt.\/JJJJ<\/time><\/div><\/footer><span class='hidden'>\n\t\t\t\t<span class='av-structured-data'  itemprop=\"image\" itemscope=\"itemscope\" itemtype=\"https:\/\/schema.org\/ImageObject\" >\n\t\t\t\t\t\t<span itemprop='url'>https:\/\/www.palaestina-verein.de\/wp\/wordpress\/wp-content\/uploads\/logo-only-map1.png<\/span>\n\t\t\t\t\t\t<span itemprop='height'>0<\/span>\n\t\t\t\t\t\t<span itemprop='width'>0<\/span>\n\t\t\t\t<\/span>\n\t\t\t\t<span class='av-structured-data'  itemprop=\"publisher\" itemtype=\"https:\/\/schema.org\/Organization\" itemscope=\"itemscope\" >\n\t\t\t\t\t\t<span itemprop='name'>Stefan M\u00fcnger<\/span>\n\t\t\t\t\t\t<span itemprop='logo' itemscope itemtype='https:\/\/schema.org\/ImageObject'>\n\t\t\t\t\t\t\t<span itemprop='url'>https:\/\/www.palaestina-verein.de\/wp\/wordpress\/wp-content\/uploads\/logo-only-map1.png<\/span>\n\t\t\t\t\t\t<\/span>\n\t\t\t\t<\/span><span class='av-structured-data'  itemprop=\"author\" itemscope=\"itemscope\" itemtype=\"https:\/\/schema.org\/Person\" ><span itemprop='name'>Stefan M\u00fcnger<\/span><\/span><span class='av-structured-data'  itemprop=\"datePublished\" datetime=\"2019-09-29T10:49:22+00:00\" >2014-10-01 12:00:12<\/span><span class='av-structured-data'  itemprop=\"dateModified\" itemtype=\"https:\/\/schema.org\/dateModified\" >2014-10-29 16:25:02<\/span><span class='av-structured-data'  itemprop=\"mainEntityOfPage\" itemtype=\"https:\/\/schema.org\/mainEntityOfPage\" ><span itemprop='name'>ADPV 15<\/span><\/span><\/span><\/article><article class='slide-entry flex_column  post-entry post-entry-1647 slide-entry-overview slide-loop-36 slide-parity-odd  av_one_third  fake-thumbnail posttype-portfolio post-format-standard'  itemscope=\"itemscope\" itemtype=\"https:\/\/schema.org\/CreativeWork\" ><a href='https:\/\/www.palaestina-verein.de\/wp\/wordpress?portfolio=adpv-14' data-rel='slide-1' class='slide-image' title='ADPV 14'><span class='fallback-post-type-icon avia-svg-icon avia-font-svg_entypo-fontello' data-av_svg_icon='pencil' data-av_iconset='svg_entypo-fontello'><svg version=\"1.1\" xmlns=\"http:\/\/www.w3.org\/2000\/svg\" width=\"25\" height=\"32\" viewBox=\"0 0 25 32\" preserveAspectRatio=\"xMidYMid meet\" role=\"graphics-symbol\" aria-hidden=\"true\">\n<path d=\"M22.976 5.44q1.024 1.024 1.504 2.048t0.48 1.536v0.512l-8.064 8.064-9.28 9.216-7.616 1.664 1.6-7.68 9.28-9.216 8.064-8.064q1.728-0.384 4.032 1.92zM7.168 25.92l0.768-0.768q-0.064-1.408-1.664-3.008-0.704-0.704-1.44-1.12t-1.12-0.416l-0.448-0.064-0.704 0.768-0.576 2.56q0.896 0.512 1.472 1.088 0.768 0.768 1.152 1.536z\"><\/path>\n<\/svg><\/span><span class='slider-fallback-image'><\/span><\/a><div class=\"slide-content\"><header class=\"entry-content-header\" aria-label=\"Slide: ADPV 14\"><h3 class='slide-entry-title entry-title '  itemprop=\"headline\" ><a href='https:\/\/www.palaestina-verein.de\/wp\/wordpress?portfolio=adpv-14' title='ADPV 14'>ADPV 14<\/a><\/h3><span class=\"blog-categories minor-meta\"><a href=\"https:\/\/www.palaestina-verein.de\/wp\/wordpress\/?portfolio_entries=adpv\" rel=\"tag\">ADPV<\/a> <\/span><span class=\"av-vertical-delimiter\"><\/span><\/header><div class='slide-entry-excerpt entry-content'  itemprop=\"text\" >Mayer, Hans E: Die Kreuzfahrerherrschaft Montr\u00e9al (Sobak). Jordanien im 12. Jahrhundert, 1990.<div class=\"read-more-link\"><a href=\"https:\/\/www.palaestina-verein.de\/wp\/wordpress?portfolio=adpv-14\" class=\"more-link\">Weiterlesen<span class='more-link-arrow avia-svg-icon avia-font-svg_entypo-fontello' data-av_svg_icon='right-open-big' data-av_iconset='svg_entypo-fontello'><svg version=\"1.1\" xmlns=\"http:\/\/www.w3.org\/2000\/svg\" width=\"15\" height=\"32\" viewBox=\"0 0 15 32\" preserveAspectRatio=\"xMidYMid meet\" role=\"graphics-symbol\" aria-hidden=\"true\">\n<path d=\"M0.416 27.84l11.456-11.84-11.456-11.904q-0.832-0.832 0-1.536 0.832-0.832 1.536 0l12.544 12.608q0.768 0.832 0 1.6l-12.544 12.608q-0.704 0.832-1.536 0-0.832-0.704 0-1.536z\"><\/path>\n<\/svg><\/span><\/a><\/div><\/div><\/div><footer class=\"entry-footer\"><div class=\"slide-meta\"><time class='slide-meta-time updated'  itemprop=\"datePublished\" datetime=\"2014-09-30T12:00:44+00:00\" >GMT+0000GMT+0000\/Sep.Sep.\/JJJJ<\/time><\/div><\/footer><span class='hidden'>\n\t\t\t\t<span class='av-structured-data'  itemprop=\"image\" itemscope=\"itemscope\" itemtype=\"https:\/\/schema.org\/ImageObject\" >\n\t\t\t\t\t\t<span itemprop='url'>https:\/\/www.palaestina-verein.de\/wp\/wordpress\/wp-content\/uploads\/logo-only-map1.png<\/span>\n\t\t\t\t\t\t<span itemprop='height'>0<\/span>\n\t\t\t\t\t\t<span itemprop='width'>0<\/span>\n\t\t\t\t<\/span>\n\t\t\t\t<span class='av-structured-data'  itemprop=\"publisher\" itemtype=\"https:\/\/schema.org\/Organization\" itemscope=\"itemscope\" >\n\t\t\t\t\t\t<span itemprop='name'>Stefan M\u00fcnger<\/span>\n\t\t\t\t\t\t<span itemprop='logo' itemscope itemtype='https:\/\/schema.org\/ImageObject'>\n\t\t\t\t\t\t\t<span itemprop='url'>https:\/\/www.palaestina-verein.de\/wp\/wordpress\/wp-content\/uploads\/logo-only-map1.png<\/span>\n\t\t\t\t\t\t<\/span>\n\t\t\t\t<\/span><span class='av-structured-data'  itemprop=\"author\" itemscope=\"itemscope\" itemtype=\"https:\/\/schema.org\/Person\" ><span itemprop='name'>Stefan M\u00fcnger<\/span><\/span><span class='av-structured-data'  itemprop=\"datePublished\" datetime=\"2019-09-29T10:49:22+00:00\" >2014-09-30 12:00:44<\/span><span class='av-structured-data'  itemprop=\"dateModified\" itemtype=\"https:\/\/schema.org\/dateModified\" >2014-10-27 15:45:32<\/span><span class='av-structured-data'  itemprop=\"mainEntityOfPage\" itemtype=\"https:\/\/schema.org\/mainEntityOfPage\" ><span itemprop='name'>ADPV 14<\/span><\/span><\/span><\/article><\/div><div class=\"slide-entry-wrap\"><article class='slide-entry flex_column  post-entry post-entry-1650 slide-entry-overview slide-loop-37 slide-parity-odd  av_one_third first fake-thumbnail posttype-portfolio post-format-standard'  itemscope=\"itemscope\" itemtype=\"https:\/\/schema.org\/CreativeWork\" ><a href='https:\/\/www.palaestina-verein.de\/wp\/wordpress?portfolio=adpv-13' data-rel='slide-1' class='slide-image' title='ADPV 13'><span class='fallback-post-type-icon avia-svg-icon avia-font-svg_entypo-fontello' data-av_svg_icon='pencil' data-av_iconset='svg_entypo-fontello'><svg version=\"1.1\" xmlns=\"http:\/\/www.w3.org\/2000\/svg\" width=\"25\" height=\"32\" viewBox=\"0 0 25 32\" preserveAspectRatio=\"xMidYMid meet\" role=\"graphics-symbol\" aria-hidden=\"true\">\n<path d=\"M22.976 5.44q1.024 1.024 1.504 2.048t0.48 1.536v0.512l-8.064 8.064-9.28 9.216-7.616 1.664 1.6-7.68 9.28-9.216 8.064-8.064q1.728-0.384 4.032 1.92zM7.168 25.92l0.768-0.768q-0.064-1.408-1.664-3.008-0.704-0.704-1.44-1.12t-1.12-0.416l-0.448-0.064-0.704 0.768-0.576 2.56q0.896 0.512 1.472 1.088 0.768 0.768 1.152 1.536z\"><\/path>\n<\/svg><\/span><span class='slider-fallback-image'><\/span><\/a><div class=\"slide-content\"><header class=\"entry-content-header\" aria-label=\"Slide: ADPV 13\"><h3 class='slide-entry-title entry-title '  itemprop=\"headline\" ><a href='https:\/\/www.palaestina-verein.de\/wp\/wordpress?portfolio=adpv-13' title='ADPV 13'>ADPV 13<\/a><\/h3><span class=\"blog-categories minor-meta\"><a href=\"https:\/\/www.palaestina-verein.de\/wp\/wordpress\/?portfolio_entries=adpv\" rel=\"tag\">ADPV<\/a> <\/span><span class=\"av-vertical-delimiter\"><\/span><\/header><div class='slide-entry-excerpt entry-content'  itemprop=\"text\" >Khairy, Nabil I: The 1981 Petra Excavations, 1990.<div class=\"read-more-link\"><a href=\"https:\/\/www.palaestina-verein.de\/wp\/wordpress?portfolio=adpv-13\" class=\"more-link\">Weiterlesen<span class='more-link-arrow avia-svg-icon avia-font-svg_entypo-fontello' data-av_svg_icon='right-open-big' data-av_iconset='svg_entypo-fontello'><svg version=\"1.1\" xmlns=\"http:\/\/www.w3.org\/2000\/svg\" width=\"15\" height=\"32\" viewBox=\"0 0 15 32\" preserveAspectRatio=\"xMidYMid meet\" role=\"graphics-symbol\" aria-hidden=\"true\">\n<path d=\"M0.416 27.84l11.456-11.84-11.456-11.904q-0.832-0.832 0-1.536 0.832-0.832 1.536 0l12.544 12.608q0.768 0.832 0 1.6l-12.544 12.608q-0.704 0.832-1.536 0-0.832-0.704 0-1.536z\"><\/path>\n<\/svg><\/span><\/a><\/div><\/div><\/div><footer class=\"entry-footer\"><div class=\"slide-meta\"><time class='slide-meta-time updated'  itemprop=\"datePublished\" datetime=\"2014-09-29T12:00:01+00:00\" >GMT+0000GMT+0000\/Sep.Sep.\/JJJJ<\/time><\/div><\/footer><span class='hidden'>\n\t\t\t\t<span class='av-structured-data'  itemprop=\"image\" itemscope=\"itemscope\" itemtype=\"https:\/\/schema.org\/ImageObject\" >\n\t\t\t\t\t\t<span itemprop='url'>https:\/\/www.palaestina-verein.de\/wp\/wordpress\/wp-content\/uploads\/logo-only-map1.png<\/span>\n\t\t\t\t\t\t<span itemprop='height'>0<\/span>\n\t\t\t\t\t\t<span itemprop='width'>0<\/span>\n\t\t\t\t<\/span>\n\t\t\t\t<span class='av-structured-data'  itemprop=\"publisher\" itemtype=\"https:\/\/schema.org\/Organization\" itemscope=\"itemscope\" >\n\t\t\t\t\t\t<span itemprop='name'>Stefan M\u00fcnger<\/span>\n\t\t\t\t\t\t<span itemprop='logo' itemscope itemtype='https:\/\/schema.org\/ImageObject'>\n\t\t\t\t\t\t\t<span itemprop='url'>https:\/\/www.palaestina-verein.de\/wp\/wordpress\/wp-content\/uploads\/logo-only-map1.png<\/span>\n\t\t\t\t\t\t<\/span>\n\t\t\t\t<\/span><span class='av-structured-data'  itemprop=\"author\" itemscope=\"itemscope\" itemtype=\"https:\/\/schema.org\/Person\" ><span itemprop='name'>Stefan M\u00fcnger<\/span><\/span><span class='av-structured-data'  itemprop=\"datePublished\" datetime=\"2019-09-29T10:49:22+00:00\" >2014-09-29 12:00:01<\/span><span class='av-structured-data'  itemprop=\"dateModified\" itemtype=\"https:\/\/schema.org\/dateModified\" >2014-10-27 15:48:01<\/span><span class='av-structured-data'  itemprop=\"mainEntityOfPage\" itemtype=\"https:\/\/schema.org\/mainEntityOfPage\" ><span itemprop='name'>ADPV 13<\/span><\/span><\/span><\/article><article class='slide-entry flex_column  post-entry post-entry-1651 slide-entry-overview slide-loop-38 slide-parity-even  av_one_third  fake-thumbnail posttype-portfolio post-format-standard'  itemscope=\"itemscope\" itemtype=\"https:\/\/schema.org\/CreativeWork\" ><a href='https:\/\/www.palaestina-verein.de\/wp\/wordpress?portfolio=adpv-12' data-rel='slide-1' class='slide-image' title='ADPV 12'><span class='fallback-post-type-icon avia-svg-icon avia-font-svg_entypo-fontello' data-av_svg_icon='pencil' data-av_iconset='svg_entypo-fontello'><svg version=\"1.1\" xmlns=\"http:\/\/www.w3.org\/2000\/svg\" width=\"25\" height=\"32\" viewBox=\"0 0 25 32\" preserveAspectRatio=\"xMidYMid meet\" role=\"graphics-symbol\" aria-hidden=\"true\">\n<path d=\"M22.976 5.44q1.024 1.024 1.504 2.048t0.48 1.536v0.512l-8.064 8.064-9.28 9.216-7.616 1.664 1.6-7.68 9.28-9.216 8.064-8.064q1.728-0.384 4.032 1.92zM7.168 25.92l0.768-0.768q-0.064-1.408-1.664-3.008-0.704-0.704-1.44-1.12t-1.12-0.416l-0.448-0.064-0.704 0.768-0.576 2.56q0.896 0.512 1.472 1.088 0.768 0.768 1.152 1.536z\"><\/path>\n<\/svg><\/span><span class='slider-fallback-image'><\/span><\/a><div class=\"slide-content\"><header class=\"entry-content-header\" aria-label=\"Slide: ADPV 12\"><h3 class='slide-entry-title entry-title '  itemprop=\"headline\" ><a href='https:\/\/www.palaestina-verein.de\/wp\/wordpress?portfolio=adpv-12' title='ADPV 12'>ADPV 12<\/a><\/h3><span class=\"blog-categories minor-meta\"><a href=\"https:\/\/www.palaestina-verein.de\/wp\/wordpress\/?portfolio_entries=adpv\" rel=\"tag\">ADPV<\/a> <\/span><span class=\"av-vertical-delimiter\"><\/span><\/header><div class='slide-entry-excerpt entry-content'  itemprop=\"text\" >R\u00fcger, Hans P: Syrien und Pal\u00e4stina nach dem Reisebericht des Benjamin von Tudela, 1990.<div class=\"read-more-link\"><a href=\"https:\/\/www.palaestina-verein.de\/wp\/wordpress?portfolio=adpv-12\" class=\"more-link\">Weiterlesen<span class='more-link-arrow avia-svg-icon avia-font-svg_entypo-fontello' data-av_svg_icon='right-open-big' data-av_iconset='svg_entypo-fontello'><svg version=\"1.1\" xmlns=\"http:\/\/www.w3.org\/2000\/svg\" width=\"15\" height=\"32\" viewBox=\"0 0 15 32\" preserveAspectRatio=\"xMidYMid meet\" role=\"graphics-symbol\" aria-hidden=\"true\">\n<path d=\"M0.416 27.84l11.456-11.84-11.456-11.904q-0.832-0.832 0-1.536 0.832-0.832 1.536 0l12.544 12.608q0.768 0.832 0 1.6l-12.544 12.608q-0.704 0.832-1.536 0-0.832-0.704 0-1.536z\"><\/path>\n<\/svg><\/span><\/a><\/div><\/div><\/div><footer class=\"entry-footer\"><div class=\"slide-meta\"><time class='slide-meta-time updated'  itemprop=\"datePublished\" datetime=\"2014-09-28T12:00:10+00:00\" >GMT+0000GMT+0000\/Sep.Sep.\/JJJJ<\/time><\/div><\/footer><span class='hidden'>\n\t\t\t\t<span class='av-structured-data'  itemprop=\"image\" itemscope=\"itemscope\" itemtype=\"https:\/\/schema.org\/ImageObject\" >\n\t\t\t\t\t\t<span itemprop='url'>https:\/\/www.palaestina-verein.de\/wp\/wordpress\/wp-content\/uploads\/logo-only-map1.png<\/span>\n\t\t\t\t\t\t<span itemprop='height'>0<\/span>\n\t\t\t\t\t\t<span itemprop='width'>0<\/span>\n\t\t\t\t<\/span>\n\t\t\t\t<span class='av-structured-data'  itemprop=\"publisher\" itemtype=\"https:\/\/schema.org\/Organization\" itemscope=\"itemscope\" >\n\t\t\t\t\t\t<span itemprop='name'>Stefan M\u00fcnger<\/span>\n\t\t\t\t\t\t<span itemprop='logo' itemscope itemtype='https:\/\/schema.org\/ImageObject'>\n\t\t\t\t\t\t\t<span itemprop='url'>https:\/\/www.palaestina-verein.de\/wp\/wordpress\/wp-content\/uploads\/logo-only-map1.png<\/span>\n\t\t\t\t\t\t<\/span>\n\t\t\t\t<\/span><span class='av-structured-data'  itemprop=\"author\" itemscope=\"itemscope\" itemtype=\"https:\/\/schema.org\/Person\" ><span itemprop='name'>Stefan M\u00fcnger<\/span><\/span><span class='av-structured-data'  itemprop=\"datePublished\" datetime=\"2019-09-29T10:49:22+00:00\" >2014-09-28 12:00:10<\/span><span class='av-structured-data'  itemprop=\"dateModified\" itemtype=\"https:\/\/schema.org\/dateModified\" >2014-10-27 15:49:14<\/span><span class='av-structured-data'  itemprop=\"mainEntityOfPage\" itemtype=\"https:\/\/schema.org\/mainEntityOfPage\" ><span itemprop='name'>ADPV 12<\/span><\/span><\/span><\/article><article class='slide-entry flex_column  post-entry post-entry-1652 slide-entry-overview slide-loop-39 slide-parity-odd  av_one_third  fake-thumbnail posttype-portfolio post-format-standard'  itemscope=\"itemscope\" itemtype=\"https:\/\/schema.org\/CreativeWork\" ><a href='https:\/\/www.palaestina-verein.de\/wp\/wordpress?portfolio=adpv-11' data-rel='slide-1' class='slide-image' title='ADPV 11'><span class='fallback-post-type-icon avia-svg-icon avia-font-svg_entypo-fontello' data-av_svg_icon='pencil' data-av_iconset='svg_entypo-fontello'><svg version=\"1.1\" xmlns=\"http:\/\/www.w3.org\/2000\/svg\" width=\"25\" height=\"32\" viewBox=\"0 0 25 32\" preserveAspectRatio=\"xMidYMid meet\" role=\"graphics-symbol\" aria-hidden=\"true\">\n<path d=\"M22.976 5.44q1.024 1.024 1.504 2.048t0.48 1.536v0.512l-8.064 8.064-9.28 9.216-7.616 1.664 1.6-7.68 9.28-9.216 8.064-8.064q1.728-0.384 4.032 1.92zM7.168 25.92l0.768-0.768q-0.064-1.408-1.664-3.008-0.704-0.704-1.44-1.12t-1.12-0.416l-0.448-0.064-0.704 0.768-0.576 2.56q0.896 0.512 1.472 1.088 0.768 0.768 1.152 1.536z\"><\/path>\n<\/svg><\/span><span class='slider-fallback-image'><\/span><\/a><div class=\"slide-content\"><header class=\"entry-content-header\" aria-label=\"Slide: ADPV 11\"><h3 class='slide-entry-title entry-title '  itemprop=\"headline\" ><a href='https:\/\/www.palaestina-verein.de\/wp\/wordpress?portfolio=adpv-11' title='ADPV 11'>ADPV 11<\/a><\/h3><span class=\"blog-categories minor-meta\"><a href=\"https:\/\/www.palaestina-verein.de\/wp\/wordpress\/?portfolio_entries=adpv\" rel=\"tag\">ADPV<\/a> <\/span><span class=\"av-vertical-delimiter\"><\/span><\/header><div class='slide-entry-excerpt entry-content'  itemprop=\"text\" >Bloedhorn, Hanswulf: Die Kapitelle der Synagoge von Kapernaum. Ihre zeitliche und stilistische Einordnung im Rahmen der Kapitellentwicklung in der Dekapolis und in Palaestina, 1992.<div class=\"read-more-link\"><a href=\"https:\/\/www.palaestina-verein.de\/wp\/wordpress?portfolio=adpv-11\" class=\"more-link\">Weiterlesen<span class='more-link-arrow avia-svg-icon avia-font-svg_entypo-fontello' data-av_svg_icon='right-open-big' data-av_iconset='svg_entypo-fontello'><svg version=\"1.1\" xmlns=\"http:\/\/www.w3.org\/2000\/svg\" width=\"15\" height=\"32\" viewBox=\"0 0 15 32\" preserveAspectRatio=\"xMidYMid meet\" role=\"graphics-symbol\" aria-hidden=\"true\">\n<path d=\"M0.416 27.84l11.456-11.84-11.456-11.904q-0.832-0.832 0-1.536 0.832-0.832 1.536 0l12.544 12.608q0.768 0.832 0 1.6l-12.544 12.608q-0.704 0.832-1.536 0-0.832-0.704 0-1.536z\"><\/path>\n<\/svg><\/span><\/a><\/div><\/div><\/div><footer class=\"entry-footer\"><div class=\"slide-meta\"><time class='slide-meta-time updated'  itemprop=\"datePublished\" datetime=\"2014-09-27T12:00:09+00:00\" >GMT+0000GMT+0000\/Sep.Sep.\/JJJJ<\/time><\/div><\/footer><span class='hidden'>\n\t\t\t\t<span class='av-structured-data'  itemprop=\"image\" itemscope=\"itemscope\" itemtype=\"https:\/\/schema.org\/ImageObject\" >\n\t\t\t\t\t\t<span itemprop='url'>https:\/\/www.palaestina-verein.de\/wp\/wordpress\/wp-content\/uploads\/logo-only-map1.png<\/span>\n\t\t\t\t\t\t<span itemprop='height'>0<\/span>\n\t\t\t\t\t\t<span itemprop='width'>0<\/span>\n\t\t\t\t<\/span>\n\t\t\t\t<span class='av-structured-data'  itemprop=\"publisher\" itemtype=\"https:\/\/schema.org\/Organization\" itemscope=\"itemscope\" >\n\t\t\t\t\t\t<span itemprop='name'>Stefan M\u00fcnger<\/span>\n\t\t\t\t\t\t<span itemprop='logo' itemscope itemtype='https:\/\/schema.org\/ImageObject'>\n\t\t\t\t\t\t\t<span itemprop='url'>https:\/\/www.palaestina-verein.de\/wp\/wordpress\/wp-content\/uploads\/logo-only-map1.png<\/span>\n\t\t\t\t\t\t<\/span>\n\t\t\t\t<\/span><span class='av-structured-data'  itemprop=\"author\" itemscope=\"itemscope\" itemtype=\"https:\/\/schema.org\/Person\" ><span itemprop='name'>Stefan M\u00fcnger<\/span><\/span><span class='av-structured-data'  itemprop=\"datePublished\" datetime=\"2019-09-29T10:49:22+00:00\" >2014-09-27 12:00:09<\/span><span class='av-structured-data'  itemprop=\"dateModified\" itemtype=\"https:\/\/schema.org\/dateModified\" >2014-10-27 15:50:21<\/span><span class='av-structured-data'  itemprop=\"mainEntityOfPage\" itemtype=\"https:\/\/schema.org\/mainEntityOfPage\" ><span itemprop='name'>ADPV 11<\/span><\/span><\/span><\/article><\/div><div class=\"slide-entry-wrap\"><article class='slide-entry flex_column  post-entry post-entry-1653 slide-entry-overview slide-loop-40 slide-parity-odd  post-entry-last  av_one_third first fake-thumbnail posttype-portfolio post-format-standard'  itemscope=\"itemscope\" itemtype=\"https:\/\/schema.org\/CreativeWork\" ><a href='https:\/\/www.palaestina-verein.de\/wp\/wordpress?portfolio=adpv-09-teil-1' data-rel='slide-1' class='slide-image' title='ADPV 09 &#8211; Teil 1'><span class='fallback-post-type-icon avia-svg-icon avia-font-svg_entypo-fontello' data-av_svg_icon='pencil' data-av_iconset='svg_entypo-fontello'><svg version=\"1.1\" xmlns=\"http:\/\/www.w3.org\/2000\/svg\" width=\"25\" height=\"32\" viewBox=\"0 0 25 32\" preserveAspectRatio=\"xMidYMid meet\" role=\"graphics-symbol\" aria-hidden=\"true\">\n<path d=\"M22.976 5.44q1.024 1.024 1.504 2.048t0.48 1.536v0.512l-8.064 8.064-9.28 9.216-7.616 1.664 1.6-7.68 9.28-9.216 8.064-8.064q1.728-0.384 4.032 1.92zM7.168 25.92l0.768-0.768q-0.064-1.408-1.664-3.008-0.704-0.704-1.44-1.12t-1.12-0.416l-0.448-0.064-0.704 0.768-0.576 2.56q0.896 0.512 1.472 1.088 0.768 0.768 1.152 1.536z\"><\/path>\n<\/svg><\/span><span class='slider-fallback-image'><\/span><\/a><div class=\"slide-content\"><header class=\"entry-content-header\" aria-label=\"Slide: ADPV 09 - Teil 1\"><h3 class='slide-entry-title entry-title '  itemprop=\"headline\" ><a href='https:\/\/www.palaestina-verein.de\/wp\/wordpress?portfolio=adpv-09-teil-1' title='ADPV 09 &#8211; Teil 1'>ADPV 09 &#8211; Teil 1<\/a><\/h3><span class=\"blog-categories minor-meta\"><a href=\"https:\/\/www.palaestina-verein.de\/wp\/wordpress\/?portfolio_entries=adpv\" rel=\"tag\">ADPV<\/a> <\/span><span class=\"av-vertical-delimiter\"><\/span><\/header><div class='slide-entry-excerpt entry-content'  itemprop=\"text\" >M\u00e4nnchen, Julia: Gustaf Dalmans Leben und Wirken in der Br\u00fcdergemeine, f\u00fcr die Judenmission und an der Universit\u00e4t Leipzig 1855-1902, 1987<div class=\"read-more-link\"><a href=\"https:\/\/www.palaestina-verein.de\/wp\/wordpress?portfolio=adpv-09-teil-1\" class=\"more-link\">Weiterlesen<span class='more-link-arrow avia-svg-icon avia-font-svg_entypo-fontello' data-av_svg_icon='right-open-big' data-av_iconset='svg_entypo-fontello'><svg version=\"1.1\" xmlns=\"http:\/\/www.w3.org\/2000\/svg\" width=\"15\" height=\"32\" viewBox=\"0 0 15 32\" preserveAspectRatio=\"xMidYMid meet\" role=\"graphics-symbol\" aria-hidden=\"true\">\n<path d=\"M0.416 27.84l11.456-11.84-11.456-11.904q-0.832-0.832 0-1.536 0.832-0.832 1.536 0l12.544 12.608q0.768 0.832 0 1.6l-12.544 12.608q-0.704 0.832-1.536 0-0.832-0.704 0-1.536z\"><\/path>\n<\/svg><\/span><\/a><\/div><\/div><\/div><footer class=\"entry-footer\"><div class=\"slide-meta\"><time class='slide-meta-time updated'  itemprop=\"datePublished\" datetime=\"2014-09-26T12:00:24+00:00\" >GMT+0000GMT+0000\/Sep.Sep.\/JJJJ<\/time><\/div><\/footer><span class='hidden'>\n\t\t\t\t<span class='av-structured-data'  itemprop=\"image\" itemscope=\"itemscope\" itemtype=\"https:\/\/schema.org\/ImageObject\" >\n\t\t\t\t\t\t<span itemprop='url'>https:\/\/www.palaestina-verein.de\/wp\/wordpress\/wp-content\/uploads\/logo-only-map1.png<\/span>\n\t\t\t\t\t\t<span itemprop='height'>0<\/span>\n\t\t\t\t\t\t<span itemprop='width'>0<\/span>\n\t\t\t\t<\/span>\n\t\t\t\t<span class='av-structured-data'  itemprop=\"publisher\" itemtype=\"https:\/\/schema.org\/Organization\" itemscope=\"itemscope\" >\n\t\t\t\t\t\t<span itemprop='name'>Stefan M\u00fcnger<\/span>\n\t\t\t\t\t\t<span itemprop='logo' itemscope itemtype='https:\/\/schema.org\/ImageObject'>\n\t\t\t\t\t\t\t<span itemprop='url'>https:\/\/www.palaestina-verein.de\/wp\/wordpress\/wp-content\/uploads\/logo-only-map1.png<\/span>\n\t\t\t\t\t\t<\/span>\n\t\t\t\t<\/span><span class='av-structured-data'  itemprop=\"author\" itemscope=\"itemscope\" itemtype=\"https:\/\/schema.org\/Person\" ><span itemprop='name'>Stefan M\u00fcnger<\/span><\/span><span class='av-structured-data'  itemprop=\"datePublished\" datetime=\"2019-09-29T10:49:22+00:00\" >2014-09-26 12:00:24<\/span><span class='av-structured-data'  itemprop=\"dateModified\" itemtype=\"https:\/\/schema.org\/dateModified\" >2014-10-29 16:25:32<\/span><span class='av-structured-data'  itemprop=\"mainEntityOfPage\" itemtype=\"https:\/\/schema.org\/mainEntityOfPage\" ><span itemprop='name'>ADPV 09 &#8211; Teil 1<\/span><\/span><\/span><\/article><\/div><\/div><\/div>\n\n<style type=\"text\/css\" data-created_by=\"avia_inline_auto\" id=\"style-css-av-av_hr-5ea7596238ed9f191e6b5e662093052f\">\n#top .hr.hr-invisible.av-av_hr-5ea7596238ed9f191e6b5e662093052f{\nheight:30px;\n}\n<\/style>\n<div  class='hr av-av_hr-5ea7596238ed9f191e6b5e662093052f hr-invisible'><span class='hr-inner '><span class=\"hr-inner-style\"><\/span><\/span><\/div>\n\n<style type=\"text\/css\" data-created_by=\"avia_inline_auto\" id=\"style-css-av-av_heading-bbc1471db92350d08acbc493b51773ba\">\n#top .av-special-heading.av-av_heading-bbc1471db92350d08acbc493b51773ba{\npadding-bottom:15px;\n}\nbody .av-special-heading.av-av_heading-bbc1471db92350d08acbc493b51773ba .av-special-heading-tag .heading-char{\nfont-size:25px;\n}\n.av-special-heading.av-av_heading-bbc1471db92350d08acbc493b51773ba .av-subheading{\nfont-size:15px;\n}\n<\/style>\n<div  class='av-special-heading av-av_heading-bbc1471db92350d08acbc493b51773ba av-special-heading-h4 blockquote modern-quote'><h4 class='av-special-heading-tag '  itemprop=\"headline\"  >Die Herausgeber der ADPV<\/h4><div class=\"special-heading-border\"><div class=\"special-heading-inner-border\"><\/div><\/div><\/div>\n<section  class='av_textblock_section av-av_textblock-0366cc7376be6c9e82a3e9cc8987b64f '   itemscope=\"itemscope\" itemtype=\"https:\/\/schema.org\/CreativeWork\" ><div class='avia_textblock'  itemprop=\"text\" ><div class=\"staff-member-listing adpv-de\"><div class=\"staff-member even \">\r\n<div  class='flex_column av-av_one_fifth-2a9015ff38129c418a3f2eafba3e9512 av_one_fifth first flex_column_div  '     ><p> <img decoding=\"async\" class=\"staff-member-photo\" src=\"https:\/\/www.palaestina-verein.de\/wp\/wordpress\/wp-content\/uploads\/gass.png\" alt=\"Prof. Dr. Erasmus Ga\u00df : Herausgeber der ADPV\"><\/p><\/div>\r\n <div  class='flex_column av-av_two_fifth-1c47c10d9dd6b9bc0b68f292c1cf5942 av_two_fifth flex_column_div  '     ><p> <strong>Prof. Dr. Erasmus Ga\u00df<\/strong><br \/>\nHerausgeber der ADPV<br \/>\n<a href=\"mailto:&#101;r&#097;smus&#046;&#103;&#097;&#115;s&#064;uni-a&#046;&#100;e\" title=\"Email Prof. Dr. Erasmus Ga\u00df\">&#101;r&#097;smus&#046;&#103;&#097;&#115;s&#064;uni-a&#046;&#100;e<\/a><\/p><\/div>\r\n<div  class='flex_column av-av_two_fifth-1c47c10d9dd6b9bc0b68f292c1cf5942 av_two_fifth flex_column_div  '     ><p> <a href=\"https:\/\/www.uni-augsburg.de\">Universit\u00e4t Augsburg<\/a><br \/>\nLehrstuhl f\u00fcr Alttestamentliche Wissenschaft<br \/>\nUniversit\u00e4tsstra\u00dfe 10<br \/>\nD-86159 Augsburg <\/p><\/div>\r\n<\/div> <!-- Close staff-member --><div class=\"staff-member odd \">\r\n<div  class='flex_column av-av_one_fifth-2a9015ff38129c418a3f2eafba3e9512 av_one_fifth first flex_column_div  '     ><p> <img decoding=\"async\" class=\"staff-member-photo\" src=\"https:\/\/www.palaestina-verein.de\/wp\/wordpress\/wp-content\/uploads\/hebert_niehr-e1401885726529.jpg\" alt=\"Prof. Dr. Herbert Niehr : Herausgeber der ADPV\"><\/p><\/div>\r\n <div  class='flex_column av-av_two_fifth-1c47c10d9dd6b9bc0b68f292c1cf5942 av_two_fifth flex_column_div  '     ><p> <strong>Prof. Dr. Herbert Niehr<\/strong><br \/>\nHerausgeber der ADPV<br \/>\n<a href=\"mailto:h&#101;&#114;b&#101;&#114;&#116;.&#110;&#105;&#101;&#104;&#114;&#064;&#117;&#110;&#105;&#045;tu&#101;b&#105;&#110;&#103;en.&#100;e\" title=\"Email Prof. Dr. Herbert Niehr\">h&#101;&#114;b&#101;&#114;&#116;.&#110;&#105;&#101;&#104;&#114;&#064;&#117;&#110;&#105;&#045;tu&#101;b&#105;&#110;&#103;en.&#100;e<\/a><\/p><\/div>\r\n<div  class='flex_column av-av_two_fifth-1c47c10d9dd6b9bc0b68f292c1cf5942 av_two_fifth flex_column_div  '     ><p> <a title=\"Universit\u00e4t T\u00fcbingen\" href=\"http:\/\/www.uni-tuebingen.de\" target=\"_blank\" rel=\"noopener\">Universit\u00e4t T\u00fcbingen<\/a><br \/>\nKatholisch-Theologische Fakult\u00e4t<br \/>\nLiebermeisterstra\u00dfe 12-14<br \/>\nD-72076 T\u00fcbingen<br \/>\nFax: +49\/(0)7071\/29-2866 <\/p><\/div>\r\n<\/div> <!-- Close staff-member --><div class=\"staff-member even  last\">\r\n<div  class='flex_column av-av_one_fifth-2a9015ff38129c418a3f2eafba3e9512 av_one_fifth first flex_column_div  '     ><p> <img decoding=\"async\" class=\"staff-member-photo\" src=\"https:\/\/www.palaestina-verein.de\/wp\/wordpress\/wp-content\/uploads\/michael_niemann-e1401885709886.jpg\" alt=\"Prof. Dr. Hermann Michael Niemann : Herausgeber der ADPV\"><\/p><\/div>\r\n <div  class='flex_column av-av_two_fifth-1c47c10d9dd6b9bc0b68f292c1cf5942 av_two_fifth flex_column_div  '     ><p> <strong>Prof. Dr. Hermann Michael Niemann<\/strong><br \/>\nHerausgeber der ADPV<br \/>\n<a href=\"mailto:&#104;&#109;n&#064;u&#110;i-&#114;ost&#111;&#099;k.d&#101;\" title=\"Email Prof. Dr. Hermann Michael Niemann\">&#104;&#109;n&#064;u&#110;i-&#114;ost&#111;&#099;k.d&#101;<\/a><\/p><\/div>\r\n<div  class='flex_column av-av_two_fifth-1c47c10d9dd6b9bc0b68f292c1cf5942 av_two_fifth flex_column_div  '     ><p> <a title=\"Universit\u00e4t Rostock\" href=\"http:\/\/www.uni-rostock.de\" target=\"_blank\">Universit\u00e4t Rostock<br \/>\n<\/a>Sildemower Weg 18a<br \/>\nD-18059 Rostock <\/p><\/div>\r\n<\/div> <!-- Close staff-member --><\/div> <!-- Close staff-member-listing -->\n<\/div><\/section>\n","protected":false},"excerpt":{"rendered":"","protected":false},"author":6,"featured_media":0,"parent":460,"menu_order":2,"comment_status":"closed","ping_status":"closed","template":"","meta":{"_bbp_topic_count":0,"_bbp_reply_count":0,"_bbp_total_topic_count":0,"_bbp_total_reply_count":0,"_bbp_voice_count":0,"_bbp_anonymous_reply_count":0,"_bbp_topic_count_hidden":0,"_bbp_reply_count_hidden":0,"_bbp_forum_subforum_count":0,"footnotes":""},"class_list":["post-469","page","type-page","status-publish","hentry"],"_links":{"self":[{"href":"https:\/\/www.palaestina-verein.de\/wp\/wordpress\/index.php?rest_route=\/wp\/v2\/pages\/469","targetHints":{"allow":["GET"]}}],"collection":[{"href":"https:\/\/www.palaestina-verein.de\/wp\/wordpress\/index.php?rest_route=\/wp\/v2\/pages"}],"about":[{"href":"https:\/\/www.palaestina-verein.de\/wp\/wordpress\/index.php?rest_route=\/wp\/v2\/types\/page"}],"author":[{"embeddable":true,"href":"https:\/\/www.palaestina-verein.de\/wp\/wordpress\/index.php?rest_route=\/wp\/v2\/users\/6"}],"replies":[{"embeddable":true,"href":"https:\/\/www.palaestina-verein.de\/wp\/wordpress\/index.php?rest_route=%2Fwp%2Fv2%2Fcomments&post=469"}],"version-history":[{"count":37,"href":"https:\/\/www.palaestina-verein.de\/wp\/wordpress\/index.php?rest_route=\/wp\/v2\/pages\/469\/revisions"}],"predecessor-version":[{"id":2001,"href":"https:\/\/www.palaestina-verein.de\/wp\/wordpress\/index.php?rest_route=\/wp\/v2\/pages\/469\/revisions\/2001"}],"up":[{"embeddable":true,"href":"https:\/\/www.palaestina-verein.de\/wp\/wordpress\/index.php?rest_route=\/wp\/v2\/pages\/460"}],"wp:attachment":[{"href":"https:\/\/www.palaestina-verein.de\/wp\/wordpress\/index.php?rest_route=%2Fwp%2Fv2%2Fmedia&parent=469"}],"curies":[{"name":"wp","href":"https:\/\/api.w.org\/{rel}","templated":true}]}}