{"id":1892,"date":"2014-11-21T10:43:13","date_gmt":"2014-11-21T10:43:13","guid":{"rendered":"http:\/\/www.palaestina-verein.de\/wp\/wordpress\/?post_type=portfolio&#038;p=1892"},"modified":"2015-01-23T10:54:58","modified_gmt":"2015-01-23T10:54:58","slug":"levante-53-historische-karten-zur-westexpansion-assyriens","status":"publish","type":"portfolio","link":"https:\/\/www.palaestina-verein.de\/wp\/wordpress?portfolio=levante-53-historische-karten-zur-westexpansion-assyriens","title":{"rendered":"Levante: 53 historische Karten zur Westexpansion Assyriens"},"content":{"rendered":"<div  class='flex_column av-av_one_full-2a9015ff38129c418a3f2eafba3e9512 av_one_full  avia-builder-el-0  avia-builder-el-no-sibling  first flex_column_div  '     ><section  class='av_textblock_section av-av_textblock-0366cc7376be6c9e82a3e9cc8987b64f '   itemscope=\"itemscope\" itemtype=\"https:\/\/schema.org\/CreativeWork\" ><div class='avia_textblock'  itemprop=\"text\" ><h3>Levante: 53 historische Karten zur Westexpansion Assyriens<\/h3>\n<h4>Unterstu\u0308tzung fu\u0308r das Graphic-Design der historischen Karten<\/h4>\n<p><em>Ariel M. Bagg (Heidelberg)<\/em><\/p>\n<div id=\"attachment_2672\" style=\"width: 190px\" class=\"wp-caption alignright\"><a href=\"https:\/\/www.palaestina-verein.de\/wp\/wordpress\/wp-content\/uploads\/10_Karten_Bagg_komprimiert.jpg\"><img loading=\"lazy\" decoding=\"async\" aria-describedby=\"caption-attachment-2672\" class=\"size-square wp-image-2672\" src=\"https:\/\/www.palaestina-verein.de\/wp\/wordpress\/wp-content\/uploads\/10_Karten_Bagg_komprimiert-180x180.jpg\" alt=\"Karte zu den Westfeldz\u00fcgen Assurbanipals\" width=\"180\" height=\"180\" srcset=\"https:\/\/www.palaestina-verein.de\/wp\/wordpress\/wp-content\/uploads\/10_Karten_Bagg_komprimiert-180x180.jpg 180w, https:\/\/www.palaestina-verein.de\/wp\/wordpress\/wp-content\/uploads\/10_Karten_Bagg_komprimiert-80x80.jpg 80w, https:\/\/www.palaestina-verein.de\/wp\/wordpress\/wp-content\/uploads\/10_Karten_Bagg_komprimiert-36x36.jpg 36w, https:\/\/www.palaestina-verein.de\/wp\/wordpress\/wp-content\/uploads\/10_Karten_Bagg_komprimiert-120x120.jpg 120w, https:\/\/www.palaestina-verein.de\/wp\/wordpress\/wp-content\/uploads\/10_Karten_Bagg_komprimiert-450x450.jpg 450w\" sizes=\"auto, (max-width: 180px) 100vw, 180px\" \/><\/a><p id=\"caption-attachment-2672\" class=\"wp-caption-text\">Karte zu den Westfeldz\u00fcgen Assurbanipals<\/p><\/div>\n<p>Mit dem Beginn der assyrischen Expansion im 8. Jh. v. u. Z. endete schrittweise die politische Unabh\u00e4ngigkeit der Levante. Die Frage, wie die Expansion erfolgte und wie die Assyrer dieses Territorium organisiert und verwaltet haben, steht im Mittelpunkt der Untersuchung. Wichtige Aspekte dieser Thematik sind u. a., welche Grenzen die unabh\u00e4ngigen oder annektierten politischen Einheiten hatten, was die Assyrer von den vorhandenen Strukturen u\u0308bernahmen und was sie ver\u00e4nderten, welche konkrete Ma\u00dfnahmen einer Annexion folgten. Anhand der Analyse der assyrischen Herrschaftspraxis wird eine neue Interpretation des assyrischen Einflusses in der Region sowie der Rolle des assyrischen Reiches in der Geschichte der Weltreiche geboten.<\/p>\n<p>Ausgangspunkt und Grundlage der Arbeit bildet die neuassyrische Toponymie der Levante, und ein wesentlicher Teil derselben besteht aus 53 historischen Farbkarten, die die historisch-geographischen Informationen graphisch darstellen: lokalisierbare Ortsnamen (3 Karten), die assyrischen Vorstellungen der Levante (8 Karten), lokalisierbare Gew\u00e4sser- und Bergnamen (1 Karte), Tribut und Bev\u00f6lkerungspolitik (5 Karten), assyrische Denkm\u00e4ler in der Levante (1 Karte), die Westfeldzu\u0308ge assyrischer Herrscher (30 Karten) und die politische Geographie der Levante (5 Karten).<\/p>\n<p>Die verwendeten Grundkarten sind Auszu\u0308ge einer Gesamtkarte des Vorderen Orients, die von Dr. Kurt Franz (Tu\u0308bingen, damals Halle) freundlicherweise zur Verfu\u0308gung gestellt und von Dipl.-Ing. Martin Grosch (Bonn, damals Leipzig) vorbereitet wurden. Das professionelle Graphic-Design der Karten, das vom DPV gef\u00f6rdert wurde, wurde von Christoph Forster (datalino, Berlin) an Hand von Vorlagen von Ariel Bagg gemacht.<\/p>\n<\/div><\/section><br \/>\n\n<style type=\"text\/css\" data-created_by=\"avia_inline_auto\" id=\"style-css-av-av_hr-ee2847e2e025ce3d30801259a03f9fd4\">\n#top .hr.hr-invisible.av-av_hr-ee2847e2e025ce3d30801259a03f9fd4{\nheight:10px;\n}\n<\/style>\n<div  class='hr av-av_hr-ee2847e2e025ce3d30801259a03f9fd4 hr-invisible  avia-builder-el-2  el_after_av_textblock  el_before_av_textblock '><span class='hr-inner '><span class=\"hr-inner-style\"><\/span><\/span><\/div><br \/>\n<section  class='av_textblock_section av-av_textblock-0366cc7376be6c9e82a3e9cc8987b64f '   itemscope=\"itemscope\" itemtype=\"https:\/\/schema.org\/CreativeWork\" ><div class='avia_textblock'  itemprop=\"text\" ><h5>Weiterf\u00fchrende Informationen<\/h5>\n<address>\n<ul>\n<li>A. M. Bagg, Die Orts- und Gew\u00e4ssernamen der neuassyrischen Zeit. Teil 1: Die Levante, Wiesbaden, 2007 (R\u00e9pertoire G\u00e9ographique des Textes Cun\u00e9iformes 7\/1, in: TAVO Beiheft B 7\/7\/1).<\/li>\n<li>A. M. Bagg, Die Assyrer und das Westland. Studien zur historischen Geographie und Herrschaftspraxis in der Levante im 1. Jt. v. u. Zeit, Orientalia Lovaniensia Analecta 216, (Leuven \u2013 Paris \u2013 Walpole 2011).<\/li>\n<\/ul>\n<\/address>\n<\/div><\/section><br \/>\n\n<style type=\"text\/css\" data-created_by=\"avia_inline_auto\" id=\"style-css-av-av_hr-5ea7596238ed9f191e6b5e662093052f\">\n#top .hr.hr-invisible.av-av_hr-5ea7596238ed9f191e6b5e662093052f{\nheight:30px;\n}\n<\/style>\n<div  class='hr av-av_hr-5ea7596238ed9f191e6b5e662093052f hr-invisible  avia-builder-el-4  el_after_av_textblock  el_before_av_heading '><span class='hr-inner '><span class=\"hr-inner-style\"><\/span><\/span><\/div><br \/>\n\n<style type=\"text\/css\" data-created_by=\"avia_inline_auto\" id=\"style-css-av-av_heading-549403a1262c062a5fbd758d4efd7dfc\">\n#top .av-special-heading.av-av_heading-549403a1262c062a5fbd758d4efd7dfc{\npadding-bottom:15px;\n}\nbody .av-special-heading.av-av_heading-549403a1262c062a5fbd758d4efd7dfc .av-special-heading-tag .heading-char{\nfont-size:25px;\n}\n.av-special-heading.av-av_heading-549403a1262c062a5fbd758d4efd7dfc .av-subheading{\nfont-size:15px;\n}\n<\/style>\n<div  class='av-special-heading av-av_heading-549403a1262c062a5fbd758d4efd7dfc av-special-heading-h3 blockquote modern-quote  avia-builder-el-5  el_after_av_hr  el_before_av_magazine '><h3 class='av-special-heading-tag '  itemprop=\"headline\"  >Weitere durch den Verein gef\u00f6rderte Projekte<\/h3><div class=\"special-heading-border\"><div class=\"special-heading-inner-border\"><\/div><\/div><\/div><br \/>\n<div  id=\"avia-magazine-1\"  class='av-magazine av-av_magazine-a128a3b7f3e6b01415866dafc1ac9b0c av-magazine-top-bar-active av-magazine-tabs-active  avia-builder-el-6  el_after_av_heading  avia-builder-el-last   avia-builder-el-6  el_after_av_heading  avia-builder-el-last ' ><div class='av-magazine-top-bar '><div class=\"av-magazine-sort\" data-magazine-id=\"1\" ><div class=\"av-sort-by-term\"><a href=\"#\" data-filter=\"sort_all\" class=\"all_sort_button active_sort\"><span class=\"inner_sort_button\"><span>Alle<\/span><\/span><\/a><span class='text-sep 2005_sort_sep'>\/<\/span><a href=\"#\" data-filter=\"sort_106\" class=\"2005_sort_button \" ><span class=\"inner_sort_button\"><span>2005<\/span><\/span><\/a><span class='text-sep 2006_sort_sep'>\/<\/span><a href=\"#\" data-filter=\"sort_108\" class=\"2006_sort_button \" ><span class=\"inner_sort_button\"><span>2006<\/span><\/span><\/a><span class='text-sep 2007_sort_sep'>\/<\/span><a href=\"#\" data-filter=\"sort_107\" class=\"2007_sort_button \" ><span class=\"inner_sort_button\"><span>2007<\/span><\/span><\/a><span class='text-sep 2008_sort_sep'>\/<\/span><a href=\"#\" data-filter=\"sort_109\" class=\"2008_sort_button \" ><span class=\"inner_sort_button\"><span>2008<\/span><\/span><\/a><span class='text-sep 2009_sort_sep'>\/<\/span><a href=\"#\" data-filter=\"sort_110\" class=\"2009_sort_button \" ><span class=\"inner_sort_button\"><span>2009<\/span><\/span><\/a><span class='text-sep 2010_sort_sep'>\/<\/span><a href=\"#\" data-filter=\"sort_111\" class=\"2010_sort_button \" ><span class=\"inner_sort_button\"><span>2010<\/span><\/span><\/a><span class='text-sep 2011_sort_sep'>\/<\/span><a href=\"#\" data-filter=\"sort_112\" class=\"2011_sort_button \" ><span class=\"inner_sort_button\"><span>2011<\/span><\/span><\/a><span class='text-sep 2012_sort_sep'>\/<\/span><a href=\"#\" data-filter=\"sort_113\" class=\"2012_sort_button \" ><span class=\"inner_sort_button\"><span>2012<\/span><\/span><\/a><\/div><\/div><\/div><div class='av-magazine-group sort_all'><article class='av-magazine-entry av-magazine-entry-id-1902 av-magazine-format-standard av-magazine-type-portfolio av-magazine-entry-1 av-magazine-entry-small '  itemscope=\"itemscope\" itemtype=\"https:\/\/schema.org\/CreativeWork\" ><div class=\"av-magazine-thumbnail\"><a href='https:\/\/www.palaestina-verein.de\/wp\/wordpress?portfolio=tell-el-fuhharakko-publikation-der-ausgrabungen-diethelm-conrads' title='Link zu: Tell el-Fuhhar\/Akko: Publikation der Ausgrabungen Diethelm Conrads' class='av-magazine-thumbnail-link'><img decoding=\"async\" fetchpriority=\"high\" width=\"80\" height=\"80\" src=\"https:\/\/www.palaestina-verein.de\/wp\/wordpress\/wp-content\/uploads\/20_Akko_Plan1-80x80.jpg\" class=\"wp-image-2360 avia-img-lazy-loading-not-2360 attachment-thumbnail size-thumbnail wp-post-image\" alt=\"\" srcset=\"https:\/\/www.palaestina-verein.de\/wp\/wordpress\/wp-content\/uploads\/20_Akko_Plan1-80x80.jpg 80w, https:\/\/www.palaestina-verein.de\/wp\/wordpress\/wp-content\/uploads\/20_Akko_Plan1-36x36.jpg 36w, https:\/\/www.palaestina-verein.de\/wp\/wordpress\/wp-content\/uploads\/20_Akko_Plan1-180x180.jpg 180w, https:\/\/www.palaestina-verein.de\/wp\/wordpress\/wp-content\/uploads\/20_Akko_Plan1-120x120.jpg 120w, https:\/\/www.palaestina-verein.de\/wp\/wordpress\/wp-content\/uploads\/20_Akko_Plan1-450x450.jpg 450w\" sizes=\"(max-width: 80px) 100vw, 80px\" \/><\/a><\/div><div class=\"av-magazine-content-wrap\"><header class=\"entry-content-header\" aria-label=\"Post: Tell el-Fuhhar\/Akko: Publikation der Ausgrabungen Diethelm Conrads\"><time class='av-magazine-time updated'  itemprop=\"datePublished\" datetime=\"2014-11-21T11:39:46+00:00\" >GMT+0000GMT+0000\/Nov.Nov.\/JJJJ<\/time><h3 class='av-magazine-title entry-title '  itemprop=\"headline\" ><a href='https:\/\/www.palaestina-verein.de\/wp\/wordpress?portfolio=tell-el-fuhharakko-publikation-der-ausgrabungen-diethelm-conrads' title='Link zu: Tell el-Fuhhar\/Akko: Publikation der Ausgrabungen Diethelm Conrads'>Tell el-Fuhhar\/Akko: Publikation der Ausgrabungen Diethelm Conrads<\/a><\/h3><\/header><\/div><footer class=\"entry-footer\"><\/footer><\/article><article class='av-magazine-entry av-magazine-entry-id-1901 av-magazine-format-standard av-magazine-type-portfolio av-magazine-entry-2 av-magazine-entry-small '  itemscope=\"itemscope\" itemtype=\"https:\/\/schema.org\/CreativeWork\" ><div class=\"av-magazine-thumbnail\"><a href='https:\/\/www.palaestina-verein.de\/wp\/wordpress?portfolio=gerasa-untersuchungen-zu-den-jerash-bowls' title='Link zu: Gerasa: Untersuchungen zu den \u201eJerash Bowls\u201c' class='av-magazine-thumbnail-link'><img decoding=\"async\" fetchpriority=\"high\" width=\"80\" height=\"80\" src=\"https:\/\/www.palaestina-verein.de\/wp\/wordpress\/wp-content\/uploads\/19_Gerasa-80x80.jpg\" class=\"wp-image-2366 avia-img-lazy-loading-not-2366 attachment-thumbnail size-thumbnail wp-post-image\" alt=\"\" srcset=\"https:\/\/www.palaestina-verein.de\/wp\/wordpress\/wp-content\/uploads\/19_Gerasa-80x80.jpg 80w, https:\/\/www.palaestina-verein.de\/wp\/wordpress\/wp-content\/uploads\/19_Gerasa-36x36.jpg 36w, https:\/\/www.palaestina-verein.de\/wp\/wordpress\/wp-content\/uploads\/19_Gerasa-180x180.jpg 180w, https:\/\/www.palaestina-verein.de\/wp\/wordpress\/wp-content\/uploads\/19_Gerasa-120x120.jpg 120w\" sizes=\"(max-width: 80px) 100vw, 80px\" \/><\/a><\/div><div class=\"av-magazine-content-wrap\"><header class=\"entry-content-header\" aria-label=\"Post: Gerasa: Untersuchungen zu den \u201eJerash Bowls\u201c\"><time class='av-magazine-time updated'  itemprop=\"datePublished\" datetime=\"2014-11-21T11:26:00+00:00\" >GMT+0000GMT+0000\/Nov.Nov.\/JJJJ<\/time><h3 class='av-magazine-title entry-title '  itemprop=\"headline\" ><a href='https:\/\/www.palaestina-verein.de\/wp\/wordpress?portfolio=gerasa-untersuchungen-zu-den-jerash-bowls' title='Link zu: Gerasa: Untersuchungen zu den \u201eJerash Bowls\u201c'>Gerasa: Untersuchungen zu den \u201eJerash Bowls\u201c<\/a><\/h3><\/header><\/div><footer class=\"entry-footer\"><\/footer><\/article><article class='av-magazine-entry av-magazine-entry-id-1900 av-magazine-format-standard av-magazine-type-portfolio av-magazine-entry-3 av-magazine-entry-small '  itemscope=\"itemscope\" itemtype=\"https:\/\/schema.org\/CreativeWork\" ><div class=\"av-magazine-thumbnail\"><a href='https:\/\/www.palaestina-verein.de\/wp\/wordpress?portfolio=tell-el-farah-su%CC%88d-analysen-archoeozoologischer-funde' title='Link zu: Tell el-Farah (Su\u0308d): Analysen arch\u00f6ozoologischer Funde' class='av-magazine-thumbnail-link'><img decoding=\"async\" fetchpriority=\"high\" width=\"80\" height=\"80\" src=\"https:\/\/www.palaestina-verein.de\/wp\/wordpress\/wp-content\/uploads\/99.96.17-80x80.jpg\" class=\"wp-image-2697 avia-img-lazy-loading-not-2697 attachment-thumbnail size-thumbnail wp-post-image\" alt=\"\" srcset=\"https:\/\/www.palaestina-verein.de\/wp\/wordpress\/wp-content\/uploads\/99.96.17-80x80.jpg 80w, https:\/\/www.palaestina-verein.de\/wp\/wordpress\/wp-content\/uploads\/99.96.17-36x36.jpg 36w, https:\/\/www.palaestina-verein.de\/wp\/wordpress\/wp-content\/uploads\/99.96.17-180x180.jpg 180w, https:\/\/www.palaestina-verein.de\/wp\/wordpress\/wp-content\/uploads\/99.96.17-120x120.jpg 120w, https:\/\/www.palaestina-verein.de\/wp\/wordpress\/wp-content\/uploads\/99.96.17-450x450.jpg 450w\" sizes=\"(max-width: 80px) 100vw, 80px\" \/><\/a><\/div><div class=\"av-magazine-content-wrap\"><header class=\"entry-content-header\" aria-label=\"Post: Tell el-Farah (Su\u0308d): Analysen arch\u00f6ozoologischer Funde\"><time class='av-magazine-time updated'  itemprop=\"datePublished\" datetime=\"2014-11-21T11:23:08+00:00\" >GMT+0000GMT+0000\/Nov.Nov.\/JJJJ<\/time><h3 class='av-magazine-title entry-title '  itemprop=\"headline\" ><a href='https:\/\/www.palaestina-verein.de\/wp\/wordpress?portfolio=tell-el-farah-su%CC%88d-analysen-archoeozoologischer-funde' title='Link zu: Tell el-Farah (Su\u0308d): Analysen arch\u00f6ozoologischer Funde'>Tell el-Farah (Su\u0308d): Analysen arch\u00f6ozoologischer Funde<\/a><\/h3><\/header><\/div><footer class=\"entry-footer\"><\/footer><\/article><article class='av-magazine-entry av-magazine-entry-id-1899 av-magazine-format-standard av-magazine-type-portfolio av-magazine-entry-4 av-magazine-entry-small '  itemscope=\"itemscope\" itemtype=\"https:\/\/schema.org\/CreativeWork\" ><div class=\"av-magazine-thumbnail\"><a href='https:\/\/www.palaestina-verein.de\/wp\/wordpress?portfolio=umm-el-amed-untersuchungen-zu-den-hellenistischen-totengedenkstelen' title='Link zu: Umm el-&#8218;Amed: Untersuchungen zu den hellenistischen Totengedenkstelen' class='av-magazine-thumbnail-link'><img decoding=\"async\" fetchpriority=\"high\" width=\"80\" height=\"80\" src=\"https:\/\/www.palaestina-verein.de\/wp\/wordpress\/wp-content\/uploads\/17_Umm-el-Amed-Figuren-Kharayeb1-80x80.jpg\" class=\"wp-image-2386 avia-img-lazy-loading-not-2386 attachment-thumbnail size-thumbnail wp-post-image\" alt=\"\" srcset=\"https:\/\/www.palaestina-verein.de\/wp\/wordpress\/wp-content\/uploads\/17_Umm-el-Amed-Figuren-Kharayeb1-80x80.jpg 80w, https:\/\/www.palaestina-verein.de\/wp\/wordpress\/wp-content\/uploads\/17_Umm-el-Amed-Figuren-Kharayeb1-36x36.jpg 36w, https:\/\/www.palaestina-verein.de\/wp\/wordpress\/wp-content\/uploads\/17_Umm-el-Amed-Figuren-Kharayeb1-180x180.jpg 180w, https:\/\/www.palaestina-verein.de\/wp\/wordpress\/wp-content\/uploads\/17_Umm-el-Amed-Figuren-Kharayeb1-120x120.jpg 120w, https:\/\/www.palaestina-verein.de\/wp\/wordpress\/wp-content\/uploads\/17_Umm-el-Amed-Figuren-Kharayeb1-450x450.jpg 450w\" sizes=\"(max-width: 80px) 100vw, 80px\" \/><\/a><\/div><div class=\"av-magazine-content-wrap\"><header class=\"entry-content-header\" aria-label=\"Post: Umm el-&#039;Amed: Untersuchungen zu den hellenistischen Totengedenkstelen\"><time class='av-magazine-time updated'  itemprop=\"datePublished\" datetime=\"2014-11-21T11:19:24+00:00\" >GMT+0000GMT+0000\/Nov.Nov.\/JJJJ<\/time><h3 class='av-magazine-title entry-title '  itemprop=\"headline\" ><a href='https:\/\/www.palaestina-verein.de\/wp\/wordpress?portfolio=umm-el-amed-untersuchungen-zu-den-hellenistischen-totengedenkstelen' title='Link zu: Umm el-&#8218;Amed: Untersuchungen zu den hellenistischen Totengedenkstelen'>Umm el-&#8218;Amed: Untersuchungen zu den hellenistischen Totengedenkstelen<\/a><\/h3><\/header><\/div><footer class=\"entry-footer\"><\/footer><\/article><article class='av-magazine-entry av-magazine-entry-id-1898 av-magazine-format-standard av-magazine-type-portfolio av-magazine-entry-5 av-magazine-entry-small '  itemscope=\"itemscope\" itemtype=\"https:\/\/schema.org\/CreativeWork\" ><div class=\"av-magazine-thumbnail\"><a href='https:\/\/www.palaestina-verein.de\/wp\/wordpress?portfolio=horbat-kur-untersuchungen-zum-klima-am-see-gennezaret' title='Link zu: Horbat Kur: Untersuchungen zum Klima am See Gennezaret' class='av-magazine-thumbnail-link'><img decoding=\"async\" fetchpriority=\"high\" width=\"80\" height=\"80\" src=\"https:\/\/www.palaestina-verein.de\/wp\/wordpress\/wp-content\/uploads\/Kur_2010_Fig_3-e1422009288331-80x80.jpg\" class=\"wp-image-2754 avia-img-lazy-loading-not-2754 attachment-thumbnail size-thumbnail wp-post-image\" alt=\"\" srcset=\"https:\/\/www.palaestina-verein.de\/wp\/wordpress\/wp-content\/uploads\/Kur_2010_Fig_3-e1422009288331-80x80.jpg 80w, https:\/\/www.palaestina-verein.de\/wp\/wordpress\/wp-content\/uploads\/Kur_2010_Fig_3-e1422009288331-36x36.jpg 36w, https:\/\/www.palaestina-verein.de\/wp\/wordpress\/wp-content\/uploads\/Kur_2010_Fig_3-e1422009288331-180x180.jpg 180w, https:\/\/www.palaestina-verein.de\/wp\/wordpress\/wp-content\/uploads\/Kur_2010_Fig_3-e1422009288331-120x120.jpg 120w, https:\/\/www.palaestina-verein.de\/wp\/wordpress\/wp-content\/uploads\/Kur_2010_Fig_3-e1422009288331-450x450.jpg 450w\" sizes=\"(max-width: 80px) 100vw, 80px\" \/><\/a><\/div><div class=\"av-magazine-content-wrap\"><header class=\"entry-content-header\" aria-label=\"Post: Horbat Kur: Untersuchungen zum Klima am See Gennezaret\"><time class='av-magazine-time updated'  itemprop=\"datePublished\" datetime=\"2014-11-21T11:15:11+00:00\" >GMT+0000GMT+0000\/Nov.Nov.\/JJJJ<\/time><h3 class='av-magazine-title entry-title '  itemprop=\"headline\" ><a href='https:\/\/www.palaestina-verein.de\/wp\/wordpress?portfolio=horbat-kur-untersuchungen-zum-klima-am-see-gennezaret' title='Link zu: Horbat Kur: Untersuchungen zum Klima am See Gennezaret'>Horbat Kur: Untersuchungen zum Klima am See Gennezaret<\/a><\/h3><\/header><\/div><footer class=\"entry-footer\"><\/footer><\/article><article class='av-magazine-entry av-magazine-entry-id-1897 av-magazine-format-standard av-magazine-type-portfolio av-magazine-entry-6 av-magazine-entry-small '  itemscope=\"itemscope\" itemtype=\"https:\/\/schema.org\/CreativeWork\" ><div class=\"av-magazine-thumbnail\"><a href='https:\/\/www.palaestina-verein.de\/wp\/wordpress?portfolio=sahel-hauran-epigraphischer-survey' title='Link zu: Sahel Hauran: Epigraphischer Survey' class='av-magazine-thumbnail-link'><img decoding=\"async\" fetchpriority=\"high\" width=\"80\" height=\"80\" src=\"https:\/\/www.palaestina-verein.de\/wp\/wordpress\/wp-content\/uploads\/15_Sahe-Hauran_wimmer_2-80x80.jpg\" class=\"wp-image-2390 avia-img-lazy-loading-not-2390 attachment-thumbnail size-thumbnail wp-post-image\" alt=\"\" srcset=\"https:\/\/www.palaestina-verein.de\/wp\/wordpress\/wp-content\/uploads\/15_Sahe-Hauran_wimmer_2-80x80.jpg 80w, https:\/\/www.palaestina-verein.de\/wp\/wordpress\/wp-content\/uploads\/15_Sahe-Hauran_wimmer_2-36x36.jpg 36w, https:\/\/www.palaestina-verein.de\/wp\/wordpress\/wp-content\/uploads\/15_Sahe-Hauran_wimmer_2-180x180.jpg 180w, https:\/\/www.palaestina-verein.de\/wp\/wordpress\/wp-content\/uploads\/15_Sahe-Hauran_wimmer_2-120x120.jpg 120w, https:\/\/www.palaestina-verein.de\/wp\/wordpress\/wp-content\/uploads\/15_Sahe-Hauran_wimmer_2-450x450.jpg 450w\" sizes=\"(max-width: 80px) 100vw, 80px\" \/><\/a><\/div><div class=\"av-magazine-content-wrap\"><header class=\"entry-content-header\" aria-label=\"Post: Sahel Hauran: Epigraphischer Survey\"><time class='av-magazine-time updated'  itemprop=\"datePublished\" datetime=\"2014-11-21T11:11:39+00:00\" >GMT+0000GMT+0000\/Nov.Nov.\/JJJJ<\/time><h3 class='av-magazine-title entry-title '  itemprop=\"headline\" ><a href='https:\/\/www.palaestina-verein.de\/wp\/wordpress?portfolio=sahel-hauran-epigraphischer-survey' title='Link zu: Sahel Hauran: Epigraphischer Survey'>Sahel Hauran: Epigraphischer Survey<\/a><\/h3><\/header><\/div><footer class=\"entry-footer\"><\/footer><\/article><\/div><div class='av-magazine-group av-hidden-mag sort_106'><article class='av-magazine-entry av-magazine-entry-id-1870 av-magazine-format-standard av-magazine-type-portfolio av-magazine-entry-1 av-magazine-entry-small '  itemscope=\"itemscope\" itemtype=\"https:\/\/schema.org\/CreativeWork\" ><div class=\"av-magazine-thumbnail\"><a href='https:\/\/www.palaestina-verein.de\/wp\/wordpress?portfolio=terebinthental-archaeologischer-survey' title='Link zu: Terebinthental: Arch\u00e4ologischer Survey' class='av-magazine-thumbnail-link'><img decoding=\"async\" fetchpriority=\"high\" width=\"80\" height=\"80\" src=\"https:\/\/www.palaestina-verein.de\/wp\/wordpress\/wp-content\/uploads\/02-Terebinthetal-Achzib-80x80.jpg\" class=\"wp-image-1871 avia-img-lazy-loading-not-1871 attachment-thumbnail size-thumbnail wp-post-image\" alt=\"\" srcset=\"https:\/\/www.palaestina-verein.de\/wp\/wordpress\/wp-content\/uploads\/02-Terebinthetal-Achzib-80x80.jpg 80w, https:\/\/www.palaestina-verein.de\/wp\/wordpress\/wp-content\/uploads\/02-Terebinthetal-Achzib-36x36.jpg 36w, https:\/\/www.palaestina-verein.de\/wp\/wordpress\/wp-content\/uploads\/02-Terebinthetal-Achzib-180x180.jpg 180w, https:\/\/www.palaestina-verein.de\/wp\/wordpress\/wp-content\/uploads\/02-Terebinthetal-Achzib-120x120.jpg 120w, https:\/\/www.palaestina-verein.de\/wp\/wordpress\/wp-content\/uploads\/02-Terebinthetal-Achzib-450x450.jpg 450w\" sizes=\"(max-width: 80px) 100vw, 80px\" \/><\/a><\/div><div class=\"av-magazine-content-wrap\"><header class=\"entry-content-header\" aria-label=\"Post: Terebinthental: Arch\u00e4ologischer Survey\"><time class='av-magazine-time updated'  itemprop=\"datePublished\" datetime=\"2014-11-21T10:14:04+00:00\" >GMT+0000GMT+0000\/Nov.Nov.\/JJJJ<\/time><h3 class='av-magazine-title entry-title '  itemprop=\"headline\" ><a href='https:\/\/www.palaestina-verein.de\/wp\/wordpress?portfolio=terebinthental-archaeologischer-survey' title='Link zu: Terebinthental: Arch\u00e4ologischer Survey'>Terebinthental: Arch\u00e4ologischer Survey<\/a><\/h3><\/header><\/div><footer class=\"entry-footer\"><\/footer><\/article><article class='av-magazine-entry av-magazine-entry-id-1862 av-magazine-format-standard av-magazine-type-portfolio av-magazine-entry-2 av-magazine-entry-small '  itemscope=\"itemscope\" itemtype=\"https:\/\/schema.org\/CreativeWork\" ><div class=\"av-magazine-thumbnail\"><a href='https:\/\/www.palaestina-verein.de\/wp\/wordpress?portfolio=geophysikalische-untersuchung-auf-dem-tell-zera%CA%BFa' title='Link zu: Tell Zeraa: Geophysikalische Untersuchungen' class='av-magazine-thumbnail-link'><img decoding=\"async\" fetchpriority=\"high\" width=\"80\" height=\"80\" src=\"https:\/\/www.palaestina-verein.de\/wp\/wordpress\/wp-content\/uploads\/01-Zeraa-80x80.jpg\" class=\"wp-image-1863 avia-img-lazy-loading-not-1863 attachment-thumbnail size-thumbnail wp-post-image\" alt=\"\" srcset=\"https:\/\/www.palaestina-verein.de\/wp\/wordpress\/wp-content\/uploads\/01-Zeraa-80x80.jpg 80w, https:\/\/www.palaestina-verein.de\/wp\/wordpress\/wp-content\/uploads\/01-Zeraa-36x36.jpg 36w, https:\/\/www.palaestina-verein.de\/wp\/wordpress\/wp-content\/uploads\/01-Zeraa-180x180.jpg 180w, https:\/\/www.palaestina-verein.de\/wp\/wordpress\/wp-content\/uploads\/01-Zeraa-120x120.jpg 120w\" sizes=\"(max-width: 80px) 100vw, 80px\" \/><\/a><\/div><div class=\"av-magazine-content-wrap\"><header class=\"entry-content-header\" aria-label=\"Post: Tell Zeraa: Geophysikalische Untersuchungen\"><time class='av-magazine-time updated'  itemprop=\"datePublished\" datetime=\"2014-11-20T15:32:20+00:00\" >GMT+0000GMT+0000\/Nov.Nov.\/JJJJ<\/time><h3 class='av-magazine-title entry-title '  itemprop=\"headline\" ><a href='https:\/\/www.palaestina-verein.de\/wp\/wordpress?portfolio=geophysikalische-untersuchung-auf-dem-tell-zera%CA%BFa' title='Link zu: Tell Zeraa: Geophysikalische Untersuchungen'>Tell Zeraa: Geophysikalische Untersuchungen<\/a><\/h3><\/header><\/div><footer class=\"entry-footer\"><\/footer><\/article><\/div><div class='av-magazine-group av-hidden-mag sort_108'><article class='av-magazine-entry av-magazine-entry-id-1878 av-magazine-format-standard av-magazine-type-portfolio av-magazine-entry-1 av-magazine-entry-small '  itemscope=\"itemscope\" itemtype=\"https:\/\/schema.org\/CreativeWork\" ><div class=\"av-magazine-thumbnail\"><a href='https:\/\/www.palaestina-verein.de\/wp\/wordpress?portfolio=kinneret-palaeobotanische-untersuchungen' title='Link zu: Kinneret: Pal\u00e4obotanische Untersuchungen' class='av-magazine-thumbnail-link'><img decoding=\"async\" fetchpriority=\"high\" width=\"80\" height=\"80\" src=\"https:\/\/www.palaestina-verein.de\/wp\/wordpress\/wp-content\/uploads\/Pfeilerhaus_Kinneret-80x80.jpg\" class=\"wp-image-2289 avia-img-lazy-loading-not-2289 attachment-thumbnail size-thumbnail wp-post-image\" alt=\"\" srcset=\"https:\/\/www.palaestina-verein.de\/wp\/wordpress\/wp-content\/uploads\/Pfeilerhaus_Kinneret-80x80.jpg 80w, https:\/\/www.palaestina-verein.de\/wp\/wordpress\/wp-content\/uploads\/Pfeilerhaus_Kinneret-36x36.jpg 36w, https:\/\/www.palaestina-verein.de\/wp\/wordpress\/wp-content\/uploads\/Pfeilerhaus_Kinneret-180x180.jpg 180w, https:\/\/www.palaestina-verein.de\/wp\/wordpress\/wp-content\/uploads\/Pfeilerhaus_Kinneret-120x120.jpg 120w, https:\/\/www.palaestina-verein.de\/wp\/wordpress\/wp-content\/uploads\/Pfeilerhaus_Kinneret-450x450.jpg 450w\" sizes=\"(max-width: 80px) 100vw, 80px\" \/><\/a><\/div><div class=\"av-magazine-content-wrap\"><header class=\"entry-content-header\" aria-label=\"Post: Kinneret: Pal\u00e4obotanische Untersuchungen\"><time class='av-magazine-time updated'  itemprop=\"datePublished\" datetime=\"2014-11-21T10:15:43+00:00\" >GMT+0000GMT+0000\/Nov.Nov.\/JJJJ<\/time><h3 class='av-magazine-title entry-title '  itemprop=\"headline\" ><a href='https:\/\/www.palaestina-verein.de\/wp\/wordpress?portfolio=kinneret-palaeobotanische-untersuchungen' title='Link zu: Kinneret: Pal\u00e4obotanische Untersuchungen'>Kinneret: Pal\u00e4obotanische Untersuchungen<\/a><\/h3><\/header><\/div><footer class=\"entry-footer\"><\/footer><\/article><\/div><div class='av-magazine-group av-hidden-mag sort_107'><article class='av-magazine-entry av-magazine-entry-id-1887 av-magazine-format-standard av-magazine-type-portfolio av-magazine-entry-1 av-magazine-entry-small '  itemscope=\"itemscope\" itemtype=\"https:\/\/schema.org\/CreativeWork\" ><div class=\"av-magazine-thumbnail\"><a href='https:\/\/www.palaestina-verein.de\/wp\/wordpress?portfolio=petra-dokumentation-nabataeischer-nischen' title='Link zu: Petra: Dokumentation nabat\u00e4ischer Nischen' class='av-magazine-thumbnail-link'><img decoding=\"async\" fetchpriority=\"high\" width=\"80\" height=\"60\" src=\"https:\/\/www.palaestina-verein.de\/wp\/wordpress\/wp-content\/uploads\/06_Petra-1.bmp\" class=\"wp-image-2653 avia-img-lazy-loading-not-2653 attachment-thumbnail size-thumbnail wp-post-image\" alt=\"\" \/><\/a><\/div><div class=\"av-magazine-content-wrap\"><header class=\"entry-content-header\" aria-label=\"Post: Petra: Dokumentation nabat\u00e4ischer Nischen\"><time class='av-magazine-time updated'  itemprop=\"datePublished\" datetime=\"2014-11-21T10:23:06+00:00\" >GMT+0000GMT+0000\/Nov.Nov.\/JJJJ<\/time><h3 class='av-magazine-title entry-title '  itemprop=\"headline\" ><a href='https:\/\/www.palaestina-verein.de\/wp\/wordpress?portfolio=petra-dokumentation-nabataeischer-nischen' title='Link zu: Petra: Dokumentation nabat\u00e4ischer Nischen'>Petra: Dokumentation nabat\u00e4ischer Nischen<\/a><\/h3><\/header><\/div><footer class=\"entry-footer\"><\/footer><\/article><article class='av-magazine-entry av-magazine-entry-id-1886 av-magazine-format-standard av-magazine-type-portfolio av-magazine-entry-2 av-magazine-entry-small '  itemscope=\"itemscope\" itemtype=\"https:\/\/schema.org\/CreativeWork\" ><div class=\"av-magazine-thumbnail\"><a href='https:\/\/www.palaestina-verein.de\/wp\/wordpress?portfolio=wadi-et-temed-archaeologischer-survey' title='Link zu: Wadi et-Temed: Arch\u00e4ologischer Survey' class='av-magazine-thumbnail-link'><img decoding=\"async\" fetchpriority=\"high\" width=\"80\" height=\"80\" src=\"https:\/\/www.palaestina-verein.de\/wp\/wordpress\/wp-content\/uploads\/05_Wadi-Temed_Ladurner-1-80x80.jpg\" class=\"wp-image-2647 avia-img-lazy-loading-not-2647 attachment-thumbnail size-thumbnail wp-post-image\" alt=\"\" srcset=\"https:\/\/www.palaestina-verein.de\/wp\/wordpress\/wp-content\/uploads\/05_Wadi-Temed_Ladurner-1-80x80.jpg 80w, https:\/\/www.palaestina-verein.de\/wp\/wordpress\/wp-content\/uploads\/05_Wadi-Temed_Ladurner-1-36x36.jpg 36w, https:\/\/www.palaestina-verein.de\/wp\/wordpress\/wp-content\/uploads\/05_Wadi-Temed_Ladurner-1-180x180.jpg 180w, https:\/\/www.palaestina-verein.de\/wp\/wordpress\/wp-content\/uploads\/05_Wadi-Temed_Ladurner-1-120x120.jpg 120w, https:\/\/www.palaestina-verein.de\/wp\/wordpress\/wp-content\/uploads\/05_Wadi-Temed_Ladurner-1-450x450.jpg 450w\" sizes=\"(max-width: 80px) 100vw, 80px\" \/><\/a><\/div><div class=\"av-magazine-content-wrap\"><header class=\"entry-content-header\" aria-label=\"Post: Wadi et-Temed: Arch\u00e4ologischer Survey\"><time class='av-magazine-time updated'  itemprop=\"datePublished\" datetime=\"2014-11-21T10:17:25+00:00\" >GMT+0000GMT+0000\/Nov.Nov.\/JJJJ<\/time><h3 class='av-magazine-title entry-title '  itemprop=\"headline\" ><a href='https:\/\/www.palaestina-verein.de\/wp\/wordpress?portfolio=wadi-et-temed-archaeologischer-survey' title='Link zu: Wadi et-Temed: Arch\u00e4ologischer Survey'>Wadi et-Temed: Arch\u00e4ologischer Survey<\/a><\/h3><\/header><\/div><footer class=\"entry-footer\"><\/footer><\/article><article class='av-magazine-entry av-magazine-entry-id-1885 av-magazine-format-standard av-magazine-type-portfolio av-magazine-entry-3 av-magazine-entry-small '  itemscope=\"itemscope\" itemtype=\"https:\/\/schema.org\/CreativeWork\" ><div class=\"av-magazine-thumbnail\"><a href='https:\/\/www.palaestina-verein.de\/wp\/wordpress?portfolio=kamid-el-loz-publikation-der-mittelbronzezeitlichen-tempel' title='Link zu: K\u0101mid el-L\u014dz: Publikation der mittelbronzezeitlichen Tempel' class='av-magazine-entry-icon avia-svg-icon avia-font-svg_entypo-fontello' data-av_svg_icon='docs' data-av_iconset='svg_entypo-fontello'><svg version=\"1.1\" xmlns=\"http:\/\/www.w3.org\/2000\/svg\" width=\"32\" height=\"32\" viewBox=\"0 0 32 32\" preserveAspectRatio=\"xMidYMid meet\" role=\"graphics-symbol\" aria-hidden=\"true\">\n<path d=\"M31.040 11.84q1.216 0.32 0.96 1.472l-4.8 17.792q-0.128 0.512-0.576 0.736t-0.96 0.096l-12.992-3.52q-0.512-0.128-0.768-0.576t-0.128-0.896l0.768-2.944-5.76 1.536q-1.28 0.32-1.6-0.832l-5.12-19.264q-0.32-1.152 0.896-1.536l14.528-3.904q0.512-0.128 0.96 0.096t0.576 0.736l2.112 7.808zM2.624 5.76l4.608 17.344 12.544-3.392-4.608-17.28zM25.088 29.504l4.224-15.744-9.536-2.624 2.432 9.024q0.32 1.088-0.896 1.472l-6.272 1.664-0.832 3.264z\"><\/path>\n<\/svg><\/a><\/div><div class=\"av-magazine-content-wrap\"><header class=\"entry-content-header\" aria-label=\"Post: K\u0101mid el-L\u014dz: Publikation der mittelbronzezeitlichen Tempel\"><time class='av-magazine-time updated'  itemprop=\"datePublished\" datetime=\"2014-11-21T10:05:58+00:00\" >GMT+0000GMT+0000\/Nov.Nov.\/JJJJ<\/time><h3 class='av-magazine-title entry-title '  itemprop=\"headline\" ><a href='https:\/\/www.palaestina-verein.de\/wp\/wordpress?portfolio=kamid-el-loz-publikation-der-mittelbronzezeitlichen-tempel' title='Link zu: K\u0101mid el-L\u014dz: Publikation der mittelbronzezeitlichen Tempel'>K\u0101mid el-L\u014dz: Publikation der mittelbronzezeitlichen Tempel<\/a><\/h3><\/header><\/div><footer class=\"entry-footer\"><\/footer><\/article><\/div><div class='av-magazine-group av-hidden-mag sort_109'><article class='av-magazine-entry av-magazine-entry-id-1890 av-magazine-format-standard av-magazine-type-portfolio av-magazine-entry-1 av-magazine-entry-small '  itemscope=\"itemscope\" itemtype=\"https:\/\/schema.org\/CreativeWork\" ><div class=\"av-magazine-thumbnail\"><a href='https:\/\/www.palaestina-verein.de\/wp\/wordpress?portfolio=kinneret-fundregistration-und-dokumentation' title='Link zu: Kinneret: Fundregistration und -dokumentation' class='av-magazine-thumbnail-link'><img decoding=\"async\" fetchpriority=\"high\" width=\"80\" height=\"80\" src=\"https:\/\/www.palaestina-verein.de\/wp\/wordpress\/wp-content\/uploads\/Kinneret_2008_Fig_2-80x80.jpg\" class=\"wp-image-2748 avia-img-lazy-loading-not-2748 attachment-thumbnail size-thumbnail wp-post-image\" alt=\"\" srcset=\"https:\/\/www.palaestina-verein.de\/wp\/wordpress\/wp-content\/uploads\/Kinneret_2008_Fig_2-80x80.jpg 80w, https:\/\/www.palaestina-verein.de\/wp\/wordpress\/wp-content\/uploads\/Kinneret_2008_Fig_2-36x36.jpg 36w, https:\/\/www.palaestina-verein.de\/wp\/wordpress\/wp-content\/uploads\/Kinneret_2008_Fig_2-180x180.jpg 180w, https:\/\/www.palaestina-verein.de\/wp\/wordpress\/wp-content\/uploads\/Kinneret_2008_Fig_2-120x120.jpg 120w, https:\/\/www.palaestina-verein.de\/wp\/wordpress\/wp-content\/uploads\/Kinneret_2008_Fig_2-450x450.jpg 450w\" sizes=\"(max-width: 80px) 100vw, 80px\" \/><\/a><\/div><div class=\"av-magazine-content-wrap\"><header class=\"entry-content-header\" aria-label=\"Post: Kinneret: Fundregistration und -dokumentation\"><time class='av-magazine-time updated'  itemprop=\"datePublished\" datetime=\"2014-11-21T10:31:30+00:00\" >GMT+0000GMT+0000\/Nov.Nov.\/JJJJ<\/time><h3 class='av-magazine-title entry-title '  itemprop=\"headline\" ><a href='https:\/\/www.palaestina-verein.de\/wp\/wordpress?portfolio=kinneret-fundregistration-und-dokumentation' title='Link zu: Kinneret: Fundregistration und -dokumentation'>Kinneret: Fundregistration und -dokumentation<\/a><\/h3><\/header><\/div><footer class=\"entry-footer\"><\/footer><\/article><article class='av-magazine-entry av-magazine-entry-id-1888 av-magazine-format-standard av-magazine-type-portfolio av-magazine-entry-2 av-magazine-entry-small '  itemscope=\"itemscope\" itemtype=\"https:\/\/schema.org\/CreativeWork\" ><div class=\"av-magazine-thumbnail\"><a href='https:\/\/www.palaestina-verein.de\/wp\/wordpress?portfolio=beirut-und-tell-el-burak-analysen-eisenzeitlicher-metallfunde' title='Link zu: Beirut und Tell el-Burak: Analysen eisenzeitlicher Metallfunde' class='av-magazine-entry-icon avia-svg-icon avia-font-svg_entypo-fontello' data-av_svg_icon='docs' data-av_iconset='svg_entypo-fontello'><svg version=\"1.1\" xmlns=\"http:\/\/www.w3.org\/2000\/svg\" width=\"32\" height=\"32\" viewBox=\"0 0 32 32\" preserveAspectRatio=\"xMidYMid meet\" role=\"graphics-symbol\" aria-hidden=\"true\">\n<path d=\"M31.040 11.84q1.216 0.32 0.96 1.472l-4.8 17.792q-0.128 0.512-0.576 0.736t-0.96 0.096l-12.992-3.52q-0.512-0.128-0.768-0.576t-0.128-0.896l0.768-2.944-5.76 1.536q-1.28 0.32-1.6-0.832l-5.12-19.264q-0.32-1.152 0.896-1.536l14.528-3.904q0.512-0.128 0.96 0.096t0.576 0.736l2.112 7.808zM2.624 5.76l4.608 17.344 12.544-3.392-4.608-17.28zM25.088 29.504l4.224-15.744-9.536-2.624 2.432 9.024q0.32 1.088-0.896 1.472l-6.272 1.664-0.832 3.264z\"><\/path>\n<\/svg><\/a><\/div><div class=\"av-magazine-content-wrap\"><header class=\"entry-content-header\" aria-label=\"Post: Beirut und Tell el-Burak: Analysen eisenzeitlicher Metallfunde\"><time class='av-magazine-time updated'  itemprop=\"datePublished\" datetime=\"2014-11-21T10:28:01+00:00\" >GMT+0000GMT+0000\/Nov.Nov.\/JJJJ<\/time><h3 class='av-magazine-title entry-title '  itemprop=\"headline\" ><a href='https:\/\/www.palaestina-verein.de\/wp\/wordpress?portfolio=beirut-und-tell-el-burak-analysen-eisenzeitlicher-metallfunde' title='Link zu: Beirut und Tell el-Burak: Analysen eisenzeitlicher Metallfunde'>Beirut und Tell el-Burak: Analysen eisenzeitlicher Metallfunde<\/a><\/h3><\/header><\/div><footer class=\"entry-footer\"><\/footer><\/article><\/div><div class='av-magazine-group av-hidden-mag sort_110'><article class='av-magazine-entry av-magazine-entry-id-1891 av-magazine-format-standard av-magazine-type-portfolio av-magazine-entry-1 av-magazine-entry-small '  itemscope=\"itemscope\" itemtype=\"https:\/\/schema.org\/CreativeWork\" ><div class=\"av-magazine-thumbnail\"><a href='https:\/\/www.palaestina-verein.de\/wp\/wordpress?portfolio=hirbet-ez-zeraqon-publikation-der-fru%CC%88hbronzezeitlichen-befestigungen' title='Link zu: Hirbet ez-Zeraqon: Publikation der fru\u0308hbronzezeitlichen Befestigungen' class='av-magazine-thumbnail-link'><img decoding=\"async\" fetchpriority=\"high\" width=\"80\" height=\"80\" src=\"https:\/\/www.palaestina-verein.de\/wp\/wordpress\/wp-content\/uploads\/09_Zeraqon-Grabungsarbeiten-im-Palast-80x80.jpg\" class=\"wp-image-2662 avia-img-lazy-loading-not-2662 attachment-thumbnail size-thumbnail wp-post-image\" alt=\"\" srcset=\"https:\/\/www.palaestina-verein.de\/wp\/wordpress\/wp-content\/uploads\/09_Zeraqon-Grabungsarbeiten-im-Palast-80x80.jpg 80w, https:\/\/www.palaestina-verein.de\/wp\/wordpress\/wp-content\/uploads\/09_Zeraqon-Grabungsarbeiten-im-Palast-36x36.jpg 36w, https:\/\/www.palaestina-verein.de\/wp\/wordpress\/wp-content\/uploads\/09_Zeraqon-Grabungsarbeiten-im-Palast-180x180.jpg 180w, https:\/\/www.palaestina-verein.de\/wp\/wordpress\/wp-content\/uploads\/09_Zeraqon-Grabungsarbeiten-im-Palast-120x120.jpg 120w, https:\/\/www.palaestina-verein.de\/wp\/wordpress\/wp-content\/uploads\/09_Zeraqon-Grabungsarbeiten-im-Palast-450x450.jpg 450w\" sizes=\"(max-width: 80px) 100vw, 80px\" \/><\/a><\/div><div class=\"av-magazine-content-wrap\"><header class=\"entry-content-header\" aria-label=\"Post: Hirbet ez-Zeraqon: Publikation der fru\u0308hbronzezeitlichen Befestigungen\"><time class='av-magazine-time updated'  itemprop=\"datePublished\" datetime=\"2014-11-21T10:38:45+00:00\" >GMT+0000GMT+0000\/Nov.Nov.\/JJJJ<\/time><h3 class='av-magazine-title entry-title '  itemprop=\"headline\" ><a href='https:\/\/www.palaestina-verein.de\/wp\/wordpress?portfolio=hirbet-ez-zeraqon-publikation-der-fru%CC%88hbronzezeitlichen-befestigungen' title='Link zu: Hirbet ez-Zeraqon: Publikation der fru\u0308hbronzezeitlichen Befestigungen'>Hirbet ez-Zeraqon: Publikation der fru\u0308hbronzezeitlichen Befestigungen<\/a><\/h3><\/header><\/div><footer class=\"entry-footer\"><\/footer><\/article><\/div><div class='av-magazine-group av-hidden-mag sort_111'><article class='av-magazine-entry av-magazine-entry-id-1898 av-magazine-format-standard av-magazine-type-portfolio av-magazine-entry-1 av-magazine-entry-small '  itemscope=\"itemscope\" itemtype=\"https:\/\/schema.org\/CreativeWork\" ><div class=\"av-magazine-thumbnail\"><a href='https:\/\/www.palaestina-verein.de\/wp\/wordpress?portfolio=horbat-kur-untersuchungen-zum-klima-am-see-gennezaret' title='Link zu: Horbat Kur: Untersuchungen zum Klima am See Gennezaret' class='av-magazine-thumbnail-link'><img decoding=\"async\" fetchpriority=\"high\" width=\"80\" height=\"80\" src=\"https:\/\/www.palaestina-verein.de\/wp\/wordpress\/wp-content\/uploads\/Kur_2010_Fig_3-e1422009288331-80x80.jpg\" class=\"wp-image-2754 avia-img-lazy-loading-not-2754 attachment-thumbnail size-thumbnail wp-post-image\" alt=\"\" srcset=\"https:\/\/www.palaestina-verein.de\/wp\/wordpress\/wp-content\/uploads\/Kur_2010_Fig_3-e1422009288331-80x80.jpg 80w, https:\/\/www.palaestina-verein.de\/wp\/wordpress\/wp-content\/uploads\/Kur_2010_Fig_3-e1422009288331-36x36.jpg 36w, https:\/\/www.palaestina-verein.de\/wp\/wordpress\/wp-content\/uploads\/Kur_2010_Fig_3-e1422009288331-180x180.jpg 180w, https:\/\/www.palaestina-verein.de\/wp\/wordpress\/wp-content\/uploads\/Kur_2010_Fig_3-e1422009288331-120x120.jpg 120w, https:\/\/www.palaestina-verein.de\/wp\/wordpress\/wp-content\/uploads\/Kur_2010_Fig_3-e1422009288331-450x450.jpg 450w\" sizes=\"(max-width: 80px) 100vw, 80px\" \/><\/a><\/div><div class=\"av-magazine-content-wrap\"><header class=\"entry-content-header\" aria-label=\"Post: Horbat Kur: Untersuchungen zum Klima am See Gennezaret\"><time class='av-magazine-time updated'  itemprop=\"datePublished\" datetime=\"2014-11-21T11:15:11+00:00\" >GMT+0000GMT+0000\/Nov.Nov.\/JJJJ<\/time><h3 class='av-magazine-title entry-title '  itemprop=\"headline\" ><a href='https:\/\/www.palaestina-verein.de\/wp\/wordpress?portfolio=horbat-kur-untersuchungen-zum-klima-am-see-gennezaret' title='Link zu: Horbat Kur: Untersuchungen zum Klima am See Gennezaret'>Horbat Kur: Untersuchungen zum Klima am See Gennezaret<\/a><\/h3><\/header><\/div><footer class=\"entry-footer\"><\/footer><\/article><article class='av-magazine-entry av-magazine-entry-id-1897 av-magazine-format-standard av-magazine-type-portfolio av-magazine-entry-2 av-magazine-entry-small '  itemscope=\"itemscope\" itemtype=\"https:\/\/schema.org\/CreativeWork\" ><div class=\"av-magazine-thumbnail\"><a href='https:\/\/www.palaestina-verein.de\/wp\/wordpress?portfolio=sahel-hauran-epigraphischer-survey' title='Link zu: Sahel Hauran: Epigraphischer Survey' class='av-magazine-thumbnail-link'><img decoding=\"async\" fetchpriority=\"high\" width=\"80\" height=\"80\" src=\"https:\/\/www.palaestina-verein.de\/wp\/wordpress\/wp-content\/uploads\/15_Sahe-Hauran_wimmer_2-80x80.jpg\" class=\"wp-image-2390 avia-img-lazy-loading-not-2390 attachment-thumbnail size-thumbnail wp-post-image\" alt=\"\" srcset=\"https:\/\/www.palaestina-verein.de\/wp\/wordpress\/wp-content\/uploads\/15_Sahe-Hauran_wimmer_2-80x80.jpg 80w, https:\/\/www.palaestina-verein.de\/wp\/wordpress\/wp-content\/uploads\/15_Sahe-Hauran_wimmer_2-36x36.jpg 36w, https:\/\/www.palaestina-verein.de\/wp\/wordpress\/wp-content\/uploads\/15_Sahe-Hauran_wimmer_2-180x180.jpg 180w, https:\/\/www.palaestina-verein.de\/wp\/wordpress\/wp-content\/uploads\/15_Sahe-Hauran_wimmer_2-120x120.jpg 120w, https:\/\/www.palaestina-verein.de\/wp\/wordpress\/wp-content\/uploads\/15_Sahe-Hauran_wimmer_2-450x450.jpg 450w\" sizes=\"(max-width: 80px) 100vw, 80px\" \/><\/a><\/div><div class=\"av-magazine-content-wrap\"><header class=\"entry-content-header\" aria-label=\"Post: Sahel Hauran: Epigraphischer Survey\"><time class='av-magazine-time updated'  itemprop=\"datePublished\" datetime=\"2014-11-21T11:11:39+00:00\" >GMT+0000GMT+0000\/Nov.Nov.\/JJJJ<\/time><h3 class='av-magazine-title entry-title '  itemprop=\"headline\" ><a href='https:\/\/www.palaestina-verein.de\/wp\/wordpress?portfolio=sahel-hauran-epigraphischer-survey' title='Link zu: Sahel Hauran: Epigraphischer Survey'>Sahel Hauran: Epigraphischer Survey<\/a><\/h3><\/header><\/div><footer class=\"entry-footer\"><\/footer><\/article><article class='av-magazine-entry av-magazine-entry-id-1896 av-magazine-format-standard av-magazine-type-portfolio av-magazine-entry-3 av-magazine-entry-small '  itemscope=\"itemscope\" itemtype=\"https:\/\/schema.org\/CreativeWork\" ><div class=\"av-magazine-thumbnail\"><a href='https:\/\/www.palaestina-verein.de\/wp\/wordpress?portfolio=tell-el-burak-ausgrabungskampagne-2011' title='Link zu: Tell el-Burak: Ausgrabungskampagne 2011' class='av-magazine-entry-icon avia-svg-icon avia-font-svg_entypo-fontello' data-av_svg_icon='docs' data-av_iconset='svg_entypo-fontello'><svg version=\"1.1\" xmlns=\"http:\/\/www.w3.org\/2000\/svg\" width=\"32\" height=\"32\" viewBox=\"0 0 32 32\" preserveAspectRatio=\"xMidYMid meet\" role=\"graphics-symbol\" aria-hidden=\"true\">\n<path d=\"M31.040 11.84q1.216 0.32 0.96 1.472l-4.8 17.792q-0.128 0.512-0.576 0.736t-0.96 0.096l-12.992-3.52q-0.512-0.128-0.768-0.576t-0.128-0.896l0.768-2.944-5.76 1.536q-1.28 0.32-1.6-0.832l-5.12-19.264q-0.32-1.152 0.896-1.536l14.528-3.904q0.512-0.128 0.96 0.096t0.576 0.736l2.112 7.808zM2.624 5.76l4.608 17.344 12.544-3.392-4.608-17.28zM25.088 29.504l4.224-15.744-9.536-2.624 2.432 9.024q0.32 1.088-0.896 1.472l-6.272 1.664-0.832 3.264z\"><\/path>\n<\/svg><\/a><\/div><div class=\"av-magazine-content-wrap\"><header class=\"entry-content-header\" aria-label=\"Post: Tell el-Burak: Ausgrabungskampagne 2011\"><time class='av-magazine-time updated'  itemprop=\"datePublished\" datetime=\"2014-11-21T11:08:35+00:00\" >GMT+0000GMT+0000\/Nov.Nov.\/JJJJ<\/time><h3 class='av-magazine-title entry-title '  itemprop=\"headline\" ><a href='https:\/\/www.palaestina-verein.de\/wp\/wordpress?portfolio=tell-el-burak-ausgrabungskampagne-2011' title='Link zu: Tell el-Burak: Ausgrabungskampagne 2011'>Tell el-Burak: Ausgrabungskampagne 2011<\/a><\/h3><\/header><\/div><footer class=\"entry-footer\"><\/footer><\/article><article class='av-magazine-entry av-magazine-entry-id-1895 av-magazine-format-standard av-magazine-type-portfolio av-magazine-entry-4 av-magazine-entry-small '  itemscope=\"itemscope\" itemtype=\"https:\/\/schema.org\/CreativeWork\" ><div class=\"av-magazine-thumbnail\"><a href='https:\/\/www.palaestina-verein.de\/wp\/wordpress?portfolio=tell-fadaus-kfar-abida-ausgrabungskampagne-2010' title='Link zu: Tell Fada&#8217;us &#8211; Kfar &#8218;Abida: Ausgrabungskampagne 2010' class='av-magazine-thumbnail-link'><img decoding=\"async\" fetchpriority=\"high\" width=\"80\" height=\"80\" src=\"https:\/\/www.palaestina-verein.de\/wp\/wordpress\/wp-content\/uploads\/13_Fadaous_Genz2-80x80.jpg\" class=\"wp-image-2690 avia-img-lazy-loading-not-2690 attachment-thumbnail size-thumbnail wp-post-image\" alt=\"\" srcset=\"https:\/\/www.palaestina-verein.de\/wp\/wordpress\/wp-content\/uploads\/13_Fadaous_Genz2-80x80.jpg 80w, https:\/\/www.palaestina-verein.de\/wp\/wordpress\/wp-content\/uploads\/13_Fadaous_Genz2-36x36.jpg 36w, https:\/\/www.palaestina-verein.de\/wp\/wordpress\/wp-content\/uploads\/13_Fadaous_Genz2-180x180.jpg 180w, https:\/\/www.palaestina-verein.de\/wp\/wordpress\/wp-content\/uploads\/13_Fadaous_Genz2-120x120.jpg 120w, https:\/\/www.palaestina-verein.de\/wp\/wordpress\/wp-content\/uploads\/13_Fadaous_Genz2-450x450.jpg 450w\" sizes=\"(max-width: 80px) 100vw, 80px\" \/><\/a><\/div><div class=\"av-magazine-content-wrap\"><header class=\"entry-content-header\" aria-label=\"Post: Tell Fada&#039;us - Kfar &#039;Abida: Ausgrabungskampagne 2010\"><time class='av-magazine-time updated'  itemprop=\"datePublished\" datetime=\"2014-11-21T11:04:47+00:00\" >GMT+0000GMT+0000\/Nov.Nov.\/JJJJ<\/time><h3 class='av-magazine-title entry-title '  itemprop=\"headline\" ><a href='https:\/\/www.palaestina-verein.de\/wp\/wordpress?portfolio=tell-fadaus-kfar-abida-ausgrabungskampagne-2010' title='Link zu: Tell Fada&#8217;us &#8211; Kfar &#8218;Abida: Ausgrabungskampagne 2010'>Tell Fada&#8217;us &#8211; Kfar &#8218;Abida: Ausgrabungskampagne 2010<\/a><\/h3><\/header><\/div><footer class=\"entry-footer\"><\/footer><\/article><article class='av-magazine-entry av-magazine-entry-id-1894 av-magazine-format-standard av-magazine-type-portfolio av-magazine-entry-5 av-magazine-entry-small '  itemscope=\"itemscope\" itemtype=\"https:\/\/schema.org\/CreativeWork\" ><div class=\"av-magazine-thumbnail\"><a href='https:\/\/www.palaestina-verein.de\/wp\/wordpress?portfolio=hugo-gressmann-und-die-religionsgeschichtliche-schule' title='Link zu: Hugo Gressmann und die religionsgeschichtliche Schule' class='av-magazine-thumbnail-link'><img decoding=\"async\" fetchpriority=\"high\" width=\"80\" height=\"80\" src=\"https:\/\/www.palaestina-verein.de\/wp\/wordpress\/wp-content\/uploads\/12_Gressmann-80x80.jpg\" class=\"wp-image-2684 avia-img-lazy-loading-not-2684 attachment-thumbnail size-thumbnail wp-post-image\" alt=\"\" srcset=\"https:\/\/www.palaestina-verein.de\/wp\/wordpress\/wp-content\/uploads\/12_Gressmann-80x80.jpg 80w, https:\/\/www.palaestina-verein.de\/wp\/wordpress\/wp-content\/uploads\/12_Gressmann-36x36.jpg 36w, https:\/\/www.palaestina-verein.de\/wp\/wordpress\/wp-content\/uploads\/12_Gressmann-180x180.jpg 180w, https:\/\/www.palaestina-verein.de\/wp\/wordpress\/wp-content\/uploads\/12_Gressmann-120x120.jpg 120w, https:\/\/www.palaestina-verein.de\/wp\/wordpress\/wp-content\/uploads\/12_Gressmann-450x450.jpg 450w\" sizes=\"(max-width: 80px) 100vw, 80px\" \/><\/a><\/div><div class=\"av-magazine-content-wrap\"><header class=\"entry-content-header\" aria-label=\"Post: Hugo Gressmann und die religionsgeschichtliche Schule\"><time class='av-magazine-time updated'  itemprop=\"datePublished\" datetime=\"2014-11-21T11:01:31+00:00\" >GMT+0000GMT+0000\/Nov.Nov.\/JJJJ<\/time><h3 class='av-magazine-title entry-title '  itemprop=\"headline\" ><a href='https:\/\/www.palaestina-verein.de\/wp\/wordpress?portfolio=hugo-gressmann-und-die-religionsgeschichtliche-schule' title='Link zu: Hugo Gressmann und die religionsgeschichtliche Schule'>Hugo Gressmann und die religionsgeschichtliche Schule<\/a><\/h3><\/header><\/div><footer class=\"entry-footer\"><\/footer><\/article><article class='av-magazine-entry av-magazine-entry-id-1893 av-magazine-format-standard av-magazine-type-portfolio av-magazine-entry-6 av-magazine-entry-small '  itemscope=\"itemscope\" itemtype=\"https:\/\/schema.org\/CreativeWork\" ><div class=\"av-magazine-thumbnail\"><a href='https:\/\/www.palaestina-verein.de\/wp\/wordpress?portfolio=conrad-schick-und-gottlieb-schumacher-im-archiv-des-palestine-exploration-fund' title='Link zu: Conrad Schick und Gottlieb Schumacher im Archiv des Palestine Exploration Fund' class='av-magazine-thumbnail-link'><img decoding=\"async\" fetchpriority=\"high\" width=\"80\" height=\"80\" src=\"https:\/\/www.palaestina-verein.de\/wp\/wordpress\/wp-content\/uploads\/11_Conrad_Schick-Schumacher_Haifa-80x80.jpg\" class=\"wp-image-2681 avia-img-lazy-loading-not-2681 attachment-thumbnail size-thumbnail wp-post-image\" alt=\"\" srcset=\"https:\/\/www.palaestina-verein.de\/wp\/wordpress\/wp-content\/uploads\/11_Conrad_Schick-Schumacher_Haifa-80x80.jpg 80w, https:\/\/www.palaestina-verein.de\/wp\/wordpress\/wp-content\/uploads\/11_Conrad_Schick-Schumacher_Haifa-36x36.jpg 36w, https:\/\/www.palaestina-verein.de\/wp\/wordpress\/wp-content\/uploads\/11_Conrad_Schick-Schumacher_Haifa-180x180.jpg 180w, https:\/\/www.palaestina-verein.de\/wp\/wordpress\/wp-content\/uploads\/11_Conrad_Schick-Schumacher_Haifa-120x120.jpg 120w, https:\/\/www.palaestina-verein.de\/wp\/wordpress\/wp-content\/uploads\/11_Conrad_Schick-Schumacher_Haifa-450x450.jpg 450w\" sizes=\"(max-width: 80px) 100vw, 80px\" \/><\/a><\/div><div class=\"av-magazine-content-wrap\"><header class=\"entry-content-header\" aria-label=\"Post: Conrad Schick und Gottlieb Schumacher im Archiv des Palestine Exploration Fund\"><time class='av-magazine-time updated'  itemprop=\"datePublished\" datetime=\"2014-11-21T10:57:18+00:00\" >GMT+0000GMT+0000\/Nov.Nov.\/JJJJ<\/time><h3 class='av-magazine-title entry-title '  itemprop=\"headline\" ><a href='https:\/\/www.palaestina-verein.de\/wp\/wordpress?portfolio=conrad-schick-und-gottlieb-schumacher-im-archiv-des-palestine-exploration-fund' title='Link zu: Conrad Schick und Gottlieb Schumacher im Archiv des Palestine Exploration Fund'>Conrad Schick und Gottlieb Schumacher im Archiv des Palestine Exploration Fund<\/a><\/h3><\/header><\/div><footer class=\"entry-footer\"><\/footer><\/article><\/div><div class='av-magazine-group av-hidden-mag sort_112'><article class='av-magazine-entry av-magazine-entry-id-1900 av-magazine-format-standard av-magazine-type-portfolio av-magazine-entry-1 av-magazine-entry-small '  itemscope=\"itemscope\" itemtype=\"https:\/\/schema.org\/CreativeWork\" ><div class=\"av-magazine-thumbnail\"><a href='https:\/\/www.palaestina-verein.de\/wp\/wordpress?portfolio=tell-el-farah-su%CC%88d-analysen-archoeozoologischer-funde' title='Link zu: Tell el-Farah (Su\u0308d): Analysen arch\u00f6ozoologischer Funde' class='av-magazine-thumbnail-link'><img decoding=\"async\" fetchpriority=\"high\" width=\"80\" height=\"80\" src=\"https:\/\/www.palaestina-verein.de\/wp\/wordpress\/wp-content\/uploads\/99.96.17-80x80.jpg\" class=\"wp-image-2697 avia-img-lazy-loading-not-2697 attachment-thumbnail size-thumbnail wp-post-image\" alt=\"\" srcset=\"https:\/\/www.palaestina-verein.de\/wp\/wordpress\/wp-content\/uploads\/99.96.17-80x80.jpg 80w, https:\/\/www.palaestina-verein.de\/wp\/wordpress\/wp-content\/uploads\/99.96.17-36x36.jpg 36w, https:\/\/www.palaestina-verein.de\/wp\/wordpress\/wp-content\/uploads\/99.96.17-180x180.jpg 180w, https:\/\/www.palaestina-verein.de\/wp\/wordpress\/wp-content\/uploads\/99.96.17-120x120.jpg 120w, https:\/\/www.palaestina-verein.de\/wp\/wordpress\/wp-content\/uploads\/99.96.17-450x450.jpg 450w\" sizes=\"(max-width: 80px) 100vw, 80px\" \/><\/a><\/div><div class=\"av-magazine-content-wrap\"><header class=\"entry-content-header\" aria-label=\"Post: Tell el-Farah (Su\u0308d): Analysen arch\u00f6ozoologischer Funde\"><time class='av-magazine-time updated'  itemprop=\"datePublished\" datetime=\"2014-11-21T11:23:08+00:00\" >GMT+0000GMT+0000\/Nov.Nov.\/JJJJ<\/time><h3 class='av-magazine-title entry-title '  itemprop=\"headline\" ><a href='https:\/\/www.palaestina-verein.de\/wp\/wordpress?portfolio=tell-el-farah-su%CC%88d-analysen-archoeozoologischer-funde' title='Link zu: Tell el-Farah (Su\u0308d): Analysen arch\u00f6ozoologischer Funde'>Tell el-Farah (Su\u0308d): Analysen arch\u00f6ozoologischer Funde<\/a><\/h3><\/header><\/div><footer class=\"entry-footer\"><\/footer><\/article><article class='av-magazine-entry av-magazine-entry-id-1899 av-magazine-format-standard av-magazine-type-portfolio av-magazine-entry-2 av-magazine-entry-small '  itemscope=\"itemscope\" itemtype=\"https:\/\/schema.org\/CreativeWork\" ><div class=\"av-magazine-thumbnail\"><a href='https:\/\/www.palaestina-verein.de\/wp\/wordpress?portfolio=umm-el-amed-untersuchungen-zu-den-hellenistischen-totengedenkstelen' title='Link zu: Umm el-&#8218;Amed: Untersuchungen zu den hellenistischen Totengedenkstelen' class='av-magazine-thumbnail-link'><img decoding=\"async\" fetchpriority=\"high\" width=\"80\" height=\"80\" src=\"https:\/\/www.palaestina-verein.de\/wp\/wordpress\/wp-content\/uploads\/17_Umm-el-Amed-Figuren-Kharayeb1-80x80.jpg\" class=\"wp-image-2386 avia-img-lazy-loading-not-2386 attachment-thumbnail size-thumbnail wp-post-image\" alt=\"\" srcset=\"https:\/\/www.palaestina-verein.de\/wp\/wordpress\/wp-content\/uploads\/17_Umm-el-Amed-Figuren-Kharayeb1-80x80.jpg 80w, https:\/\/www.palaestina-verein.de\/wp\/wordpress\/wp-content\/uploads\/17_Umm-el-Amed-Figuren-Kharayeb1-36x36.jpg 36w, https:\/\/www.palaestina-verein.de\/wp\/wordpress\/wp-content\/uploads\/17_Umm-el-Amed-Figuren-Kharayeb1-180x180.jpg 180w, https:\/\/www.palaestina-verein.de\/wp\/wordpress\/wp-content\/uploads\/17_Umm-el-Amed-Figuren-Kharayeb1-120x120.jpg 120w, https:\/\/www.palaestina-verein.de\/wp\/wordpress\/wp-content\/uploads\/17_Umm-el-Amed-Figuren-Kharayeb1-450x450.jpg 450w\" sizes=\"(max-width: 80px) 100vw, 80px\" \/><\/a><\/div><div class=\"av-magazine-content-wrap\"><header class=\"entry-content-header\" aria-label=\"Post: Umm el-&#039;Amed: Untersuchungen zu den hellenistischen Totengedenkstelen\"><time class='av-magazine-time updated'  itemprop=\"datePublished\" datetime=\"2014-11-21T11:19:24+00:00\" >GMT+0000GMT+0000\/Nov.Nov.\/JJJJ<\/time><h3 class='av-magazine-title entry-title '  itemprop=\"headline\" ><a href='https:\/\/www.palaestina-verein.de\/wp\/wordpress?portfolio=umm-el-amed-untersuchungen-zu-den-hellenistischen-totengedenkstelen' title='Link zu: Umm el-&#8218;Amed: Untersuchungen zu den hellenistischen Totengedenkstelen'>Umm el-&#8218;Amed: Untersuchungen zu den hellenistischen Totengedenkstelen<\/a><\/h3><\/header><\/div><footer class=\"entry-footer\"><\/footer><\/article><\/div><div class='av-magazine-group av-hidden-mag sort_113'><article class='av-magazine-entry av-magazine-entry-id-1902 av-magazine-format-standard av-magazine-type-portfolio av-magazine-entry-1 av-magazine-entry-small '  itemscope=\"itemscope\" itemtype=\"https:\/\/schema.org\/CreativeWork\" ><div class=\"av-magazine-thumbnail\"><a href='https:\/\/www.palaestina-verein.de\/wp\/wordpress?portfolio=tell-el-fuhharakko-publikation-der-ausgrabungen-diethelm-conrads' title='Link zu: Tell el-Fuhhar\/Akko: Publikation der Ausgrabungen Diethelm Conrads' class='av-magazine-thumbnail-link'><img decoding=\"async\" fetchpriority=\"high\" width=\"80\" height=\"80\" src=\"https:\/\/www.palaestina-verein.de\/wp\/wordpress\/wp-content\/uploads\/20_Akko_Plan1-80x80.jpg\" class=\"wp-image-2360 avia-img-lazy-loading-not-2360 attachment-thumbnail size-thumbnail wp-post-image\" alt=\"\" srcset=\"https:\/\/www.palaestina-verein.de\/wp\/wordpress\/wp-content\/uploads\/20_Akko_Plan1-80x80.jpg 80w, https:\/\/www.palaestina-verein.de\/wp\/wordpress\/wp-content\/uploads\/20_Akko_Plan1-36x36.jpg 36w, https:\/\/www.palaestina-verein.de\/wp\/wordpress\/wp-content\/uploads\/20_Akko_Plan1-180x180.jpg 180w, https:\/\/www.palaestina-verein.de\/wp\/wordpress\/wp-content\/uploads\/20_Akko_Plan1-120x120.jpg 120w, https:\/\/www.palaestina-verein.de\/wp\/wordpress\/wp-content\/uploads\/20_Akko_Plan1-450x450.jpg 450w\" sizes=\"(max-width: 80px) 100vw, 80px\" \/><\/a><\/div><div class=\"av-magazine-content-wrap\"><header class=\"entry-content-header\" aria-label=\"Post: Tell el-Fuhhar\/Akko: Publikation der Ausgrabungen Diethelm Conrads\"><time class='av-magazine-time updated'  itemprop=\"datePublished\" datetime=\"2014-11-21T11:39:46+00:00\" >GMT+0000GMT+0000\/Nov.Nov.\/JJJJ<\/time><h3 class='av-magazine-title entry-title '  itemprop=\"headline\" ><a href='https:\/\/www.palaestina-verein.de\/wp\/wordpress?portfolio=tell-el-fuhharakko-publikation-der-ausgrabungen-diethelm-conrads' title='Link zu: Tell el-Fuhhar\/Akko: Publikation der Ausgrabungen Diethelm Conrads'>Tell el-Fuhhar\/Akko: Publikation der Ausgrabungen Diethelm Conrads<\/a><\/h3><\/header><\/div><footer class=\"entry-footer\"><\/footer><\/article><article class='av-magazine-entry av-magazine-entry-id-1901 av-magazine-format-standard av-magazine-type-portfolio av-magazine-entry-2 av-magazine-entry-small '  itemscope=\"itemscope\" itemtype=\"https:\/\/schema.org\/CreativeWork\" ><div class=\"av-magazine-thumbnail\"><a href='https:\/\/www.palaestina-verein.de\/wp\/wordpress?portfolio=gerasa-untersuchungen-zu-den-jerash-bowls' title='Link zu: Gerasa: Untersuchungen zu den \u201eJerash Bowls\u201c' class='av-magazine-thumbnail-link'><img decoding=\"async\" fetchpriority=\"high\" width=\"80\" height=\"80\" src=\"https:\/\/www.palaestina-verein.de\/wp\/wordpress\/wp-content\/uploads\/19_Gerasa-80x80.jpg\" class=\"wp-image-2366 avia-img-lazy-loading-not-2366 attachment-thumbnail size-thumbnail wp-post-image\" alt=\"\" srcset=\"https:\/\/www.palaestina-verein.de\/wp\/wordpress\/wp-content\/uploads\/19_Gerasa-80x80.jpg 80w, https:\/\/www.palaestina-verein.de\/wp\/wordpress\/wp-content\/uploads\/19_Gerasa-36x36.jpg 36w, https:\/\/www.palaestina-verein.de\/wp\/wordpress\/wp-content\/uploads\/19_Gerasa-180x180.jpg 180w, https:\/\/www.palaestina-verein.de\/wp\/wordpress\/wp-content\/uploads\/19_Gerasa-120x120.jpg 120w\" sizes=\"(max-width: 80px) 100vw, 80px\" \/><\/a><\/div><div class=\"av-magazine-content-wrap\"><header class=\"entry-content-header\" aria-label=\"Post: Gerasa: Untersuchungen zu den \u201eJerash Bowls\u201c\"><time class='av-magazine-time updated'  itemprop=\"datePublished\" datetime=\"2014-11-21T11:26:00+00:00\" >GMT+0000GMT+0000\/Nov.Nov.\/JJJJ<\/time><h3 class='av-magazine-title entry-title '  itemprop=\"headline\" ><a href='https:\/\/www.palaestina-verein.de\/wp\/wordpress?portfolio=gerasa-untersuchungen-zu-den-jerash-bowls' title='Link zu: Gerasa: Untersuchungen zu den \u201eJerash Bowls\u201c'>Gerasa: Untersuchungen zu den \u201eJerash Bowls\u201c<\/a><\/h3><\/header><\/div><footer class=\"entry-footer\"><\/footer><\/article><\/div><\/div><\/p><\/div>\n","protected":false},"excerpt":{"rendered":"<p>Unterstu\u0308tzung fu\u0308r das Graphic-Design der historischen Karten<br \/>\nAriel M. Bagg (Heidelberg)<\/p>\n","protected":false},"author":6,"featured_media":2675,"comment_status":"closed","ping_status":"closed","template":"","meta":{"_bbp_topic_count":0,"_bbp_reply_count":0,"_bbp_total_topic_count":0,"_bbp_total_reply_count":0,"_bbp_voice_count":0,"_bbp_anonymous_reply_count":0,"_bbp_topic_count_hidden":0,"_bbp_reply_count_hidden":0,"_bbp_forum_subforum_count":0,"footnotes":""},"tags":[],"portfolio_entries":[111],"class_list":["post-1892","portfolio","type-portfolio","status-publish","has-post-thumbnail","hentry","portfolio_entries-111"],"_links":{"self":[{"href":"https:\/\/www.palaestina-verein.de\/wp\/wordpress\/index.php?rest_route=\/wp\/v2\/portfolio\/1892","targetHints":{"allow":["GET"]}}],"collection":[{"href":"https:\/\/www.palaestina-verein.de\/wp\/wordpress\/index.php?rest_route=\/wp\/v2\/portfolio"}],"about":[{"href":"https:\/\/www.palaestina-verein.de\/wp\/wordpress\/index.php?rest_route=\/wp\/v2\/types\/portfolio"}],"author":[{"embeddable":true,"href":"https:\/\/www.palaestina-verein.de\/wp\/wordpress\/index.php?rest_route=\/wp\/v2\/users\/6"}],"replies":[{"embeddable":true,"href":"https:\/\/www.palaestina-verein.de\/wp\/wordpress\/index.php?rest_route=%2Fwp%2Fv2%2Fcomments&post=1892"}],"version-history":[{"count":1,"href":"https:\/\/www.palaestina-verein.de\/wp\/wordpress\/index.php?rest_route=\/wp\/v2\/portfolio\/1892\/revisions"}],"predecessor-version":[{"id":2509,"href":"https:\/\/www.palaestina-verein.de\/wp\/wordpress\/index.php?rest_route=\/wp\/v2\/portfolio\/1892\/revisions\/2509"}],"wp:featuredmedia":[{"embeddable":true,"href":"https:\/\/www.palaestina-verein.de\/wp\/wordpress\/index.php?rest_route=\/wp\/v2\/media\/2675"}],"wp:attachment":[{"href":"https:\/\/www.palaestina-verein.de\/wp\/wordpress\/index.php?rest_route=%2Fwp%2Fv2%2Fmedia&parent=1892"}],"wp:term":[{"taxonomy":"post_tag","embeddable":true,"href":"https:\/\/www.palaestina-verein.de\/wp\/wordpress\/index.php?rest_route=%2Fwp%2Fv2%2Ftags&post=1892"},{"taxonomy":"portfolio_entries","embeddable":true,"href":"https:\/\/www.palaestina-verein.de\/wp\/wordpress\/index.php?rest_route=%2Fwp%2Fv2%2Fportfolio_entries&post=1892"}],"curies":[{"name":"wp","href":"https:\/\/api.w.org\/{rel}","templated":true}]}}