{"id":2189,"date":"2014-10-25T12:00:48","date_gmt":"2014-10-25T12:00:48","guid":{"rendered":"http:\/\/www.palaestina-verein.de\/wp\/wordpress\/?portfolio=adpv-40-2"},"modified":"2014-10-25T12:00:48","modified_gmt":"2014-10-25T12:00:48","slug":"adpv-40","status":"publish","type":"portfolio","link":"https:\/\/www.palaestina-verein.de\/wp\/wordpress?portfolio=adpv-40&lang=fr","title":{"rendered":"ADPV 40"},"content":{"rendered":"<p><a href=\"https:\/\/www.palaestina-verein.de\/wp\/wordpress\/wp-content\/uploads\/adpv40-large.jpg\"><img loading=\"lazy\" decoding=\"async\" class=\"wp-image-1562 alignleft\" src=\"https:\/\/www.palaestina-verein.de\/wp\/wordpress\/wp-content\/uploads\/adpv40-large.jpg\" alt=\"adpv40_large\" width=\"137\" height=\"200\" \/><\/a><\/p>\n<p>T\u00fcrck, Verena<\/p>\n<h3>Christliche Pilgerfahrten nach Jerusalem im fr\u00fcheren Mittelalter im Spiegel der Pilgerberichte<\/h3>\n<p>Mit Jerusalem sind von jeher Erinnerungen an das Wirken Jesu Christi und Erwartungen an den J\u00fcngsten Tag verkn\u00fcpft, die die Stadt seit der Sp\u00e4tantike zu einem zentralen Pilgerort f\u00fcr das Christentum gemacht haben. Im Fr\u00fchmittelalter wuchs der Pilgerstrom nach Jerusalem an, erschwerte Reisebedingungen und zunehmende Endzeiterwartungen lie\u00dfen ihn jedoch 1095 in den ersten Kreuzzugsaufruf m\u00fcnden.<\/p>\n<p>Verena T\u00fcrk untersucht in ihrer Studie f\u00fcnf Pilgerberichte europ\u00e4ischer Christen aus der Zeit zwischen der Sp\u00e4tantike und den hochmittelalterlichen Kreuzz\u00fcgen. Diese Berichte erz\u00e4hlen von Strapazen des Wegs, von Handlungen und Begegnungen, aber auch von Natur und Kultur im Heiligen Land. Sie geben Einblick in das fr\u00fchmittelalterliche Pilgerwesen mit seinen existentiellen Gefahren und spirituellen Erlebnissen. Und sie zeigen die Pilger als neugierige und interessierte Reisende. Durch einen Vergleich der f\u00fcnf fr\u00fchmittelalterlichen Pilgerberichte werden Gemeinsamkeiten, Unterschiede und Charakteristika der dargestellten Pilgerreisen herausgearbeitet und in einen gr\u00f6\u00dferen historischen Zusammenhang eingebettet. Auf diese Weise leistet die Studie einen wichtigen Beitrag zur Erforschung der Zeitspanne zwischen dem Beginn des Pilgerwesens und dem Beginn der Kreuzzugsbewegung.<\/p>\n<p><a href=\"http:\/\/www.harrassowitz-verlag.de\/dzo\/artikel\/201\/004\/4070_201.pdf?t=1327408166\" target=\"_blank\">Inhaltsverzeichnis<\/a><\/p>\n<p>ISBN: 978-3-447-06636-5<\/p>\n<p>Erscheinungsjahr: 2011<\/p>\n<p>154 Seiten, 1 Abbildung(en), 1 Tabelle, 14 Karte(n) &#8211; 24,0 \u00d7 17,0 cm.<\/p>\n<p>44.00 Eur &#8211; <a href=\"http:\/\/www.harrassowitz-verlag.de\/title_4070.ahtml\" target=\"_blank\">Beim Verlag bestellen<\/a><\/p>\n","protected":false},"excerpt":{"rendered":"<p>T\u00fcrck, Verena: Christliche Pilgerfahrten nach Jerusalem im fr\u00fcheren Mittelalter im Spiegel der Pilgerberichte, 2011.<\/p>\n","protected":false},"author":6,"featured_media":0,"comment_status":"closed","ping_status":"closed","template":"","meta":{"_bbp_topic_count":0,"_bbp_reply_count":0,"_bbp_total_topic_count":0,"_bbp_total_reply_count":0,"_bbp_voice_count":0,"_bbp_anonymous_reply_count":0,"_bbp_topic_count_hidden":0,"_bbp_reply_count_hidden":0,"_bbp_forum_subforum_count":0,"footnotes":""},"tags":[],"portfolio_entries":[102],"class_list":["post-2189","portfolio","type-portfolio","status-publish","hentry","portfolio_entries-adpv"],"_links":{"self":[{"href":"https:\/\/www.palaestina-verein.de\/wp\/wordpress\/index.php?rest_route=\/wp\/v2\/portfolio\/2189","targetHints":{"allow":["GET"]}}],"collection":[{"href":"https:\/\/www.palaestina-verein.de\/wp\/wordpress\/index.php?rest_route=\/wp\/v2\/portfolio"}],"about":[{"href":"https:\/\/www.palaestina-verein.de\/wp\/wordpress\/index.php?rest_route=\/wp\/v2\/types\/portfolio"}],"author":[{"embeddable":true,"href":"https:\/\/www.palaestina-verein.de\/wp\/wordpress\/index.php?rest_route=\/wp\/v2\/users\/6"}],"replies":[{"embeddable":true,"href":"https:\/\/www.palaestina-verein.de\/wp\/wordpress\/index.php?rest_route=%2Fwp%2Fv2%2Fcomments&post=2189"}],"version-history":[{"count":0,"href":"https:\/\/www.palaestina-verein.de\/wp\/wordpress\/index.php?rest_route=\/wp\/v2\/portfolio\/2189\/revisions"}],"wp:attachment":[{"href":"https:\/\/www.palaestina-verein.de\/wp\/wordpress\/index.php?rest_route=%2Fwp%2Fv2%2Fmedia&parent=2189"}],"wp:term":[{"taxonomy":"post_tag","embeddable":true,"href":"https:\/\/www.palaestina-verein.de\/wp\/wordpress\/index.php?rest_route=%2Fwp%2Fv2%2Ftags&post=2189"},{"taxonomy":"portfolio_entries","embeddable":true,"href":"https:\/\/www.palaestina-verein.de\/wp\/wordpress\/index.php?rest_route=%2Fwp%2Fv2%2Fportfolio_entries&post=2189"}],"curies":[{"name":"wp","href":"https:\/\/api.w.org\/{rel}","templated":true}]}}